{"id":30220,"date":"2019-03-27T12:26:41","date_gmt":"2019-03-27T11:26:41","guid":{"rendered":"http:\/\/www.visitmalinska.com\/?page_id=30220"},"modified":"2025-11-20T15:33:20","modified_gmt":"2025-11-20T13:33:20","slug":"turisticka-zajednica-opcine-malinska-dubasnica","status":"publish","type":"page","link":"https:\/\/www.visitmalinska.com\/si\/","title":{"rendered":"Turisti\u010dna skupnost Ob\u010dine Malinska &#8211; Duba\u0161nica"},"content":{"rendered":"<p>[vc_row full_width=&#8221;stretch_row_content_no_spaces&#8221;][vc_column]<link href=\"https:\/\/fonts.googleapis.com\/css?family=Poppins:700%2C900%26subset%3Dlatin%2Clatin-ext%7CPacifico:400%7CRoboto:900\" rel=\"stylesheet\" property=\"stylesheet\" type=\"text\/css\" media=\"all\">\n<div id=\"rev_slider_15_1_wrapper\" class=\"rev_slider_wrapper fullwidthbanner-container\" data-source=\"gallery\" style=\"margin:0px auto;background:rgba(255,255,255,0);padding:0px;margin-top:0px;margin-bottom:0px;\">\n<!-- START REVOLUTION SLIDER 5.4.8.3 fullwidth mode -->\n\t<div id=\"rev_slider_15_1\" class=\"rev_slider fullwidthabanner\" style=\"display:none;\" data-version=\"5.4.8.3\">\n<ul>\t<!-- SLIDE  -->\n\t<li data-index=\"rs-44\" data-transition=\"random-premium\" data-slotamount=\"default\" data-hideafterloop=\"0\" data-hideslideonmobile=\"off\"  data-easein=\"default\" data-easeout=\"default\" data-masterspeed=\"default\"  data-thumb=\"https:\/\/www.visitmalinska.com\/wp-content\/uploads\/2019\/03\/slider-bg-01-100x50.jpg\"  data-delay=\"5000\"  data-rotate=\"0\"  data-saveperformance=\"off\"  data-title=\"Slide\" data-param1=\"\" data-param2=\"\" data-param3=\"\" data-param4=\"\" data-param5=\"\" data-param6=\"\" data-param7=\"\" data-param8=\"\" data-param9=\"\" data-param10=\"\" data-description=\"\">\n\t\t<!-- MAIN IMAGE -->\n\t\t<img loading=\"lazy\" decoding=\"async\" src=\"https:\/\/www.visitmalinska.com\/wp-content\/plugins\/revslider\/admin\/assets\/images\/dummy.png\"  alt=\"\" title=\"slider-bg-01\"  width=\"1664\" height=\"720\" data-lazyload=\"https:\/\/www.visitmalinska.com\/wp-content\/uploads\/2019\/03\/slider-bg-01.jpg\" data-bgposition=\"center center\" data-bgfit=\"cover\" data-bgrepeat=\"no-repeat\" class=\"rev-slidebg\" data-no-retina>\n\t\t<!-- LAYERS -->\n\n\t\t<!-- LAYER NR. 1 -->\n\t\t<div class=\"tp-caption   tp-resizeme\" \n\t\t\t id=\"slide-44-layer-2\" \n\t\t\t data-x=\"['left','left','left','center']\" data-hoffset=\"['150','150','100','0']\" \n\t\t\t data-y=\"['top','top','top','top']\" data-voffset=\"['350','350','450','350']\" \n\t\t\t\t\t\tdata-fontsize=\"['54','54','54','38']\"\n\t\t\tdata-fontweight=\"['700','700','900','900']\"\n\t\t\tdata-width=\"none\"\n\t\t\tdata-height=\"none\"\n\t\t\tdata-whitespace=\"nowrap\"\n \n\t\t\tdata-type=\"text\" \n\t\t\tdata-responsive_offset=\"on\" \n\n\t\t\tdata-frames='[{\"delay\":10,\"speed\":1000,\"frame\":\"0\",\"from\":\"y:top;\",\"to\":\"o:1;\",\"ease\":\"Power3.easeInOut\"},{\"delay\":\"wait\",\"speed\":300,\"frame\":\"999\",\"to\":\"opacity:0;\",\"ease\":\"Power3.easeInOut\"}]'\n\t\t\tdata-textAlign=\"['inherit','inherit','inherit','inherit']\"\n\t\t\tdata-paddingtop=\"[0,0,0,0]\"\n\t\t\tdata-paddingright=\"[0,0,0,0]\"\n\t\t\tdata-paddingbottom=\"[0,0,0,0]\"\n\t\t\tdata-paddingleft=\"[0,0,0,0]\"\n\n\t\t\tstyle=\"z-index: 5; white-space: nowrap; font-size: 54px; line-height: 72px; font-weight: 700; color: #ffffff; letter-spacing: 0px;font-family:Poppins;\">NARAVNO U\u017dIVANJE <\/div>\n\n\t\t<!-- LAYER NR. 2 -->\n\t\t<div class=\"tp-caption   tp-resizeme\" \n\t\t\t id=\"slide-44-layer-3\" \n\t\t\t data-x=\"['left','left','left','left']\" data-hoffset=\"['150','150','90','36']\" \n\t\t\t data-y=\"['top','top','top','top']\" data-voffset=\"['470','470','600','470']\" \n\t\t\t\t\t\tdata-lineheight=\"['54','54','54','50']\"\n\t\t\tdata-width=\"['560','560','642','349']\"\n\t\t\tdata-height=\"['114','114','113','114']\"\n\t\t\tdata-whitespace=\"normal\"\n \n\t\t\tdata-type=\"text\" \n\t\t\tdata-responsive_offset=\"on\" \n\n\t\t\tdata-frames='[{\"delay\":10,\"speed\":850,\"frame\":\"0\",\"from\":\"y:bottom;\",\"to\":\"o:1;\",\"ease\":\"Power3.easeInOut\"},{\"delay\":\"wait\",\"speed\":300,\"frame\":\"999\",\"to\":\"opacity:0;\",\"ease\":\"Power3.easeInOut\"}]'\n\t\t\tdata-textAlign=\"['inherit','inherit','inherit','inherit']\"\n\t\t\tdata-paddingtop=\"[0,0,0,0]\"\n\t\t\tdata-paddingright=\"[0,0,0,0]\"\n\t\t\tdata-paddingbottom=\"[0,0,0,0]\"\n\t\t\tdata-paddingleft=\"[0,0,0,0]\"\n\n\t\t\tstyle=\"z-index: 6; min-width: 560px; max-width: 560px; max-width: 114px; max-width: 114px; white-space: normal; font-size: 34px; line-height: 54px; font-weight: 400; color: #ffffff; letter-spacing: 0px;font-family:Pacifico;\">Do\u017eivite vse, o \u010demer ste sanjali za svoj dopust <\/div>\n\n\t\t<!-- LAYER NR. 3 -->\n\t\t<div class=\"tp-caption   tp-resizeme\" \n\t\t\t id=\"slide-44-layer-6\" \n\t\t\t data-x=\"['left','left','left','left']\" data-hoffset=\"['100','100','100','0']\" \n\t\t\t data-y=\"['top','top','top','top']\" data-voffset=\"['420','420','530','420']\" \n\t\t\t\t\t\tdata-width=\"none\"\n\t\t\tdata-height=\"none\"\n\t\t\tdata-whitespace=\"nowrap\"\n \n\t\t\tdata-type=\"image\" \n\t\t\tdata-responsive_offset=\"on\" \n\n\t\t\tdata-frames='[{\"delay\":10,\"speed\":1500,\"frame\":\"0\",\"from\":\"x:-200px;skX:85px;opacity:0;\",\"to\":\"o:1;\",\"ease\":\"Power3.easeInOut\"},{\"delay\":\"wait\",\"speed\":300,\"frame\":\"999\",\"to\":\"opacity:0;\",\"ease\":\"Power3.easeInOut\"}]'\n\t\t\tdata-textAlign=\"['inherit','inherit','inherit','inherit']\"\n\t\t\tdata-paddingtop=\"[0,0,0,0]\"\n\t\t\tdata-paddingright=\"[0,0,0,0]\"\n\t\t\tdata-paddingbottom=\"[0,0,0,0]\"\n\t\t\tdata-paddingleft=\"[0,0,0,0]\"\n\n\t\t\tstyle=\"z-index: 7;\"><img loading=\"lazy\" decoding=\"async\" src=\"https:\/\/www.visitmalinska.com\/wp-content\/plugins\/revslider\/admin\/assets\/images\/dummy.png\" alt=\"\" data-ww=\"['610px','610px','610px','472px']\" data-hh=\"['62px','62px','62px','48px']\" width=\"610\" height=\"62\" data-lazyload=\"https:\/\/www.visitmalinska.com\/wp-content\/uploads\/2019\/04\/val.png\" data-no-retina> <\/div>\n\t<\/li>\n\t<!-- SLIDE  -->\n\t<li data-index=\"rs-46\" data-transition=\"random-premium\" data-slotamount=\"default\" data-hideafterloop=\"0\" data-hideslideonmobile=\"on\"  data-easein=\"default\" data-easeout=\"default\" data-masterspeed=\"50\"  data-thumb=\"https:\/\/img.youtube.com\/vi\/CVVRrFRTXaE\/maxresdefault.jpg\"  data-delay=\"9000\"  data-rotate=\"0\"  data-saveperformance=\"off\"  data-title=\"Slide\" data-param1=\"\" data-param2=\"\" data-param3=\"\" data-param4=\"\" data-param5=\"\" data-param6=\"\" data-param7=\"\" data-param8=\"\" data-param9=\"\" data-param10=\"\" data-description=\"\">\n\t\t<!-- MAIN IMAGE -->\n\t\t<img decoding=\"async\" src=\"https:\/\/www.visitmalinska.com\/wp-content\/plugins\/revslider\/admin\/assets\/images\/dummy.png\"  alt=\"\" title=\"Turisti\u010dna skupnost Ob\u010dine Malinska &#8211; Duba\u0161nica\"  data-lazyload=\"https:\/\/img.youtube.com\/vi\/CVVRrFRTXaE\/maxresdefault.jpg\" data-bgposition=\"center center\" data-bgfit=\"cover\" class=\"rev-slidebg\" data-no-retina>\n\t\t<!-- LAYERS -->\n\n\t\t<!-- BACKGROUND VIDEO LAYER -->\n\t\t<div class=\"rs-background-video-layer\" \n\t\t\tdata-forcerewind=\"on\" \n\t\t\tdata-volume=\"mute\" \n\t\t\tdata-ytid=\"Z900te0gJCQ\" \n\t\t\tdata-videoattributes=\"version=3&amp;enablejsapi=1&amp;html5=1&amp;hd=1&wmode=opaque&showinfo=0&rel=0&version=3&loop=1&playlist=Z900te0gJCQ;;origin=https:\/\/www.visitmalinska.com;\" \n\t\t\tdata-videorate=\"1\" \n\t\t\tdata-videowidth=\"100%\" \n\t\t\tdata-videoheight=\"100%\" \n\t\t\tdata-videocontrols=\"none\" \n\t\t\tdata-videostartat=\"00:01\" \n\t\t\tdata-videoloop=\"loopandnoslidestop\" \n\t\t\tdata-aspectratio=\"16:9\" \n\t\t\tdata-autoplay=\"true\" \n\t\t\tdata-autoplayonlyfirsttime=\"false\" \n\t\t\tdata-nextslideatend=\"true\" \n><\/div>\n\t\t<!-- LAYER NR. 4 -->\n\t\t<div class=\"tp-caption   tp-resizeme\" \n\t\t\t id=\"slide-46-layer-2\" \n\t\t\t data-x=\"['left','left','left','left']\" data-hoffset=\"['150','150','150','150']\" \n\t\t\t data-y=\"['top','top','top','top']\" data-voffset=\"['90','90','90','90']\" \n\t\t\t\t\t\tdata-width=\"none\"\n\t\t\tdata-height=\"none\"\n\t\t\tdata-whitespace=\"nowrap\"\n \n\t\t\tdata-type=\"text\" \n\t\t\tdata-responsive_offset=\"on\" \n\n\t\t\tdata-frames='[{\"delay\":10,\"speed\":1000,\"frame\":\"0\",\"from\":\"y:top;\",\"to\":\"o:1;\",\"ease\":\"Power3.easeInOut\"},{\"delay\":\"wait\",\"speed\":300,\"frame\":\"999\",\"to\":\"opacity:0;\",\"ease\":\"Power3.easeInOut\"}]'\n\t\t\tdata-textAlign=\"['inherit','inherit','inherit','inherit']\"\n\t\t\tdata-paddingtop=\"[0,0,0,0]\"\n\t\t\tdata-paddingright=\"[0,0,0,0]\"\n\t\t\tdata-paddingbottom=\"[0,0,0,0]\"\n\t\t\tdata-paddingleft=\"[0,0,0,0]\"\n\n\t\t\tstyle=\"z-index: 5; white-space: nowrap; font-size: 54px; line-height: 72px; font-weight: 700; color: #ffffff; letter-spacing: 0px;font-family:Poppins;\">MALINSKA ZA VSE <\/div>\n\n\t\t<!-- LAYER NR. 5 -->\n\t\t<div class=\"tp-caption   tp-resizeme\" \n\t\t\t id=\"slide-46-layer-3\" \n\t\t\t data-x=\"['left','left','left','left']\" data-hoffset=\"['150','150','150','150']\" \n\t\t\t data-y=\"['top','top','top','top']\" data-voffset=\"['210','210','210','210']\" \n\t\t\t\t\t\tdata-width=\"540\"\n\t\t\tdata-height=\"none\"\n\t\t\tdata-whitespace=\"normal\"\n \n\t\t\tdata-type=\"text\" \n\t\t\tdata-responsive_offset=\"on\" \n\n\t\t\tdata-frames='[{\"delay\":10,\"speed\":850,\"frame\":\"0\",\"from\":\"y:bottom;\",\"to\":\"o:1;\",\"ease\":\"Power3.easeInOut\"},{\"delay\":\"wait\",\"speed\":300,\"frame\":\"999\",\"to\":\"opacity:0;\",\"ease\":\"Power3.easeInOut\"}]'\n\t\t\tdata-textAlign=\"['inherit','inherit','inherit','inherit']\"\n\t\t\tdata-paddingtop=\"[0,0,0,0]\"\n\t\t\tdata-paddingright=\"[0,0,0,0]\"\n\t\t\tdata-paddingbottom=\"[0,0,0,0]\"\n\t\t\tdata-paddingleft=\"[0,0,0,0]\"\n\n\t\t\tstyle=\"z-index: 6; min-width: 540px; max-width: 540px; white-space: normal; font-size: 34px; line-height: 54px; font-weight: 400; color: #ffffff; letter-spacing: 0px;font-family:Pacifico;\">Smaragdno modro morje, borovci in vetri\u010d maestral <\/div>\n\n\t\t<!-- LAYER NR. 6 -->\n\t\t<div class=\"tp-caption   tp-resizeme\" \n\t\t\t id=\"slide-46-layer-4\" \n\t\t\t data-x=\"['left','left','left','left']\" data-hoffset=\"['100','100','100','100']\" \n\t\t\t data-y=\"['top','top','top','top']\" data-voffset=\"['160','160','160','160']\" \n\t\t\t\t\t\tdata-width=\"none\"\n\t\t\tdata-height=\"none\"\n\t\t\tdata-whitespace=\"normal\"\n \n\t\t\tdata-type=\"image\" \n\t\t\tdata-responsive_offset=\"on\" \n\n\t\t\tdata-frames='[{\"delay\":10,\"speed\":1500,\"frame\":\"0\",\"from\":\"x:-200px;skX:85px;opacity:0;\",\"to\":\"o:1;\",\"ease\":\"Power3.easeInOut\"},{\"delay\":\"wait\",\"speed\":300,\"frame\":\"999\",\"to\":\"opacity:0;\",\"ease\":\"Power3.easeInOut\"}]'\n\t\t\tdata-textAlign=\"['inherit','inherit','inherit','inherit']\"\n\t\t\tdata-paddingtop=\"[0,0,0,0]\"\n\t\t\tdata-paddingright=\"[0,0,0,0]\"\n\t\t\tdata-paddingbottom=\"[0,0,0,0]\"\n\t\t\tdata-paddingleft=\"[0,0,0,0]\"\n\n\t\t\tstyle=\"z-index: 7;\"><img loading=\"lazy\" decoding=\"async\" src=\"https:\/\/www.visitmalinska.com\/wp-content\/plugins\/revslider\/admin\/assets\/images\/dummy.png\" alt=\"\" data-ww=\"['610px','610px','610px','610px']\" data-hh=\"['62px','62px','62px','62px']\" width=\"610\" height=\"62\" data-lazyload=\"https:\/\/www.visitmalinska.com\/wp-content\/uploads\/2019\/04\/val.png\" data-no-retina> <\/div>\n\t<\/li>\n\t<!-- SLIDE  -->\n\t<li data-index=\"rs-45\" data-transition=\"random-premium\" data-slotamount=\"default\" data-hideafterloop=\"0\" data-hideslideonmobile=\"off\"  data-easein=\"default\" data-easeout=\"default\" data-masterspeed=\"default\"  data-thumb=\"https:\/\/www.visitmalinska.com\/wp-content\/uploads\/2019\/04\/slider-bg-07-100x50.jpg\"  data-rotate=\"0\"  data-saveperformance=\"off\"  data-title=\"Slide\" data-param1=\"\" data-param2=\"\" data-param3=\"\" data-param4=\"\" data-param5=\"\" data-param6=\"\" data-param7=\"\" data-param8=\"\" data-param9=\"\" data-param10=\"\" data-description=\"\">\n\t\t<!-- MAIN IMAGE -->\n\t\t<img loading=\"lazy\" decoding=\"async\" src=\"https:\/\/www.visitmalinska.com\/wp-content\/plugins\/revslider\/admin\/assets\/images\/dummy.png\"  alt=\"\" title=\"slider-bg-07\"  width=\"1664\" height=\"720\" data-lazyload=\"https:\/\/www.visitmalinska.com\/wp-content\/uploads\/2019\/04\/slider-bg-07.jpg\" data-bgposition=\"center center\" data-bgfit=\"cover\" data-bgrepeat=\"no-repeat\" class=\"rev-slidebg\" data-no-retina>\n\t\t<!-- LAYERS -->\n\n\t\t<!-- LAYER NR. 7 -->\n\t\t<div class=\"tp-caption   tp-resizeme\" \n\t\t\t id=\"slide-45-layer-6\" \n\t\t\t data-x=\"['center','center','center','center']\" data-hoffset=\"['-300','-300','-300','-300']\" \n\t\t\t data-y=\"['top','top','top','top']\" data-voffset=\"['0','0','0','0']\" \n\t\t\t\t\t\tdata-width=\"none\"\n\t\t\tdata-height=\"none\"\n\t\t\tdata-whitespace=\"nowrap\"\n\t\t\tdata-visibility=\"['off','off','off','on']\"\n \n\t\t\tdata-type=\"image\" \n\t\t\tdata-responsive_offset=\"on\" \n\n\t\t\tdata-frames='[{\"delay\":10,\"speed\":300,\"frame\":\"0\",\"from\":\"opacity:0;\",\"to\":\"o:1;\",\"ease\":\"Power3.easeInOut\"},{\"delay\":\"wait\",\"speed\":300,\"frame\":\"999\",\"to\":\"opacity:0;\",\"ease\":\"Power3.easeInOut\"}]'\n\t\t\tdata-textAlign=\"['inherit','inherit','inherit','inherit']\"\n\t\t\tdata-paddingtop=\"[0,0,0,0]\"\n\t\t\tdata-paddingright=\"[0,0,0,0]\"\n\t\t\tdata-paddingbottom=\"[0,0,0,0]\"\n\t\t\tdata-paddingleft=\"[0,0,0,0]\"\n\n\t\t\tstyle=\"z-index: 5;\"><img loading=\"lazy\" decoding=\"async\" src=\"https:\/\/www.visitmalinska.com\/wp-content\/plugins\/revslider\/admin\/assets\/images\/dummy.png\" alt=\"\" data-ww=\"['1664px','1664px','1664px','1664px']\" data-hh=\"['720px','720px','720px','720px']\" width=\"1664\" height=\"720\" data-lazyload=\"https:\/\/www.visitmalinska.com\/wp-content\/uploads\/2019\/04\/slider-bg-07.jpg\" data-no-retina> <\/div>\n\n\t\t<!-- LAYER NR. 8 -->\n\t\t<div class=\"tp-caption   tp-resizeme\" \n\t\t\t id=\"slide-45-layer-2\" \n\t\t\t data-x=\"['left','left','left','left']\" data-hoffset=\"['1000','1000','150','60']\" \n\t\t\t data-y=\"['top','top','top','top']\" data-voffset=\"['350','350','670','350']\" \n\t\t\t\t\t\tdata-fontsize=\"['54','54','54','42']\"\n\t\t\tdata-fontweight=\"['700','700','900','900']\"\n\t\t\tdata-width=\"none\"\n\t\t\tdata-height=\"none\"\n\t\t\tdata-whitespace=\"nowrap\"\n \n\t\t\tdata-type=\"text\" \n\t\t\tdata-responsive_offset=\"on\" \n\n\t\t\tdata-frames='[{\"delay\":10,\"speed\":1000,\"frame\":\"0\",\"from\":\"y:top;\",\"to\":\"o:1;\",\"ease\":\"Power3.easeInOut\"},{\"delay\":\"wait\",\"speed\":300,\"frame\":\"999\",\"to\":\"opacity:0;\",\"ease\":\"Power3.easeInOut\"}]'\n\t\t\tdata-textAlign=\"['inherit','inherit','inherit','inherit']\"\n\t\t\tdata-paddingtop=\"[0,0,0,0]\"\n\t\t\tdata-paddingright=\"[0,0,0,0]\"\n\t\t\tdata-paddingbottom=\"[0,0,0,0]\"\n\t\t\tdata-paddingleft=\"[0,0,0,0]\"\n\n\t\t\tstyle=\"z-index: 6; white-space: nowrap; font-size: 54px; line-height: 72px; font-weight: 700; color: #ffffff; letter-spacing: 0px;font-family:Poppins;\">\u0160PORT IN ZABAVA <\/div>\n\n\t\t<!-- LAYER NR. 9 -->\n\t\t<div class=\"tp-caption   tp-resizeme\" \n\t\t\t id=\"slide-45-layer-3\" \n\t\t\t data-x=\"['left','left','left','center']\" data-hoffset=\"['1000','1000','120','0']\" \n\t\t\t data-y=\"['top','top','top','top']\" data-voffset=\"['470','470','820','470']\" \n\t\t\t\t\t\tdata-lineheight=\"['54','54','54','50']\"\n\t\t\tdata-width=\"['535','535','583','351']\"\n\t\t\tdata-height=\"['113','113','112','152']\"\n\t\t\tdata-whitespace=\"normal\"\n \n\t\t\tdata-type=\"text\" \n\t\t\tdata-responsive_offset=\"on\" \n\n\t\t\tdata-frames='[{\"delay\":10,\"speed\":850,\"frame\":\"0\",\"from\":\"y:bottom;\",\"to\":\"o:1;\",\"ease\":\"Power3.easeInOut\"},{\"delay\":\"wait\",\"speed\":300,\"frame\":\"999\",\"to\":\"opacity:0;\",\"ease\":\"Power3.easeInOut\"}]'\n\t\t\tdata-textAlign=\"['inherit','inherit','inherit','inherit']\"\n\t\t\tdata-paddingtop=\"[0,0,0,0]\"\n\t\t\tdata-paddingright=\"[0,0,0,0]\"\n\t\t\tdata-paddingbottom=\"[0,0,0,0]\"\n\t\t\tdata-paddingleft=\"[0,0,0,0]\"\n\n\t\t\tstyle=\"z-index: 7; min-width: 535px; max-width: 535px; max-width: 113px; max-width: 113px; white-space: normal; font-size: 34px; line-height: 54px; font-weight: 400; color: #ffffff; letter-spacing: 0px;font-family:Pacifico;\">Biser otoka Krka in Kvarnerske riviere <\/div>\n\n\t\t<!-- LAYER NR. 10 -->\n\t\t<div class=\"tp-caption   tp-resizeme\" \n\t\t\t id=\"slide-45-layer-4\" \n\t\t\t data-x=\"['left','left','left','left']\" data-hoffset=\"['950','950','100','0']\" \n\t\t\t data-y=\"['top','top','top','top']\" data-voffset=\"['420','420','750','420']\" \n\t\t\t\t\t\tdata-width=\"none\"\n\t\t\tdata-height=\"none\"\n\t\t\tdata-whitespace=\"nowrap\"\n \n\t\t\tdata-type=\"image\" \n\t\t\tdata-responsive_offset=\"on\" \n\n\t\t\tdata-frames='[{\"delay\":10,\"speed\":1500,\"frame\":\"0\",\"from\":\"x:200px;skX:-85px;opacity:0;\",\"to\":\"o:1;\",\"ease\":\"Power3.easeInOut\"},{\"delay\":\"wait\",\"speed\":300,\"frame\":\"999\",\"to\":\"opacity:0;\",\"ease\":\"Power3.easeInOut\"}]'\n\t\t\tdata-textAlign=\"['inherit','inherit','inherit','inherit']\"\n\t\t\tdata-paddingtop=\"[0,0,0,0]\"\n\t\t\tdata-paddingright=\"[0,0,0,0]\"\n\t\t\tdata-paddingbottom=\"[0,0,0,0]\"\n\t\t\tdata-paddingleft=\"[0,0,0,0]\"\n\n\t\t\tstyle=\"z-index: 8;\"><img loading=\"lazy\" decoding=\"async\" src=\"https:\/\/www.visitmalinska.com\/wp-content\/plugins\/revslider\/admin\/assets\/images\/dummy.png\" alt=\"\" data-ww=\"['610px','610px','610px','472px']\" data-hh=\"['62px','62px','62px','48px']\" width=\"610\" height=\"62\" data-lazyload=\"https:\/\/www.visitmalinska.com\/wp-content\/uploads\/2019\/04\/val.png\" data-no-retina> <\/div>\n\t<\/li>\n<\/ul>\n<div style=\"\" class=\"tp-static-layers\">\n\n\t\t<!-- LAYER NR. 11 -->\n\t\t<div class=\"tp-caption rev-btn rev-hiddenicon  tp-static-layer\" \n\t\t\t id=\"slider-15-layer-8\" \n\t\t\t data-x=\"['right','right','right','right']\" data-hoffset=\"['-40','-40','40','40']\" \n\t\t\t data-y=\"['top','top','top','top']\" data-voffset=\"['40','40','40','40']\" \n\t\t\t\t\t\tdata-width=\"none\"\n\t\t\tdata-height=\"none\"\n\t\t\tdata-whitespace=\"nowrap\"\n \n\t\t\tdata-type=\"button\" \n\t\t\tdata-actions='[{\"event\":\"click\",\"action\":\"simplelink\",\"target\":\"_blank\",\"url\":\"http:\\\/\\\/360.krk.hr\\\/?s=pano4769&v=3&h=28&f=90&tour_language=en\",\"delay\":\"\"}]'\n\t\t\tdata-responsive_offset=\"on\" \n\t\t\tdata-responsive=\"off\"\n\t\t\tdata-startslide=\"0\" \n\t\t\tdata-endslide=\"2\" \n\t\t\tdata-frames='[{\"delay\":10,\"speed\":300,\"frame\":\"0\",\"from\":\"opacity:0;\",\"to\":\"o:1;\",\"ease\":\"Power3.easeInOut\"},{\"delay\":\"wait\",\"speed\":300,\"frame\":\"999\",\"to\":\"opacity:0;\",\"ease\":\"Power3.easeInOut\"},{\"frame\":\"hover\",\"speed\":\"0\",\"ease\":\"Linear.easeNone\",\"to\":\"o:1;rX:0;rY:0;rZ:0;z:0;\",\"style\":\"c:rgb(255,255,255);bg:rgb(26,187,241);bs:solid;bw:0 0 0 0;\"}]'\n\t\t\tdata-textAlign=\"['inherit','inherit','inherit','inherit']\"\n\t\t\tdata-paddingtop=\"[7,7,7,7]\"\n\t\t\tdata-paddingright=\"[20,20,20,20]\"\n\t\t\tdata-paddingbottom=\"[7,7,7,7]\"\n\t\t\tdata-paddingleft=\"[20,20,20,20]\"\n\n\t\t\tstyle=\"z-index: 15; white-space: nowrap; font-size: 12px; line-height: 12px; font-weight: 900; color: rgba(255,255,255,1); letter-spacing: px;font-family:Roboto;text-transform:uppercase;background-color:rgb(28,140,206);border-color:rgba(0,0,0,1);border-radius:6px 6px 6px 6px;outline:none;box-shadow:none;box-sizing:border-box;-moz-box-sizing:border-box;-webkit-box-sizing:border-box;letter-spacing:1px;cursor:pointer;\">Malinska 360\u00b0 <i class=\"pe-7s-look\"><\/i> <\/div>\n<\/div>\n<script>var htmlDiv = document.getElementById(\"rs-plugin-settings-inline-css\"); var htmlDivCss=\"\";\r\n\t\t\t\t\t\tif(htmlDiv) {\r\n\t\t\t\t\t\t\thtmlDiv.innerHTML = htmlDiv.innerHTML + htmlDivCss;\r\n\t\t\t\t\t\t}else{\r\n\t\t\t\t\t\t\tvar htmlDiv = document.createElement(\"div\");\r\n\t\t\t\t\t\t\thtmlDiv.innerHTML = \"<style>\" + htmlDivCss + \"<\/style>\";\r\n\t\t\t\t\t\t\tdocument.getElementsByTagName(\"head\")[0].appendChild(htmlDiv.childNodes[0]);\r\n\t\t\t\t\t\t}\r\n\t\t\t\t\t<\/script>\n<div class=\"tp-bannertimer\" style=\"height: 2px; background: rgba(0,0,0,0.15);\"><\/div>\t<\/div>\n<script>var htmlDiv = document.getElementById(\"rs-plugin-settings-inline-css\"); var htmlDivCss=\"\";\r\n\t\t\t\tif(htmlDiv) {\r\n\t\t\t\t\thtmlDiv.innerHTML = htmlDiv.innerHTML + htmlDivCss;\r\n\t\t\t\t}else{\r\n\t\t\t\t\tvar htmlDiv = document.createElement(\"div\");\r\n\t\t\t\t\thtmlDiv.innerHTML = \"<style>\" + htmlDivCss + \"<\/style>\";\r\n\t\t\t\t\tdocument.getElementsByTagName(\"head\")[0].appendChild(htmlDiv.childNodes[0]);\r\n\t\t\t\t}\r\n\t\t\t<\/script>\n\t\t<script type=\"text\/javascript\">\r\nif (setREVStartSize!==undefined) setREVStartSize(\r\n\t{c: '#rev_slider_15_1', responsiveLevels: [1240,1240,778,480], gridwidth: [1664,1664,778,480], gridheight: [598,598,960,720], sliderLayout: 'fullwidth'});\r\n\t\t\t\r\nvar revapi15,\r\n\ttpj;\t\r\n(function() {\t\t\t\r\n\tif (!\/loaded|interactive|complete\/.test(document.readyState)) document.addEventListener(\"DOMContentLoaded\",onLoad); else onLoad();\t\r\n\tfunction onLoad() {\t\t\t\t\r\n\t\tif (tpj===undefined) { tpj = jQuery; if(\"off\" == \"on\") tpj.noConflict();}\r\n\tif(tpj(\"#rev_slider_15_1\").revolution == undefined){\n\t\trevslider_showDoubleJqueryError(\"#rev_slider_15_1\");\n\t}else{\n\t\trevapi15 = tpj(\"#rev_slider_15_1\").show().revolution({\n\t\t\tsliderType:\"standard\",\n\t\t\tjsFileLocation:\"\/\/www.visitmalinska.com\/wp-content\/plugins\/revslider\/public\/assets\/js\/\",\n\t\t\tsliderLayout:\"fullwidth\",\n\t\t\tdottedOverlay:\"none\",\n\t\t\tdelay:5000,\n\t\t\tnavigation: {\n\t\t\t\tkeyboardNavigation:\"off\",\n\t\t\t\tkeyboard_direction: \"horizontal\",\n\t\t\t\tmouseScrollNavigation:\"off\",\n \t\t\t\t\t\t\tmouseScrollReverse:\"default\",\n\t\t\t\tonHoverStop:\"off\",\n\t\t\t\ttouch:{\n\t\t\t\t\ttouchenabled:\"on\",\n\t\t\t\t\ttouchOnDesktop:\"on\",\n\t\t\t\t\tswipe_threshold: 75,\n\t\t\t\t\tswipe_min_touches: 1,\n\t\t\t\t\tswipe_direction: \"horizontal\",\n\t\t\t\t\tdrag_block_vertical: false\n\t\t\t\t}\n\t\t\t\t,\n\t\t\t\tbullets: {\n\t\t\t\t\tenable:true,\n\t\t\t\t\thide_onmobile:false,\n\t\t\t\t\tstyle:\"hermes\",\n\t\t\t\t\thide_onleave:false,\n\t\t\t\t\tdirection:\"horizontal\",\n\t\t\t\t\th_align:\"center\",\n\t\t\t\t\tv_align:\"bottom\",\n\t\t\t\t\th_offset:0,\n\t\t\t\t\tv_offset:20,\n\t\t\t\t\tspace:5,\n\t\t\t\t\ttmp:''\n\t\t\t\t}\n\t\t\t},\n\t\t\tresponsiveLevels:[1240,1240,778,480],\n\t\t\tvisibilityLevels:[1240,1240,778,480],\n\t\t\tgridwidth:[1664,1664,778,480],\n\t\t\tgridheight:[598,598,960,720],\n\t\t\tlazyType:\"smart\",\n\t\t\tshadow:0,\n\t\t\tspinner:\"spinner3\",\n\t\t\tstopLoop:\"off\",\n\t\t\tstopAfterLoops:-1,\n\t\t\tstopAtSlide:-1,\n\t\t\tshuffle:\"off\",\n\t\t\tautoHeight:\"off\",\n\t\t\thideThumbsOnMobile:\"off\",\n\t\t\thideSliderAtLimit:0,\n\t\t\thideCaptionAtLimit:0,\n\t\t\thideAllCaptionAtLilmit:0,\n\t\t\tdebugMode:false,\n\t\t\tfallbacks: {\n\t\t\t\tsimplifyAll:\"off\",\n\t\t\t\tnextSlideOnWindowFocus:\"off\",\n\t\t\t\tdisableFocusListener:false,\n\t\t\t}\n\t\t});\n\t}; \/* END OF revapi call *\/\n\t\n }; \/* END OF ON LOAD FUNCTION *\/\r\n}()); \/* END OF WRAPPING FUNCTION *\/\r\n<\/script>\r\n\t\t<script>\r\n\t\t\t\t\tvar htmlDivCss = '\t#rev_slider_15_1_wrapper .tp-loader.spinner3 div { background-color: #1c8cce !important; } ';\r\n\t\t\t\t\tvar htmlDiv = document.getElementById('rs-plugin-settings-inline-css');\r\n\t\t\t\t\tif(htmlDiv) {\r\n\t\t\t\t\t\thtmlDiv.innerHTML = htmlDiv.innerHTML + htmlDivCss;\r\n\t\t\t\t\t}\r\n\t\t\t\t\telse{\r\n\t\t\t\t\t\tvar htmlDiv = document.createElement('div');\r\n\t\t\t\t\t\thtmlDiv.innerHTML = '<style>' + htmlDivCss + '<\/style>';\r\n\t\t\t\t\t\tdocument.getElementsByTagName('head')[0].appendChild(htmlDiv.childNodes[0]);\r\n\t\t\t\t\t}\r\n\t\t\t\t\t<\/script>\r\n\t\t\t\t\t<script>\r\n\t\t\t\t\tvar htmlDivCss = unescape(\".hermes.tp-bullets%20%7B%0A%7D%0A%0A.hermes%20.tp-bullet%20%7B%0A%20%20%20%20overflow%3Ahidden%3B%0A%20%20%20%20border-radius%3A50%25%3B%0A%20%20%20%20width%3A16px%3B%0A%20%20%20%20height%3A16px%3B%0A%20%20%20%20background-color%3A%20rgba%280%2C%200%2C%200%2C%200%29%3B%0A%20%20%20%20box-shadow%3A%20inset%200%200%200%202px%20rgb%28255%2C%20255%2C%20255%29%3B%0A%20%20%20%20-webkit-transition%3A%20background%200.3s%20ease%3B%0A%20%20%20%20transition%3A%20background%200.3s%20ease%3B%0A%20%20%20%20position%3Aabsolute%3B%0A%7D%0A%0A.hermes%20.tp-bullet%3Ahover%20%7B%0A%09%20%20background-color%3A%20rgba%280%2C0%2C0%2C0.21%29%3B%0A%7D%0A.hermes%20.tp-bullet%3Aafter%20%7B%0A%20%20content%3A%20%27%20%27%3B%0A%20%20position%3A%20absolute%3B%0A%20%20bottom%3A%200%3B%0A%20%20height%3A%200%3B%0A%20%20left%3A%200%3B%0A%20%20width%3A%20100%25%3B%0A%20%20background-color%3A%20rgb%28255%2C%20255%2C%20255%29%3B%0A%20%20box-shadow%3A%200%200%201px%20rgb%28255%2C%20255%2C%20255%29%3B%0A%20%20-webkit-transition%3A%20height%200.3s%20ease%3B%0A%20%20transition%3A%20height%200.3s%20ease%3B%0A%7D%0A.hermes%20.tp-bullet.selected%3Aafter%20%7B%0A%20%20height%3A100%25%3B%0A%7D%0A%0A\");\r\n\t\t\t\t\tvar htmlDiv = document.getElementById('rs-plugin-settings-inline-css');\r\n\t\t\t\t\tif(htmlDiv) {\r\n\t\t\t\t\t\thtmlDiv.innerHTML = htmlDiv.innerHTML + htmlDivCss;\r\n\t\t\t\t\t}\r\n\t\t\t\t\telse{\r\n\t\t\t\t\t\tvar htmlDiv = document.createElement('div');\r\n\t\t\t\t\t\thtmlDiv.innerHTML = '<style>' + htmlDivCss + '<\/style>';\r\n\t\t\t\t\t\tdocument.getElementsByTagName('head')[0].appendChild(htmlDiv.childNodes[0]);\r\n\t\t\t\t\t}\r\n\t\t\t\t  <\/script>\r\n\t\t\t\t<\/div><!-- END REVOLUTION SLIDER -->[\/vc_column][\/vc_row][vc_row][vc_column]<div id=\"fullwidth-block-69f3a2c75ee77\" class=\"fullwidth-block clearfix\"  style=\"color: #ffffff;background-color: #1abbf1;\"><script type=\"text\/javascript\">if (typeof(gem_fix_fullwidth_position) == \"function\") { gem_fix_fullwidth_position(document.getElementById(\"fullwidth-block-69f3a2c75ee77\")); }<\/script><div class=\"fullwidth-block-inner\"><div class=\"container\">[vc_row_inner][vc_column_inner css=&#8221;.vc_custom_1554449084742{padding-top: 50px !important;padding-bottom: 50px !important;}&#8221;][vc_column_text]<\/p>\n<div class=\"title-h1\" style=\"text-align: center;\"><span style=\"color: #ffffff;\">DOBRODO\u0160LI V MALINSKI<\/span><\/div>\n<p>[\/vc_column_text][vc_column_text]<\/p>\n<div class=\"styled-subtitle\" style=\"text-align: center;\">\u010cisti u\u017eitek nepozabnih po\u010ditnic \u017ee ve\u010d kot stoletje lahko do\u017eivite v biseru otoka Krka in Kvarnerske riviere.<\/div>\n<p>[\/vc_column_text][\/vc_column_inner][\/vc_row_inner]<\/div><\/div><div class=\"fullwidth-bottom-marker marker-direction-outside\"><svg width=\"140\" height=\"70\" style=\"fill: #1abbf1\"><path d=\"M 0,0 Q 65,5 70,70 Q 75,5 140,0\" \/><\/svg><\/div><\/div>[\/vc_column][\/vc_row][vc_row full_width=&#8221;stretch_row&#8221; css=&#8221;.vc_custom_1554472421815{padding-top: 100px !important;padding-bottom: 50px !important;}&#8221;][vc_column]<div id=\"fullwidth-block-69f3a2c75eebd\" class=\"fullwidth-block clearfix\"  style=\"\"><script type=\"text\/javascript\">if (typeof(gem_fix_fullwidth_position) == \"function\") { gem_fix_fullwidth_position(document.getElementById(\"fullwidth-block-69f3a2c75eebd\")); }<\/script><div class=\"fullwidth-block-inner\">[vc_row_inner css=&#8221;.vc_custom_1554472381940{padding-right: 20px !important;padding-left: 20px !important;}&#8221;][vc_column_inner][vc_basic_grid post_type=&#8221;ids&#8221; item=&#8221;theGem_mediaGrid_3&#8243; initial_loading_animation=&#8221;none&#8221; grid_id=&#8221;vc_gid:1763645497883-e015caa4-a97f-8&#8243; include=&#8221;30665, 30118, 30187, 30120, 30124, 30100&#8243; el_class=&#8221;homepage_grid&#8221;][\/vc_column_inner][\/vc_row_inner]<\/div><\/div>[\/vc_column][\/vc_row][vc_row][vc_column]<div id=\"fullwidth-block-69f3a2c75eee7\" class=\"fullwidth-block clearfix\"  style=\"color: #ffffff;background-color: #1c8cce;\"><script type=\"text\/javascript\">if (typeof(gem_fix_fullwidth_position) == \"function\") { gem_fix_fullwidth_position(document.getElementById(\"fullwidth-block-69f3a2c75eee7\")); }<\/script><div class=\"fullwidth-block-inner\"><div class=\"container\">[vc_row_inner][vc_column_inner css=&#8221;.vc_custom_1554454360938{padding-top: 50px !important;padding-bottom: 50px !important;}&#8221;][vc_column_text]<\/p>\n<h1 style=\"text-align: center;\"><a href=\"http:\/\/www.visitmalinska.com\/zabavna-malinska\/kalendar-dogadanja\/\"><span style=\"color: #ffffff;\">KALENDAR DOGODKOV<\/span><\/a><\/h1>\n<p>[\/vc_column_text][vc_column_text]<\/p>\n<div class=\"small-body styled-subtitle\" style=\"text-align: center;\"><span style=\"color: #ffffff;\">Prihajajo\u010di dogodki iz Malinske in okolice.<\/span><\/div>\n<p>[\/vc_column_text][\/vc_column_inner][\/vc_row_inner]<\/div><\/div><div class=\"fullwidth-bottom-marker marker-direction-outside\"><svg width=\"140\" height=\"70\" style=\"fill: #1c8cce\"><path d=\"M 0,0 Q 65,5 70,70 Q 75,5 140,0\" \/><\/svg><\/div><\/div>[\/vc_column][\/vc_row][vc_row css=&#8221;.vc_custom_1567689990553{background-color: #ffffff !important;}&#8221;][vc_column]<div id=\"fullwidth-block-69f3a2c75ef26\" class=\"fullwidth-block clearfix\"  style=\"\"><script type=\"text\/javascript\">if (typeof(gem_fix_fullwidth_position) == \"function\") { gem_fix_fullwidth_position(document.getElementById(\"fullwidth-block-69f3a2c75ef26\")); }<\/script><div class=\"fullwidth-block-inner\"><div class=\"container\">[vc_row_inner][vc_column_inner width=&#8221;3\/4&#8243;]<div class=\"quickfinder quickfinder-style-vertical-1 quickfinder-style-vertical quickfinder-icon-position-top quickfinder-alignment-center quickfinder-title-bold\"><div id=\"post-31274\" class=\"quickfinder-item odd quickfinder-item-effect-image-scale large post-31274 thegem_qf_item type-thegem_qf_item status-publish has-post-thumbnail\"> <div class=\"quickfinder-item-info-wrapper\"> <svg class=\"qf-svg-arrow-right\" viewBox=\"0 0 50 100\"> <use xlink:href=\"https:\/\/www.visitmalinska.com\/wp-content\/themes\/tzo-malinska-dubasnica\/css\/post-arrow.svg#dec-post-arrow\"><\/use> <\/svg> <div class=\"connector-top\" style=\"border-color: #b6c6c9; right: -81.5px;\"> <\/div> <div class=\"connector-bot\" style=\"border-color: #b6c6c9; right: -81.5px;\"> <\/div> <div class=\"quickfinder-item-info \"> <div style=\"display: block; min-height: 250px;\"> <div class=\"quickfinder-item-title\" style=\"color: rgb(76, 88, 103);\">Proljetni predah u Malinskoj<\/div> <div class=\"quickfinder-item-text\" style=\"color: rgb(95, 114, 127);\">17.04.2026. 18:00 - 10.05.2026. 12:00<br>Malinska, Interpretacijski centar maritimne ba\u0161tine &#8211; DUBoak<\/div> <\/div> <\/div> <a href=\"https:\/\/krkevents.com\/dogadjanje\/proljetni-predah-u-malinskoj\/\" target=\"_blank\" class=\"quickfinder-item-link\"><\/a> <\/div> <div class=\"quickfinder-item-image\"> <div class=\"quickfinder-item-image-content\"> <div class=\"quickfinder-item-image-wrapper quickfinder-item-picture quickfinder-item-image-shape-circle\" style=\"box-shadow: 0 0 0 3px #ffffff, 0 0 0 6px #b6c6c9;\"> <img loading=\"lazy\" decoding=\"async\" src=\"https:\/\/www.visitmalinska.com\/wp-content\/uploads\/krkevents\/4e1679c80816eea39bd284744b1a9fb8_160x160.png\" class=\" quickfinder-img-size-large wp-post-image\" alt=\"proljetni-predah-u-malinskoj\" sizes=\"auto, 100vw\" width=\"400\" height=\"400\"> <\/div> <a href=\"https:\/\/krkevents.com\/dogadjanje\/proljetni-predah-u-malinskoj\/\" target=\"_blank\" class=\"quickfinder-item-link\"><\/a> <\/div> <\/div> <\/div><div id=\"post-31275\" class=\"quickfinder-item even quickfinder-item-effect-image-scale large post-31275 thegem_qf_item type-thegem_qf_item status-publish has-post-thumbnail\"> <div class=\"quickfinder-item-image\"> <div class=\"quickfinder-item-image-content\"> <div class=\"quickfinder-item-image-wrapper quickfinder-item-picture quickfinder-item-image-shape-circle\" style=\"box-shadow: 0 0 0 3px #ffffff, 0 0 0 6px #b6c6c9;\"> <img loading=\"lazy\" decoding=\"async\" src=\"https:\/\/www.visitmalinska.com\/wp-content\/uploads\/krkevents\/1aa207fce578f87745cc005231151304_160x160.png\" class=\" quickfinder-img-size-large wp-post-image\" alt=\"prvi-maj-grill-party-u-restoranu-mulino-u-malinskoj\" sizes=\"auto, 100vw\" width=\"400\" height=\"400\"> <\/div> <a href=\"https:\/\/krkevents.com\/dogadjanje\/prvi-maj-grill-party-u-restoranu-mulino-u-malinskoj\/\" target=\"_blank\" class=\"quickfinder-item-link\"><\/a> <\/div> <\/div> <div class=\"quickfinder-item-info-wrapper\"> <svg class=\"qf-svg-arrow-left\" viewBox=\"0 0 50 100\"> <use xlink:href=\"https:\/\/www.visitmalinska.com\/wp-content\/themes\/tzo-malinska-dubasnica\/css\/post-arrow.svg#dec-post-arrow\"><\/use> <\/svg> <div class=\"connector-top\" style=\"border-color: #b6c6c9; left: -81.5px;\"> <\/div> <div class=\"connector-bot\" style=\"border-color: #b6c6c9; left: -81.5px;\"> <\/div> <div class=\"quickfinder-item-info \"> <div style=\"display: block; min-height: 250px;\"> <div class=\"quickfinder-item-title\" style=\"color: rgb(76, 88, 103);\">PRVI MAJ GRILL PARTY U RESTORANU MULINO U MALINSKOJ<\/div> <div class=\"quickfinder-item-text\" style=\"color: rgb(95, 114, 127);\">01.05.2026. 11:00 - 01.05.2026. 21:00<br>Malinska &#8211; restoran Mulino<\/div> <\/div> <\/div> <a href=\"https:\/\/krkevents.com\/dogadjanje\/prvi-maj-grill-party-u-restoranu-mulino-u-malinskoj\/\" target=\"_blank\" class=\"quickfinder-item-link\"><\/a> <\/div> <\/div><div id=\"post-31276\" class=\"quickfinder-item odd quickfinder-item-effect-image-scale large post-31276 thegem_qf_item type-thegem_qf_item status-publish has-post-thumbnail\"> <div class=\"quickfinder-item-info-wrapper\"> <svg class=\"qf-svg-arrow-right\" viewBox=\"0 0 50 100\"> <use xlink:href=\"https:\/\/www.visitmalinska.com\/wp-content\/themes\/tzo-malinska-dubasnica\/css\/post-arrow.svg#dec-post-arrow\"><\/use> <\/svg> <div class=\"connector-top\" style=\"border-color: #b6c6c9; right: -81.5px;\"> <\/div> <div class=\"connector-bot\" style=\"border-color: #b6c6c9; right: -81.5px;\"> <\/div> <div class=\"quickfinder-item-info \"> <div style=\"display: block; min-height: 250px;\"> <div class=\"quickfinder-item-title\" style=\"color: rgb(76, 88, 103);\">Kvarner na Tanjuru: Chefovi Deni Srdo\u010d i Marin Ple\u0161e pripremaju ve\u010deru u 6 slijedova u Restoranu Vila Rova, Malinska<\/div> <div class=\"quickfinder-item-text\" style=\"color: rgb(95, 114, 127);\">08.05.2026. 19:00 - 08.05.2026. 23:00<br>Malinska &#8211; hotel Vila Rova<\/div> <\/div> <\/div> <a href=\"https:\/\/krkevents.com\/dogadjanje\/kvarner-na-tanjuru-chefovi-deni-srdoc-i-marin-plese-pripremaju-veceru-u-6-slijedova-u-restoranu-vila-rova-malinska\/\" target=\"_blank\" class=\"quickfinder-item-link\"><\/a> <\/div> <div class=\"quickfinder-item-image\"> <div class=\"quickfinder-item-image-content\"> <div class=\"quickfinder-item-image-wrapper quickfinder-item-picture quickfinder-item-image-shape-circle\" style=\"box-shadow: 0 0 0 3px #ffffff, 0 0 0 6px #b6c6c9;\"> <img loading=\"lazy\" decoding=\"async\" src=\"https:\/\/www.visitmalinska.com\/wp-content\/uploads\/krkevents\/5753e9321c6d11646de30eb8ad870cda_160x160.jpeg\" class=\" quickfinder-img-size-large wp-post-image\" alt=\"kvarner-na-tanjuru-chefovi-deni-srdoc-i-marin-plese-pripremaju-veceru-u-6-slijedova-u-restoranu-vila-rova-malinska\" sizes=\"auto, 100vw\" width=\"400\" height=\"400\"> <\/div> <a href=\"https:\/\/krkevents.com\/dogadjanje\/kvarner-na-tanjuru-chefovi-deni-srdoc-i-marin-plese-pripremaju-veceru-u-6-slijedova-u-restoranu-vila-rova-malinska\/\" target=\"_blank\" class=\"quickfinder-item-link\"><\/a> <\/div> <\/div> <\/div><div id=\"post-31277\" class=\"quickfinder-item even quickfinder-item-effect-image-scale large post-31277 thegem_qf_item type-thegem_qf_item status-publish has-post-thumbnail\"> <div class=\"quickfinder-item-image\"> <div class=\"quickfinder-item-image-content\"> <div class=\"quickfinder-item-image-wrapper quickfinder-item-picture quickfinder-item-image-shape-circle\" style=\"box-shadow: 0 0 0 3px #ffffff, 0 0 0 6px #b6c6c9;\"> <img loading=\"lazy\" decoding=\"async\" src=\"https:\/\/www.visitmalinska.com\/wp-content\/uploads\/krkevents\/5a2854b913bda8314c6de859ba4cd193_160x160.webp\" class=\" quickfinder-img-size-large wp-post-image\" alt=\"sensa-2026-8211-festival-sira-u-malinskoj\" sizes=\"auto, 100vw\" width=\"400\" height=\"400\"> <\/div> <a href=\"https:\/\/krkevents.com\/dogadjanje\/sensa-2026-festival-sira-u-malinskoj\/\" target=\"_blank\" class=\"quickfinder-item-link\"><\/a> <\/div> <\/div> <div class=\"quickfinder-item-info-wrapper\"> <svg class=\"qf-svg-arrow-left\" viewBox=\"0 0 50 100\"> <use xlink:href=\"https:\/\/www.visitmalinska.com\/wp-content\/themes\/tzo-malinska-dubasnica\/css\/post-arrow.svg#dec-post-arrow\"><\/use> <\/svg> <div class=\"connector-top\" style=\"border-color: #b6c6c9; left: -81.5px;\"> <\/div> <div class=\"connector-bot\" style=\"border-color: #b6c6c9; left: -81.5px;\"> <\/div> <div class=\"quickfinder-item-info \"> <div style=\"display: block; min-height: 250px;\"> <div class=\"quickfinder-item-title\" style=\"color: rgb(76, 88, 103);\">SENSA 2026 &#8211; Festival sira u Malinskoj<\/div> <div class=\"quickfinder-item-text\" style=\"color: rgb(95, 114, 127);\">13.05.2026. 10:00 - 15.05.2026. 23:59<br>Malinska &#8211; razne lokacije<\/div> <\/div> <\/div> <a href=\"https:\/\/krkevents.com\/dogadjanje\/sensa-2026-festival-sira-u-malinskoj\/\" target=\"_blank\" class=\"quickfinder-item-link\"><\/a> <\/div> <\/div><div id=\"post-31278\" class=\"quickfinder-item odd quickfinder-item-effect-image-scale large post-31278 thegem_qf_item type-thegem_qf_item status-publish has-post-thumbnail\"> <div class=\"quickfinder-item-info-wrapper\"> <svg class=\"qf-svg-arrow-right\" viewBox=\"0 0 50 100\"> <use xlink:href=\"https:\/\/www.visitmalinska.com\/wp-content\/themes\/tzo-malinska-dubasnica\/css\/post-arrow.svg#dec-post-arrow\"><\/use> <\/svg> <div class=\"connector-top\" style=\"border-color: #b6c6c9; right: -81.5px;\"> <\/div> <div class=\"connector-bot\" style=\"border-color: #b6c6c9; right: -81.5px;\"> <\/div> <div class=\"quickfinder-item-info \"> <div style=\"display: block; min-height: 250px;\"> <div class=\"quickfinder-item-title\" style=\"color: rgb(76, 88, 103);\">Malinska Walk &#038; Taste 2026<\/div> <div class=\"quickfinder-item-text\" style=\"color: rgb(95, 114, 127);\">23.05.2026. 15:30 - 23.05.2026. 19:00<br>Malinska, Interpretacijski centar maritimne ba\u0161tine &#8211; DUBoak<\/div> <\/div> <\/div> <a href=\"https:\/\/krkevents.com\/dogadjanje\/malinska-walk-taste-2026\/\" target=\"_blank\" class=\"quickfinder-item-link\"><\/a> <\/div> <div class=\"quickfinder-item-image\"> <div class=\"quickfinder-item-image-content\"> <div class=\"quickfinder-item-image-wrapper quickfinder-item-picture quickfinder-item-image-shape-circle\" style=\"box-shadow: 0 0 0 3px #ffffff, 0 0 0 6px #b6c6c9;\"> <img loading=\"lazy\" decoding=\"async\" src=\"https:\/\/www.visitmalinska.com\/wp-content\/uploads\/krkevents\/7997edea1fa19e35cbc8d600209447a6_160x160.png\" class=\" quickfinder-img-size-large wp-post-image\" alt=\"malinska-walk-038-taste-2026\" sizes=\"auto, 100vw\" width=\"400\" height=\"400\"> <\/div> <a href=\"https:\/\/krkevents.com\/dogadjanje\/malinska-walk-taste-2026\/\" target=\"_blank\" class=\"quickfinder-item-link\"><\/a> <\/div> <\/div> <\/div><div id=\"post-31279\" class=\"quickfinder-item even quickfinder-item-effect-image-scale large post-31279 thegem_qf_item type-thegem_qf_item status-publish has-post-thumbnail\"> <div class=\"quickfinder-item-image\"> <div class=\"quickfinder-item-image-content\"> <div class=\"quickfinder-item-image-wrapper quickfinder-item-picture quickfinder-item-image-shape-circle\" style=\"box-shadow: 0 0 0 3px #ffffff, 0 0 0 6px #b6c6c9;\"> <img loading=\"lazy\" decoding=\"async\" src=\"https:\/\/www.visitmalinska.com\/wp-content\/uploads\/krkevents\/7176d8883505f23ac159802a0a7aca7e_160x160.png\" class=\" quickfinder-img-size-large wp-post-image\" alt=\"malinska-walk-038-taste-2026\" sizes=\"auto, 100vw\" width=\"400\" height=\"400\"> <\/div> <a href=\"https:\/\/krkevents.com\/dogadjanje\/malinska-walk-taste-2026-2\/\" target=\"_blank\" class=\"quickfinder-item-link\"><\/a> <\/div> <\/div> <div class=\"quickfinder-item-info-wrapper\"> <svg class=\"qf-svg-arrow-left\" viewBox=\"0 0 50 100\"> <use xlink:href=\"https:\/\/www.visitmalinska.com\/wp-content\/themes\/tzo-malinska-dubasnica\/css\/post-arrow.svg#dec-post-arrow\"><\/use> <\/svg> <div class=\"connector-top\" style=\"border-color: #b6c6c9; left: -81.5px;\"> <\/div> <div class=\"connector-bot\" style=\"border-color: #b6c6c9; left: -81.5px;\"> <\/div> <div class=\"quickfinder-item-info \"> <div style=\"display: block; min-height: 250px;\"> <div class=\"quickfinder-item-title\" style=\"color: rgb(76, 88, 103);\">Malinska Walk &#038; Taste 2026<\/div> <div class=\"quickfinder-item-text\" style=\"color: rgb(95, 114, 127);\">30.05.2026. 15:30 - 30.05.2026. 19:00<br>Malinska, Interpretacijski centar maritimne ba\u0161tine &#8211; DUBoak<\/div> <\/div> <\/div> <a href=\"https:\/\/krkevents.com\/dogadjanje\/malinska-walk-taste-2026-2\/\" target=\"_blank\" class=\"quickfinder-item-link\"><\/a> <\/div> <\/div><div id=\"post-31280\" class=\"quickfinder-item odd quickfinder-item-effect-image-scale large post-31280 thegem_qf_item type-thegem_qf_item status-publish has-post-thumbnail\"> <div class=\"quickfinder-item-info-wrapper\"> <svg class=\"qf-svg-arrow-right\" viewBox=\"0 0 50 100\"> <use xlink:href=\"https:\/\/www.visitmalinska.com\/wp-content\/themes\/tzo-malinska-dubasnica\/css\/post-arrow.svg#dec-post-arrow\"><\/use> <\/svg> <div class=\"connector-top\" style=\"border-color: #b6c6c9; right: -81.5px;\"> <\/div> <div class=\"connector-bot\" style=\"border-color: #b6c6c9; right: -81.5px;\"> <\/div> <div class=\"quickfinder-item-info \"> <div style=\"display: block; min-height: 250px;\"> <div class=\"quickfinder-item-title\" style=\"color: rgb(76, 88, 103);\">Malinska Walk &#038; Taste 2026<\/div> <div class=\"quickfinder-item-text\" style=\"color: rgb(95, 114, 127);\">06.06.2026. 15:30 - 06.06.2026. 19:00<br>Malinska, Interpretacijski centar maritimne ba\u0161tine &#8211; DUBoak<\/div> <\/div> <\/div> <a href=\"https:\/\/krkevents.com\/dogadjanje\/malinska-walk-taste-2026-3\/\" target=\"_blank\" class=\"quickfinder-item-link\"><\/a> <\/div> <div class=\"quickfinder-item-image\"> <div class=\"quickfinder-item-image-content\"> <div class=\"quickfinder-item-image-wrapper quickfinder-item-picture quickfinder-item-image-shape-circle\" style=\"box-shadow: 0 0 0 3px #ffffff, 0 0 0 6px #b6c6c9;\"> <img loading=\"lazy\" decoding=\"async\" src=\"https:\/\/www.visitmalinska.com\/wp-content\/uploads\/krkevents\/d9b86f5005d00d5e515dd2cbe5325d97_160x160.png\" class=\" quickfinder-img-size-large wp-post-image\" alt=\"malinska-walk-038-taste-2026\" sizes=\"auto, 100vw\" width=\"400\" height=\"400\"> <\/div> <a href=\"https:\/\/krkevents.com\/dogadjanje\/malinska-walk-taste-2026-3\/\" target=\"_blank\" class=\"quickfinder-item-link\"><\/a> <\/div> <\/div> <\/div><\/div>[\/vc_column_inner][vc_column_inner width=&#8221;1\/4&#8243;]<div class=\"quickfinder quickfinder-style-classic row inline-row quickfinder-icon-position-top quickfinder-alignment-center quickfinder-title-bold\" data-hover-button-background-color=\"#99a9b5\" data-hover-button-text-color=\"#ffffff\"><div id=\"post-33312\" class=\"quickfinder-item inline-column col-md-12 col-sm-12 col-xs-12 quickfinder-item-effect-image-scale icon-size-xlarge quickfinder-box-style-solid post-33312 thegem_qf_item type-thegem_qf_item status-publish has-post-thumbnail\"> <div class=\"quickfinder-item-box\" style=\"background-color: #1c8cce;\"> <div class=\"quickfinder-item-inner\"> <div class=\"quickfinder-item-image\"> <div class=\"quickfinder-item-image-content\" > <div class=\"quickfinder-item-image-wrapper quickfinder-item-picture quickfinder-item-image-shape-square\"> <img loading=\"lazy\" decoding=\"async\" width=\"300\" height=\"300\" src=\"https:\/\/www.visitmalinska.com\/wp-content\/uploads\/2019\/05\/krk-otok.png\" class=\" quickfinder-img-size-xlarge wp-post-image\" alt=\"krk-otok\" srcset=\"https:\/\/www.visitmalinska.com\/wp-content\/uploads\/2019\/05\/krk-otok-thegem-person-240.png 1x, https:\/\/www.visitmalinska.com\/wp-content\/uploads\/2019\/05\/krk-otok.png 2x\" sizes=\"auto, 100vw\" \/> <\/div> <\/div> <\/div> <div class=\"quickfinder-item-info-wrapper\"> <div class=\"quickfinder-item-info \" > <div class=\"quickfinder-item-title\" style=\"color: #ffffff;\">Krk Events<\/div> <div class=\"quickfinder-item-text\" style=\"color: #ffffff;\">Koledar prireditev na otoku Krku.<\/div> <div class=\"gem-button-container gem-button-position-inline quickfinder-button\"><a class=\"gem-button gem-button-size-small gem-button-style-flat gem-button-text-weight-normal\" style=\"border-radius: 5px;background-color: #ffffff;color: #1c8cce;\" onmouseleave=\"this.style.backgroundColor='#ffffff';this.style.color='#1c8cce';\" onmouseenter=\"\" href=\"#\" target=\"_self\">Saznajte vi\u0161e<\/a><\/div> <\/div> <\/div> <\/div> <\/div> <a href=\"https:\/\/krkevents.com\/mjesta\/malinska\/\" target=\"_blank\" class=\"quickfinder-item-link\"><\/a> <\/div>\n<\/div>[\/vc_column_inner][\/vc_row_inner]<\/div><\/div><\/div>[\/vc_column][\/vc_row][vc_row][vc_column]<div id=\"fullwidth-block-69f3a2c776e85\" class=\"fullwidth-block clearfix\"  style=\"color: #ffffff;background-color: #1c8cce;\"><script type=\"text\/javascript\">if (typeof(gem_fix_fullwidth_position) == \"function\") { gem_fix_fullwidth_position(document.getElementById(\"fullwidth-block-69f3a2c776e85\")); }<\/script><div class=\"fullwidth-block-inner\"><div class=\"container\">[vc_row_inner][vc_column_inner css=&#8221;.vc_custom_1554454360938{padding-top: 50px !important;padding-bottom: 50px !important;}&#8221;][vc_column_text]<\/p>\n<h1 style=\"text-align: center;\"><span style=\"color: #ffffff;\">NOVICE IN OBVESTILA<\/span><\/h1>\n<p>[\/vc_column_text][vc_column_text]<\/p>\n<div class=\"small-body styled-subtitle\" style=\"text-align: center;\"><span style=\"color: #ffffff;\">Spremljajte novice in napovedi za atraktivne dogodke iz Malinske in okolice.<\/span><\/div>\n<p>[\/vc_column_text][\/vc_column_inner][\/vc_row_inner]<\/div><\/div><div class=\"fullwidth-bottom-marker marker-direction-outside\"><svg width=\"140\" height=\"70\" style=\"fill: #1c8cce\"><path d=\"M 0,0 Q 65,5 70,70 Q 75,5 140,0\" \/><\/svg><\/div><\/div>[vc_row_inner css=&#8221;.vc_custom_1566899649635{padding-top: 100px !important;}&#8221;][vc_column_inner width=&#8221;1\/2&#8243;]<div class=\" gem-icon-with-title  gem-icon-with-title-icon-size-small\"><a href=https:\/\/www.visitmalinska.com\/si\/novice\/><div class=\"gem-icon-with-title-icon\"><div class=\"gem-icon gem-icon-pack-fontawesome gem-icon-size-small  gem-icon-shape-square gem-simple-icon\" style=\"opacity: 1;\"><div class=\"gem-icon-inner\" style=\"\"><span class=\"gem-icon-half-1\" style=\"\"><span class=\"back-angle\">&#xf1ea;<\/span><\/span><span class=\"gem-icon-half-2\" style=\"\"><span class=\"back-angle\">&#xf1ea;<\/span><\/span><\/div><\/div><\/div><div class=\"gem-iconed-title\"><h6 style=\"\"><a href=https:\/\/www.visitmalinska.com\/si\/novice\/>Novice<\/a><\/h6><\/div><\/a><\/div><div class=\"blog blog-style-styled_list2 clearfix item-animation-disabled\" data-next-page=\"0\"> <article id=\"post-43274\" class=\"item-animations-not-inited post-43274 post type-post status-publish format-standard has-post-thumbnail category-najave category-ne-propustite category-vijesti tag-kaligrafija tag-malinska tag-proljece tag-proljetni-odmor tag-proljetni-predah tag-spring-break\"> <div class=\"item-post-container\"> <div class=\"post-item clearfix\" style=\"\"> <div class=\"post-info-wrap\"> <div class=\"post-info\"> <div class=\"post-img\"> <a href=\"https:\/\/www.visitmalinska.com\/si\/malinska-spring-break-2026\/\" class=\"default\"><img loading=\"lazy\" decoding=\"async\" width=\"256\" height=\"256\" src=\"https:\/\/www.visitmalinska.com\/wp-content\/uploads\/2026\/03\/1080x1080-spring-break-08-thegem-post-thumb-large.png\" class=\"img-responsive wp-post-image\" alt=\"1080x1080 spring break-08\" \/><\/a> <\/div> <div class=\"post-date\">16\/03\/26<\/div> <\/div> <\/div> <svg class=\"wrap-style\" style=\"\"> <use xlink:href=\"https:\/\/www.visitmalinska.com\/wp-content\/themes\/tzo-malinska-dubasnica\/css\/post-arrow.svg#dec-post-arrow\"><\/use> <\/svg> <div class=\"post-text-wrap\"> <div class=\"post-title\"> <h3 class=\"entry-title\"><a href=\"https:\/\/www.visitmalinska.com\/si\/malinska-spring-break-2026\/\" rel=\"bookmark\" style=\"color: #000000\" onmouseenter=\"jQuery(this).data('color', this.style.color);this.style.color='#1c8cce';\" onmouseleave=\"this.style.color=jQuery(this).data('color');\"><span class=\"light\">Pomladne po\u010ditnice v Malinski 2026.<\/span><\/a><\/h3> <\/div><div class=\"post-datum\"><h6>17.4.-10.5.2026.<\/h6><\/div> <div class=\"post-content\"> <div class=\"summary\"> <p>[vc_row][vc_column][vc_column_text] Pomladni oddih v Malinski 17. april \u2013 10. maj 2026 Pre\u017eivite pomladni oddih v Malinski ob bogatem programu dogodkov,&#8230;<\/p> <\/div> <\/div> <div class=\"post-misc\"> <div class=\"post-soc-info\"> <span class=\"post-comments\"> <\/span> <span class=\"post-likes\"> <span class=\"post-meta-likes\"><a href=\"#\" class=\"zilla-likes\" id=\"zilla-likes-43274\" title=\"Like this\"><span class=\"zilla-likes-count\">7<\/span> <span class=\"zilla-likes-postfix\"><\/span><\/a><\/span> <\/span> <\/div> <div class=\"post-links\"> <div class=\"post-footer-sharing\"><div class=\"gem-button-container gem-button-position-inline\"><a class=\"gem-button gem-button-size-tiny gem-button-style-flat gem-button-text-weight-normal gem-button-empty\" style=\"border-radius: 3px;\" onmouseleave=\"\" onmouseenter=\"\" href=\"#\" target=\"_self\"><i class=\"gem-print-icon gem-icon-pack-thegem-icons gem-icon-share\"><\/i><\/a><\/div> <div class=\"sharing-popup\"> <div class=\"socials-sharing socials socials-colored-hover \"> <a class=\"socials-item\" target=\"_blank\" href=\"https:\/\/www.facebook.com\/sharer\/sharer.php?u=https%3A%2F%2Fwww.visitmalinska.com%2Fsi%2Fmalinska-spring-break-2026%2F\" title=\"Facebook\"><i class=\"socials-item-icon facebook\"><\/i><\/a> <a class=\"socials-item\" target=\"_blank\" href=\"https:\/\/twitter.com\/intent\/tweet?text=Pomladne+po%C4%8Ditnice+v+Malinski+2026.&#038;url=https%3A%2F%2Fwww.visitmalinska.com%2Fsi%2Fmalinska-spring-break-2026%2F\" title=\"Twitter\"><i class=\"socials-item-icon twitter\"><\/i><\/a> <a class=\"socials-item\" target=\"_blank\" href=\"https:\/\/plus.google.com\/share?url=https%3A%2F%2Fwww.visitmalinska.com%2Fsi%2Fmalinska-spring-break-2026%2F\" title=\"Google Plus\"><i class=\"socials-item-icon google-plus\"><\/i><\/a> <a class=\"socials-item\" target=\"_blank\" href=\"https:\/\/pinterest.com\/pin\/create\/button\/?url=https%3A%2F%2Fwww.visitmalinska.com%2Fsi%2Fmalinska-spring-break-2026%2F&#038;description=Pomladne+po%C4%8Ditnice+v+Malinski+2026.&#038;media=https%3A%2F%2Fwww.visitmalinska.com%2Fwp-content%2Fuploads%2F2026%2F03%2F1080x1080-spring-break-08-thegem-blog-timeline-large.png\" title=\"Pinterest\"><i class=\"socials-item-icon pinterest\"><\/i><\/a> <a class=\"socials-item\" target=\"_blank\" href=\"http:\/\/tumblr.com\/widgets\/share\/tool?canonicalUrl=https%3A%2F%2Fwww.visitmalinska.com%2Fsi%2Fmalinska-spring-break-2026%2F\" title=\"Tumblr\"><i class=\"socials-item-icon tumblr\"><\/i><\/a> <a class=\"socials-item\" target=\"_blank\" href=\"https:\/\/www.linkedin.com\/shareArticle?mini=true&#038;url=https%3A%2F%2Fwww.visitmalinska.com%2Fsi%2Fmalinska-spring-break-2026%2F&#038;title=Pomladne+po%C4%8Ditnice+v+Malinski+2026.&amp;summary=%5Bvc_row%5D%5Bvc_column%5D%5Bvc_column_text%5D+Pomladni+oddih+v+Malinski+17.+april+%E2%80%93+10.+maj+2026+Pre%C5%BEivite+pomladni+oddih+v+Malinski+ob+bogatem+programu+dogodkov%2C...\" title=\"LinkedIn\"><i class=\"socials-item-icon linkedin\"><\/i><\/a> <a class=\"socials-item\" target=\"_blank\" href=\"https:\/\/www.reddit.com\/submit?url=https%3A%2F%2Fwww.visitmalinska.com%2Fsi%2Fmalinska-spring-break-2026%2F&#038;title=Pomladne+po%C4%8Ditnice+v+Malinski+2026.\" title=\"Reddit\"><i class=\"socials-item-icon reddit\"><\/i><\/a> <\/div> <svg class=\"sharing-styled-arrow\"><use xlink:href=\"https:\/\/www.visitmalinska.com\/wp-content\/themes\/tzo-malinska-dubasnica\/css\/post-arrow.svg#dec-post-arrow\"><\/use><\/svg><\/div><\/div> <div class=\"post-read-more\"><div class=\"gem-button-container gem-button-position-inline\"><a class=\"gem-button gem-button-size-tiny gem-button-style-outline gem-button-text-weight-normal gem-button-border-2\" style=\"border-radius: 3px;\" onmouseleave=\"\" onmouseenter=\"\" href=\"https:\/\/www.visitmalinska.com\/si\/malinska-spring-break-2026\/\" target=\"_self\">Read More<\/a><\/div> <\/div> <\/div> <\/div> <\/div> <\/div> <\/div> <\/article><!-- #post-43274 --> <article id=\"post-41398\" class=\"item-animations-not-inited post-41398 post type-post status-publish format-standard has-post-thumbnail category-najave category-ne-propustite category-vijesti tag-degustacijske-setnje tag-janjetina tag-malinska-walk-taste tag-sparoge tag-vino-kvarner tag-walk-taste\"> <div class=\"item-post-container\"> <div class=\"post-item clearfix\" style=\"\"> <div class=\"post-info-wrap\"> <div class=\"post-info\"> <div class=\"post-img\"> <a href=\"https:\/\/www.visitmalinska.com\/si\/malinska-walk-taste-2026\/\" class=\"default\"><img loading=\"lazy\" decoding=\"async\" width=\"256\" height=\"256\" src=\"https:\/\/www.visitmalinska.com\/wp-content\/uploads\/2025\/05\/malinska-walk-and-taste-ikona_wp-thegem-post-thumb-large.webp\" class=\"img-responsive wp-post-image\" alt=\"malinska walk and taste ikona_wp\" \/><\/a> <\/div> <div class=\"post-date\">28\/01\/26<\/div> <\/div> <\/div> <svg class=\"wrap-style\" style=\"\"> <use xlink:href=\"https:\/\/www.visitmalinska.com\/wp-content\/themes\/tzo-malinska-dubasnica\/css\/post-arrow.svg#dec-post-arrow\"><\/use> <\/svg> <div class=\"post-text-wrap\"> <div class=\"post-title\"> <h3 class=\"entry-title\"><a href=\"https:\/\/www.visitmalinska.com\/si\/malinska-walk-taste-2026\/\" rel=\"bookmark\" style=\"color: #000000\" onmouseenter=\"jQuery(this).data('color', this.style.color);this.style.color='#1c8cce';\" onmouseleave=\"this.style.color=jQuery(this).data('color');\"><span class=\"light\">MALINSKA WALK &#038; TASTE 2026<\/span><\/a><\/h3> <\/div><div class=\"post-datum\"><h6>23.5., 30.5., 6.6.2026.<\/h6><\/div> <div class=\"post-content\"> <div class=\"summary\"> <p>[vc_row][vc_column][vc_column_text] Malinska Walk &#038; Taste 2026 23.05., 30.05. &#038; 06.06. Kaj je Malinska Walk &#038; Taste? Malinska Walk &#038; Taste&#8230;<\/p> <\/div> <\/div> <div class=\"post-misc\"> <div class=\"post-soc-info\"> <span class=\"post-comments\"> <\/span> <span class=\"post-likes\"> <span class=\"post-meta-likes\"><a href=\"#\" class=\"zilla-likes\" id=\"zilla-likes-41398\" title=\"Like this\"><span class=\"zilla-likes-count\">1<\/span> <span class=\"zilla-likes-postfix\"><\/span><\/a><\/span> <\/span> <\/div> <div class=\"post-links\"> <div class=\"post-footer-sharing\"><div class=\"gem-button-container gem-button-position-inline\"><a class=\"gem-button gem-button-size-tiny gem-button-style-flat gem-button-text-weight-normal gem-button-empty\" style=\"border-radius: 3px;\" onmouseleave=\"\" onmouseenter=\"\" href=\"#\" target=\"_self\"><i class=\"gem-print-icon gem-icon-pack-thegem-icons gem-icon-share\"><\/i><\/a><\/div> <div class=\"sharing-popup\"> <div class=\"socials-sharing socials socials-colored-hover \"> <a class=\"socials-item\" target=\"_blank\" href=\"https:\/\/www.facebook.com\/sharer\/sharer.php?u=https%3A%2F%2Fwww.visitmalinska.com%2Fsi%2Fmalinska-walk-taste-2026%2F\" title=\"Facebook\"><i class=\"socials-item-icon facebook\"><\/i><\/a> <a class=\"socials-item\" target=\"_blank\" href=\"https:\/\/twitter.com\/intent\/tweet?text=MALINSKA+WALK+%26%23038%3B+TASTE+2026&#038;url=https%3A%2F%2Fwww.visitmalinska.com%2Fsi%2Fmalinska-walk-taste-2026%2F\" title=\"Twitter\"><i class=\"socials-item-icon twitter\"><\/i><\/a> <a class=\"socials-item\" target=\"_blank\" href=\"https:\/\/plus.google.com\/share?url=https%3A%2F%2Fwww.visitmalinska.com%2Fsi%2Fmalinska-walk-taste-2026%2F\" title=\"Google Plus\"><i class=\"socials-item-icon google-plus\"><\/i><\/a> <a class=\"socials-item\" target=\"_blank\" href=\"https:\/\/pinterest.com\/pin\/create\/button\/?url=https%3A%2F%2Fwww.visitmalinska.com%2Fsi%2Fmalinska-walk-taste-2026%2F&#038;description=MALINSKA+WALK+%26%23038%3B+TASTE+2026&#038;media=https%3A%2F%2Fwww.visitmalinska.com%2Fwp-content%2Fuploads%2F2025%2F05%2Fmalinska-walk-and-taste-ikona_wp-thegem-blog-timeline-large.webp\" title=\"Pinterest\"><i class=\"socials-item-icon pinterest\"><\/i><\/a> <a class=\"socials-item\" target=\"_blank\" href=\"http:\/\/tumblr.com\/widgets\/share\/tool?canonicalUrl=https%3A%2F%2Fwww.visitmalinska.com%2Fsi%2Fmalinska-walk-taste-2026%2F\" title=\"Tumblr\"><i class=\"socials-item-icon tumblr\"><\/i><\/a> <a class=\"socials-item\" target=\"_blank\" href=\"https:\/\/www.linkedin.com\/shareArticle?mini=true&#038;url=https%3A%2F%2Fwww.visitmalinska.com%2Fsi%2Fmalinska-walk-taste-2026%2F&#038;title=MALINSKA+WALK+%26%23038%3B+TASTE+2026&amp;summary=%5Bvc_row%5D%5Bvc_column%5D%5Bvc_column_text%5D+Malinska+Walk+%26%23038%3B+Taste+2026+23.05.%2C+30.05.+%26%23038%3B+06.06.+Kaj+je+Malinska+Walk+%26%23038%3B+Taste%3F+Malinska+Walk+%26%23038%3B+Taste...\" title=\"LinkedIn\"><i class=\"socials-item-icon linkedin\"><\/i><\/a> <a class=\"socials-item\" target=\"_blank\" href=\"https:\/\/www.reddit.com\/submit?url=https%3A%2F%2Fwww.visitmalinska.com%2Fsi%2Fmalinska-walk-taste-2026%2F&#038;title=MALINSKA+WALK+%26%23038%3B+TASTE+2026\" title=\"Reddit\"><i class=\"socials-item-icon reddit\"><\/i><\/a> <\/div> <svg class=\"sharing-styled-arrow\"><use xlink:href=\"https:\/\/www.visitmalinska.com\/wp-content\/themes\/tzo-malinska-dubasnica\/css\/post-arrow.svg#dec-post-arrow\"><\/use><\/svg><\/div><\/div> <div class=\"post-read-more\"><div class=\"gem-button-container gem-button-position-inline\"><a class=\"gem-button gem-button-size-tiny gem-button-style-outline gem-button-text-weight-normal gem-button-border-2\" style=\"border-radius: 3px;\" onmouseleave=\"\" onmouseenter=\"\" href=\"https:\/\/www.visitmalinska.com\/si\/malinska-walk-taste-2026\/\" target=\"_self\">Read More<\/a><\/div> <\/div> <\/div> <\/div> <\/div> <\/div> <\/div> <\/article><!-- #post-41398 -->\n<\/div>[\/vc_column_inner][vc_column_inner width=&#8221;1\/2&#8243;]<div class=\" gem-icon-with-title  gem-icon-with-title-icon-size-small\"><a href=http:\/\/www.visitmalinska.com\/si\/obvestila><div class=\"gem-icon-with-title-icon\"><div class=\"gem-icon gem-icon-pack-fontawesome gem-icon-size-small  gem-icon-shape-square gem-simple-icon\" style=\"opacity: 1;\"><div class=\"gem-icon-inner\" style=\"\"><span class=\"gem-icon-half-1\" style=\"\"><span class=\"back-angle\">&#xf0a1;<\/span><\/span><span class=\"gem-icon-half-2\" style=\"\"><span class=\"back-angle\">&#xf0a1;<\/span><\/span><\/div><\/div><\/div><div class=\"gem-iconed-title\"><h6 style=\"\"><a href=http:\/\/www.visitmalinska.com\/si\/obvestila>Obvestila<\/a><\/h6><\/div><\/a><\/div><div class=\"blog blog-style-styled_list2 clearfix item-animation-disabled\" data-next-page=\"0\"> <article id=\"post-43274\" class=\"item-animations-not-inited post-43274 post type-post status-publish format-standard has-post-thumbnail category-najave category-ne-propustite category-vijesti tag-kaligrafija tag-malinska tag-proljece tag-proljetni-odmor tag-proljetni-predah tag-spring-break\"> <div class=\"item-post-container\"> <div class=\"post-item clearfix\" style=\"\"> <div class=\"post-info-wrap\"> <div class=\"post-info\"> <div class=\"post-img\"> <a href=\"https:\/\/www.visitmalinska.com\/si\/malinska-spring-break-2026\/\" class=\"default\"><img loading=\"lazy\" decoding=\"async\" width=\"256\" height=\"256\" src=\"https:\/\/www.visitmalinska.com\/wp-content\/uploads\/2026\/03\/1080x1080-spring-break-08-thegem-post-thumb-large.png\" class=\"img-responsive wp-post-image\" alt=\"1080x1080 spring break-08\" \/><\/a> <\/div> <div class=\"post-date\">16\/03\/26<\/div> <\/div> <\/div> <svg class=\"wrap-style\" style=\"\"> <use xlink:href=\"https:\/\/www.visitmalinska.com\/wp-content\/themes\/tzo-malinska-dubasnica\/css\/post-arrow.svg#dec-post-arrow\"><\/use> <\/svg> <div class=\"post-text-wrap\"> <div class=\"post-title\"> <h3 class=\"entry-title\"><a href=\"https:\/\/www.visitmalinska.com\/si\/malinska-spring-break-2026\/\" rel=\"bookmark\"><span class=\"light\">Pomladne po\u010ditnice v Malinski 2026.<\/span><\/a><\/h3> <\/div><div class=\"post-datum\"><h6>17.4.-10.5.2026.<\/h6><\/div> <div class=\"post-content\"> <div class=\"summary\"> <p>[vc_row][vc_column][vc_column_text] Pomladni oddih v Malinski 17. april \u2013 10. maj 2026 Pre\u017eivite pomladni oddih v Malinski ob bogatem programu dogodkov,&#8230;<\/p> <\/div> <\/div> <div class=\"post-misc\"> <div class=\"post-soc-info\"> <span class=\"post-comments\"> <\/span> <span class=\"post-likes\"> <span class=\"post-meta-likes\"><a href=\"#\" class=\"zilla-likes\" id=\"zilla-likes-43274\" title=\"Like this\"><span class=\"zilla-likes-count\">7<\/span> <span class=\"zilla-likes-postfix\"><\/span><\/a><\/span> <\/span> <\/div> <div class=\"post-links\"> <div class=\"post-footer-sharing\"><div class=\"gem-button-container gem-button-position-inline\"><a class=\"gem-button gem-button-size-tiny gem-button-style-flat gem-button-text-weight-normal gem-button-empty\" style=\"border-radius: 3px;\" onmouseleave=\"\" onmouseenter=\"\" href=\"#\" target=\"_self\"><i class=\"gem-print-icon gem-icon-pack-thegem-icons gem-icon-share\"><\/i><\/a><\/div> <div class=\"sharing-popup\"> <div class=\"socials-sharing socials socials-colored-hover \"> <a class=\"socials-item\" target=\"_blank\" href=\"https:\/\/www.facebook.com\/sharer\/sharer.php?u=https%3A%2F%2Fwww.visitmalinska.com%2Fsi%2Fmalinska-spring-break-2026%2F\" title=\"Facebook\"><i class=\"socials-item-icon facebook\"><\/i><\/a> <a class=\"socials-item\" target=\"_blank\" href=\"https:\/\/twitter.com\/intent\/tweet?text=Pomladne+po%C4%8Ditnice+v+Malinski+2026.&#038;url=https%3A%2F%2Fwww.visitmalinska.com%2Fsi%2Fmalinska-spring-break-2026%2F\" title=\"Twitter\"><i class=\"socials-item-icon twitter\"><\/i><\/a> <a class=\"socials-item\" target=\"_blank\" href=\"https:\/\/plus.google.com\/share?url=https%3A%2F%2Fwww.visitmalinska.com%2Fsi%2Fmalinska-spring-break-2026%2F\" title=\"Google Plus\"><i class=\"socials-item-icon google-plus\"><\/i><\/a> <a class=\"socials-item\" target=\"_blank\" href=\"https:\/\/pinterest.com\/pin\/create\/button\/?url=https%3A%2F%2Fwww.visitmalinska.com%2Fsi%2Fmalinska-spring-break-2026%2F&#038;description=Pomladne+po%C4%8Ditnice+v+Malinski+2026.&#038;media=https%3A%2F%2Fwww.visitmalinska.com%2Fwp-content%2Fuploads%2F2026%2F03%2F1080x1080-spring-break-08-thegem-blog-timeline-large.png\" title=\"Pinterest\"><i class=\"socials-item-icon pinterest\"><\/i><\/a> <a class=\"socials-item\" target=\"_blank\" href=\"http:\/\/tumblr.com\/widgets\/share\/tool?canonicalUrl=https%3A%2F%2Fwww.visitmalinska.com%2Fsi%2Fmalinska-spring-break-2026%2F\" title=\"Tumblr\"><i class=\"socials-item-icon tumblr\"><\/i><\/a> <a class=\"socials-item\" target=\"_blank\" href=\"https:\/\/www.linkedin.com\/shareArticle?mini=true&#038;url=https%3A%2F%2Fwww.visitmalinska.com%2Fsi%2Fmalinska-spring-break-2026%2F&#038;title=Pomladne+po%C4%8Ditnice+v+Malinski+2026.&amp;summary=%5Bvc_row%5D%5Bvc_column%5D%5Bvc_column_text%5D+Pomladni+oddih+v+Malinski+17.+april+%E2%80%93+10.+maj+2026+Pre%C5%BEivite+pomladni+oddih+v+Malinski+ob+bogatem+programu+dogodkov%2C...\" title=\"LinkedIn\"><i class=\"socials-item-icon linkedin\"><\/i><\/a> <a class=\"socials-item\" target=\"_blank\" href=\"https:\/\/www.reddit.com\/submit?url=https%3A%2F%2Fwww.visitmalinska.com%2Fsi%2Fmalinska-spring-break-2026%2F&#038;title=Pomladne+po%C4%8Ditnice+v+Malinski+2026.\" title=\"Reddit\"><i class=\"socials-item-icon reddit\"><\/i><\/a> <\/div> <svg class=\"sharing-styled-arrow\"><use xlink:href=\"https:\/\/www.visitmalinska.com\/wp-content\/themes\/tzo-malinska-dubasnica\/css\/post-arrow.svg#dec-post-arrow\"><\/use><\/svg><\/div><\/div> <div class=\"post-read-more\"><div class=\"gem-button-container gem-button-position-inline\"><a class=\"gem-button gem-button-size-tiny gem-button-style-outline gem-button-text-weight-normal gem-button-border-2\" style=\"border-radius: 3px;\" onmouseleave=\"\" onmouseenter=\"\" href=\"https:\/\/www.visitmalinska.com\/si\/malinska-spring-break-2026\/\" target=\"_self\">Read More<\/a><\/div> <\/div> <\/div> <\/div> <\/div> <\/div> <\/div> <\/article><!-- #post-43274 --> <article id=\"post-42745\" class=\"item-animations-not-inited post-42745 post type-post status-publish format-standard has-post-thumbnail category-najave category-ne-propustite\"> <div class=\"item-post-container\"> <div class=\"post-item clearfix\" style=\"\"> <div class=\"post-info-wrap\"> <div class=\"post-info\"> <div class=\"post-img\"> <a href=\"https:\/\/www.visitmalinska.com\/si\/olive-touch-si-2026\/\" class=\"default\"><img loading=\"lazy\" decoding=\"async\" width=\"256\" height=\"256\" src=\"https:\/\/www.visitmalinska.com\/wp-content\/uploads\/2026\/01\/Mesopust-u-Dubasnici-2026-_-1080-x-1080-px-1-thegem-post-thumb-large.webp\" class=\"img-responsive wp-post-image\" alt=\"Mesopust u Duba\u0161nici 2026 _ 1080 x 1080 px) (1)\" \/><\/a> <\/div> <div class=\"post-date\">29\/01\/26<\/div> <\/div> <\/div> <svg class=\"wrap-style\" style=\"\"> <use xlink:href=\"https:\/\/www.visitmalinska.com\/wp-content\/themes\/tzo-malinska-dubasnica\/css\/post-arrow.svg#dec-post-arrow\"><\/use> <\/svg> <div class=\"post-text-wrap\"> <div class=\"post-title\"> <h3 class=\"entry-title\"><a href=\"https:\/\/www.visitmalinska.com\/si\/olive-touch-si-2026\/\" rel=\"bookmark\"><span class=\"light\">Olive Touch 2026<\/span><\/a><\/h3> <\/div><div class=\"post-datum\"><h6>10.-31.10.2026.<\/h6><\/div> <div class=\"post-content\"> <div class=\"summary\"> <p>[vc_row][vc_column][vc_column_text] Olive Touch 2026 je jesenski dogodek v Malinski na otoku Krk, posve\u010den oljki, olj\u010dnemu olju in mediteranskemu na\u010dinu \u017eivljenja&#8230;.<\/p> <\/div> <\/div> <div class=\"post-misc\"> <div class=\"post-soc-info\"> <span class=\"post-comments\"> <\/span> <span class=\"post-likes\"> <span class=\"post-meta-likes\"><a href=\"#\" class=\"zilla-likes\" id=\"zilla-likes-42745\" title=\"Like this\"><span class=\"zilla-likes-count\">0<\/span> <span class=\"zilla-likes-postfix\"><\/span><\/a><\/span> <\/span> <\/div> <div class=\"post-links\"> <div class=\"post-footer-sharing\"><div class=\"gem-button-container gem-button-position-inline\"><a class=\"gem-button gem-button-size-tiny gem-button-style-flat gem-button-text-weight-normal gem-button-empty\" style=\"border-radius: 3px;\" onmouseleave=\"\" onmouseenter=\"\" href=\"#\" target=\"_self\"><i class=\"gem-print-icon gem-icon-pack-thegem-icons gem-icon-share\"><\/i><\/a><\/div> <div class=\"sharing-popup\"> <div class=\"socials-sharing socials socials-colored-hover \"> <a class=\"socials-item\" target=\"_blank\" href=\"https:\/\/www.facebook.com\/sharer\/sharer.php?u=https%3A%2F%2Fwww.visitmalinska.com%2Fsi%2Folive-touch-si-2026%2F\" title=\"Facebook\"><i class=\"socials-item-icon facebook\"><\/i><\/a> <a class=\"socials-item\" target=\"_blank\" href=\"https:\/\/twitter.com\/intent\/tweet?text=Olive+Touch+2026&#038;url=https%3A%2F%2Fwww.visitmalinska.com%2Fsi%2Folive-touch-si-2026%2F\" title=\"Twitter\"><i class=\"socials-item-icon twitter\"><\/i><\/a> <a class=\"socials-item\" target=\"_blank\" href=\"https:\/\/plus.google.com\/share?url=https%3A%2F%2Fwww.visitmalinska.com%2Fsi%2Folive-touch-si-2026%2F\" title=\"Google Plus\"><i class=\"socials-item-icon google-plus\"><\/i><\/a> <a class=\"socials-item\" target=\"_blank\" href=\"https:\/\/pinterest.com\/pin\/create\/button\/?url=https%3A%2F%2Fwww.visitmalinska.com%2Fsi%2Folive-touch-si-2026%2F&#038;description=Olive+Touch+2026&#038;media=https%3A%2F%2Fwww.visitmalinska.com%2Fwp-content%2Fuploads%2F2026%2F01%2FMesopust-u-Dubasnici-2026-_-1080-x-1080-px-1-thegem-blog-timeline-large.webp\" title=\"Pinterest\"><i class=\"socials-item-icon pinterest\"><\/i><\/a> <a class=\"socials-item\" target=\"_blank\" href=\"http:\/\/tumblr.com\/widgets\/share\/tool?canonicalUrl=https%3A%2F%2Fwww.visitmalinska.com%2Fsi%2Folive-touch-si-2026%2F\" title=\"Tumblr\"><i class=\"socials-item-icon tumblr\"><\/i><\/a> <a class=\"socials-item\" target=\"_blank\" href=\"https:\/\/www.linkedin.com\/shareArticle?mini=true&#038;url=https%3A%2F%2Fwww.visitmalinska.com%2Fsi%2Folive-touch-si-2026%2F&#038;title=Olive+Touch+2026&amp;summary=%5Bvc_row%5D%5Bvc_column%5D%5Bvc_column_text%5D+Olive+Touch+2026+je+jesenski+dogodek+v+Malinski+na+otoku+Krk%2C+posve%C4%8Den+oljki%2C+olj%C4%8Dnemu+olju+in+mediteranskemu+na%C4%8Dinu+%C5%BEivljenja....\" title=\"LinkedIn\"><i class=\"socials-item-icon linkedin\"><\/i><\/a> <a class=\"socials-item\" target=\"_blank\" href=\"https:\/\/www.reddit.com\/submit?url=https%3A%2F%2Fwww.visitmalinska.com%2Fsi%2Folive-touch-si-2026%2F&#038;title=Olive+Touch+2026\" title=\"Reddit\"><i class=\"socials-item-icon reddit\"><\/i><\/a> <\/div> <svg class=\"sharing-styled-arrow\"><use xlink:href=\"https:\/\/www.visitmalinska.com\/wp-content\/themes\/tzo-malinska-dubasnica\/css\/post-arrow.svg#dec-post-arrow\"><\/use><\/svg><\/div><\/div> <div class=\"post-read-more\"><div class=\"gem-button-container gem-button-position-inline\"><a class=\"gem-button gem-button-size-tiny gem-button-style-outline gem-button-text-weight-normal gem-button-border-2\" style=\"border-radius: 3px;\" onmouseleave=\"\" onmouseenter=\"\" href=\"https:\/\/www.visitmalinska.com\/si\/olive-touch-si-2026\/\" target=\"_self\">Read More<\/a><\/div> <\/div> <\/div> <\/div> <\/div> <\/div> <\/div> <\/article><!-- #post-42745 -->\n<\/div>[\/vc_column_inner][\/vc_row_inner][\/vc_column][\/vc_row][vc_row][vc_column]<div id=\"fullwidth-block-69f3a2c798cab\" class=\"fullwidth-block clearfix\"  style=\"color: #ffffff;background-color: #9fce3d;\"><script type=\"text\/javascript\">if (typeof(gem_fix_fullwidth_position) == \"function\") { gem_fix_fullwidth_position(document.getElementById(\"fullwidth-block-69f3a2c798cab\")); }<\/script><div class=\"fullwidth-block-inner\"><div class=\"container\">[vc_row_inner][vc_column_inner css=&#8221;.vc_custom_1554449084742{padding-top: 50px !important;padding-bottom: 50px !important;}&#8221;][vc_column_text]<\/p>\n<h1 style=\"text-align: center;\"><span style=\"color: #ffffff;\">NE SPREGLEJTE\u2026<\/span><\/h1>\n<p>[\/vc_column_text][vc_column_text]<\/p>\n<div class=\"small-body styled-subtitle\" style=\"text-align: center;\"><span style=\"color: #ffffff;\">Spodaj je nekaj najbolj privla\u010dnih dogodkov skozi vse leto!<br \/>\n<\/span><\/div>\n<p>[\/vc_column_text][\/vc_column_inner][\/vc_row_inner]<\/div><\/div><div class=\"fullwidth-bottom-marker marker-direction-outside\"><svg width=\"140\" height=\"70\" style=\"fill: #9fce3d\"><path d=\"M 0,0 Q 65,5 70,70 Q 75,5 140,0\" \/><\/svg><\/div><\/div>[\/vc_column][\/vc_row][vc_row full_width=&#8221;stretch_row_content&#8221; css=&#8221;.vc_custom_1572871375409{padding-top: 100px !important;background-color: #d8e899 !important;}&#8221;][vc_column]<div id=\"fullwidth-block-69f3a2c798cdd\" class=\"fullwidth-block clearfix\"  style=\"\"><script type=\"text\/javascript\">if (typeof(gem_fix_fullwidth_position) == \"function\") { gem_fix_fullwidth_position(document.getElementById(\"fullwidth-block-69f3a2c798cdd\")); }<\/script><div class=\"fullwidth-block-inner\">[vc_row_inner css=&#8221;.vc_custom_1556286931356{padding-right: 20px !important;padding-bottom: 50px !important;padding-left: 20px !important;}&#8221;][vc_column_inner][vc_basic_grid post_type=&#8221;post&#8221; max_items=&#8221;12&#8243; style=&#8221;pagination&#8221; items_per_page=&#8221;3&#8243; arrows_design=&#8221;vc_arrow-icon-arrow_01_left&#8221; arrows_color=&#8221;white&#8221; paging_design=&#8221;point_dots&#8221; paging_color=&#8221;white&#8221; item=&#8221;theGem_mediaGrid_4&#8243; initial_loading_animation=&#8221;none&#8221; grid_id=&#8221;vc_gid:1763645497885-3a44b5af-cbf4-10&#8243; el_class=&#8221;homepage_grid&#8221; taxonomies=&#8221;742&#8243;][\/vc_column_inner][\/vc_row_inner]<\/div><\/div>[\/vc_column][\/vc_row][vc_row full_width=&#8221;stretch_row&#8221; css=&#8221;.vc_custom_1554711625867{padding-top: 70px !important;padding-bottom: 20px !important;}&#8221;][vc_column]<div id=\"fullwidth-block-69f3a2c798d02\" class=\"fullwidth-block clearfix\"  style=\"background-color: #ffffff;\"><script type=\"text\/javascript\">if (typeof(gem_fix_fullwidth_position) == \"function\") { gem_fix_fullwidth_position(document.getElementById(\"fullwidth-block-69f3a2c798d02\")); }<\/script><div class=\"fullwidth-block-inner\"><div class=\"container\">[vc_row_inner][vc_column_inner width=&#8221;1\/2&#8243;][vc_column_text]<\/p>\n<div class=\"title-h4\" style=\"margin-bottom: 20px;\">Naro\u010dite se na<\/div>\n<p>[\/vc_column_text][vc_column_text]<\/p>\n<div class=\"title-h1\">MALINSKA E-NOVICE<\/div>\n<p>[\/vc_column_text][vc_single_image image=&#8221;30893&#8243; img_size=&#8221;full&#8221;][vc_column_text][\/vc_column_text][\/vc_column_inner][vc_column_inner width=&#8221;1\/2&#8243;]<div class=\"clearboth\"><\/div><div class=\"gem-divider \" style=\"margin-top: 10px;\"><\/div>[vc_raw_html]JTVCbWM0d3BfZm9ybSUyMGlkJTNEJTIyNDclMjIlNUQ=[\/vc_raw_html][\/vc_column_inner][\/vc_row_inner]<\/div><\/div><\/div>[\/vc_column][\/vc_row]<\/p>\n","protected":false},"excerpt":{"rendered":"<p>[vc_row full_width=&#8221;stretch_row_content_no_spaces&#8221;][vc_column][\/vc_column][\/vc_row][vc_row][vc_column][\/vc_column][\/vc_row][vc_row full_width=&#8221;stretch_row&#8221; css=&#8221;.vc_custom_1554472421815{padding-top: 100px !important;padding-bottom: 50px !important;}&#8221;][vc_column][\/vc_column][\/vc_row][vc_row][vc_column][\/vc_column][\/vc_row][vc_row css=&#8221;.vc_custom_1567689990553{background-color: #ffffff !important;}&#8221;][vc_column][\/vc_column][\/vc_row][vc_row][vc_column][vc_row_inner css=&#8221;.vc_custom_1566899649635{padding-top: 100px !important;}&#8221;][vc_column_inner width=&#8221;1\/2&#8243;][\/vc_column_inner][vc_column_inner width=&#8221;1\/2&#8243;][\/vc_column_inner][\/vc_row_inner][\/vc_column][\/vc_row][vc_row][vc_column][\/vc_column][\/vc_row][vc_row full_width=&#8221;stretch_row_content&#8221; css=&#8221;.vc_custom_1572871375409{padding-top: 100px !important;background-color:&#8230;<\/p>\n","protected":false},"author":1,"featured_media":0,"parent":0,"menu_order":0,"comment_status":"closed","ping_status":"closed","template":"","meta":{"footnotes":""},"class_list":["post-30220","page","type-page","status-publish"],"acf":[],"yoast_head":"<!-- This site is optimized with the Yoast SEO plugin v23.5 - https:\/\/yoast.com\/wordpress\/plugins\/seo\/ -->\n<title>Turisti\u010dna skupnost Ob\u010dine Malinska - Duba\u0161nica - TZO Malinska-Duba\u0161nica<\/title>\n<meta name=\"robots\" content=\"index, follow, max-snippet:-1, max-image-preview:large, max-video-preview:-1\" \/>\n<link rel=\"canonical\" href=\"https:\/\/www.visitmalinska.com\/\" \/>\n<meta property=\"og:locale\" content=\"sl_SI\" \/>\n<meta property=\"og:type\" content=\"article\" \/>\n<meta property=\"og:title\" content=\"{:hr}Turisti\u010dka zajednica Op\u0107ine Malinska-Duba\u0161nica{:}{:en}Tourist Board of the Municipality of Malinska - Duba\u0161nica{:}{:de}Tourismusverband der Gemeinde Malinska-Duba\u0161nica{:}{:it}Ente del turismo del Comune di Malinska-Duba\u0161nica{:}{:si}Turisti\u010dna skupnost Ob\u010dine Malinska - Duba\u0161nica{:} - TZO Malinska-Duba\u0161nica\" \/>\n<meta property=\"og:description\" content=\"[vc_row full_width=&#8221;stretch_row_content_no_spaces&#8221;][vc_column][\/vc_column][\/vc_row][vc_row][vc_column][\/vc_column][\/vc_row][vc_row full_width=&#8221;stretch_row&#8221; css=&#8221;.vc_custom_1554472421815{padding-top: 100px !important;padding-bottom: 50px !important;}&#8221;][vc_column][\/vc_column][\/vc_row][vc_row][vc_column][\/vc_column][\/vc_row][vc_row css=&#8221;.vc_custom_1567689990553{background-color: #ffffff !important;}&#8221;][vc_column][\/vc_column][\/vc_row][vc_row][vc_column][vc_row_inner css=&#8221;.vc_custom_1566899649635{padding-top: 100px !important;}&#8221;][vc_column_inner width=&#8221;1\/2&#8243;][\/vc_column_inner][vc_column_inner width=&#8221;1\/2&#8243;][\/vc_column_inner][\/vc_row_inner][\/vc_column][\/vc_row][vc_row][vc_column][\/vc_column][\/vc_row][vc_row full_width=&#8221;stretch_row_content&#8221; css=&#8221;.vc_custom_1572871375409{padding-top: 100px !important;background-color:...\" \/>\n<meta property=\"og:url\" content=\"https:\/\/www.visitmalinska.com\/\" \/>\n<meta property=\"og:site_name\" content=\"TZO Malinska-Duba\u0161nica\" \/>\n<meta property=\"article:publisher\" content=\"https:\/\/www.facebook.com\/Malinska.Island.Krk\/\" \/>\n<meta property=\"article:modified_time\" content=\"2025-11-20T13:33:20+00:00\" \/>\n<meta property=\"og:image\" content=\"https:\/\/www.visitmalinska.com\/wp-content\/uploads\/2019\/09\/tzo-malinska-dubasnica-facebook.jpg\" \/>\n\t<meta property=\"og:image:width\" content=\"1200\" \/>\n\t<meta property=\"og:image:height\" content=\"630\" \/>\n\t<meta property=\"og:image:type\" content=\"image\/jpeg\" \/>\n<meta name=\"twitter:card\" content=\"summary_large_image\" \/>\n<meta name=\"twitter:image\" content=\"https:\/\/www.visitmalinska.com\/wp-content\/uploads\/2019\/09\/tzo-malinska-dubasnica-twitter.jpg\" \/>\n<meta name=\"twitter:label1\" content=\"Est. reading time\" \/>\n\t<meta name=\"twitter:data1\" content=\"2 minutes\" \/>\n<script type=\"application\/ld+json\" class=\"yoast-schema-graph\">{\"@context\":\"https:\/\/schema.org\",\"@graph\":[{\"@type\":\"WebPage\",\"@id\":\"https:\/\/www.visitmalinska.com\/\",\"url\":\"https:\/\/www.visitmalinska.com\/\",\"name\":\"{:hr}Turisti\u010dka zajednica Op\u0107ine Malinska-Duba\u0161nica{:}{:en}Tourist Board of the Municipality of Malinska - Duba\u0161nica{:}{:de}Tourismusverband der Gemeinde Malinska-Duba\u0161nica{:}{:it}Ente del turismo del Comune di Malinska-Duba\u0161nica{:}{:si}Turisti\u010dna skupnost Ob\u010dine Malinska - Duba\u0161nica{:} - TZO Malinska-Duba\u0161nica\",\"isPartOf\":{\"@id\":\"https:\/\/www.visitmalinska.com\/#website\"},\"datePublished\":\"2019-03-27T11:26:41+00:00\",\"dateModified\":\"2025-11-20T13:33:20+00:00\",\"breadcrumb\":{\"@id\":\"https:\/\/www.visitmalinska.com\/#breadcrumb\"},\"inLanguage\":\"sl-SI\",\"potentialAction\":[{\"@type\":\"ReadAction\",\"target\":[\"https:\/\/www.visitmalinska.com\/\"]}]},{\"@type\":\"BreadcrumbList\",\"@id\":\"https:\/\/www.visitmalinska.com\/#breadcrumb\",\"itemListElement\":[{\"@type\":\"ListItem\",\"position\":1,\"name\":\"Po\u010detna stranica\",\"item\":\"https:\/\/www.visitmalinska.com\/\"},{\"@type\":\"ListItem\",\"position\":2,\"name\":\"Turisti\u010dka zajednica Op\u0107ine Malinska-Duba\u0161nica\"}]},{\"@type\":\"WebSite\",\"@id\":\"https:\/\/www.visitmalinska.com\/#website\",\"url\":\"https:\/\/www.visitmalinska.com\/\",\"name\":\"TZO Malinska-Duba\u0161nica\",\"description\":\"\",\"publisher\":{\"@id\":\"https:\/\/www.visitmalinska.com\/#organization\"},\"potentialAction\":[{\"@type\":\"SearchAction\",\"target\":{\"@type\":\"EntryPoint\",\"urlTemplate\":\"https:\/\/www.visitmalinska.com\/?s={search_term_string}\"},\"query-input\":{\"@type\":\"PropertyValueSpecification\",\"valueRequired\":true,\"valueName\":\"search_term_string\"}}],\"inLanguage\":\"sl-SI\"},{\"@type\":\"Organization\",\"@id\":\"https:\/\/www.visitmalinska.com\/#organization\",\"name\":\"TZO Malinska - Duba\u0161nica\",\"url\":\"https:\/\/www.visitmalinska.com\/\",\"logo\":{\"@type\":\"ImageObject\",\"inLanguage\":\"sl-SI\",\"@id\":\"https:\/\/www.visitmalinska.com\/#\/schema\/logo\/image\/\",\"url\":\"https:\/\/www.visitmalinska.com\/wp-content\/uploads\/2019\/03\/malinska-logo-240.png\",\"contentUrl\":\"https:\/\/www.visitmalinska.com\/wp-content\/uploads\/2019\/03\/malinska-logo-240.png\",\"width\":1188,\"height\":241,\"caption\":\"TZO Malinska - Duba\u0161nica\"},\"image\":{\"@id\":\"https:\/\/www.visitmalinska.com\/#\/schema\/logo\/image\/\"},\"sameAs\":[\"https:\/\/www.facebook.com\/Malinska.Island.Krk\/\",\"https:\/\/www.instagram.com\/visitmalinska\/\"]}]}<\/script>\n<!-- \/ Yoast SEO plugin. -->","yoast_head_json":{"title":"Turisti\u010dna skupnost Ob\u010dine Malinska - Duba\u0161nica - TZO Malinska-Duba\u0161nica","robots":{"index":"index","follow":"follow","max-snippet":"max-snippet:-1","max-image-preview":"max-image-preview:large","max-video-preview":"max-video-preview:-1"},"canonical":"https:\/\/www.visitmalinska.com\/","og_locale":"sl_SI","og_type":"article","og_title":"{:hr}Turisti\u010dka zajednica Op\u0107ine Malinska-Duba\u0161nica{:}{:en}Tourist Board of the Municipality of Malinska - Duba\u0161nica{:}{:de}Tourismusverband der Gemeinde Malinska-Duba\u0161nica{:}{:it}Ente del turismo del Comune di Malinska-Duba\u0161nica{:}{:si}Turisti\u010dna skupnost Ob\u010dine Malinska - Duba\u0161nica{:} - TZO Malinska-Duba\u0161nica","og_description":"[vc_row full_width=&#8221;stretch_row_content_no_spaces&#8221;][vc_column][\/vc_column][\/vc_row][vc_row][vc_column][\/vc_column][\/vc_row][vc_row full_width=&#8221;stretch_row&#8221; css=&#8221;.vc_custom_1554472421815{padding-top: 100px !important;padding-bottom: 50px !important;}&#8221;][vc_column][\/vc_column][\/vc_row][vc_row][vc_column][\/vc_column][\/vc_row][vc_row css=&#8221;.vc_custom_1567689990553{background-color: #ffffff !important;}&#8221;][vc_column][\/vc_column][\/vc_row][vc_row][vc_column][vc_row_inner css=&#8221;.vc_custom_1566899649635{padding-top: 100px !important;}&#8221;][vc_column_inner width=&#8221;1\/2&#8243;][\/vc_column_inner][vc_column_inner width=&#8221;1\/2&#8243;][\/vc_column_inner][\/vc_row_inner][\/vc_column][\/vc_row][vc_row][vc_column][\/vc_column][\/vc_row][vc_row full_width=&#8221;stretch_row_content&#8221; css=&#8221;.vc_custom_1572871375409{padding-top: 100px !important;background-color:...","og_url":"https:\/\/www.visitmalinska.com\/","og_site_name":"TZO Malinska-Duba\u0161nica","article_publisher":"https:\/\/www.facebook.com\/Malinska.Island.Krk\/","article_modified_time":"2025-11-20T13:33:20+00:00","og_image":[{"width":1200,"height":630,"url":"https:\/\/www.visitmalinska.com\/wp-content\/uploads\/2019\/09\/tzo-malinska-dubasnica-facebook.jpg","type":"image\/jpeg"}],"twitter_card":"summary_large_image","twitter_image":"https:\/\/www.visitmalinska.com\/wp-content\/uploads\/2019\/09\/tzo-malinska-dubasnica-twitter.jpg","twitter_misc":{"Est. reading time":"2 minutes"},"schema":{"@context":"https:\/\/schema.org","@graph":[{"@type":"WebPage","@id":"https:\/\/www.visitmalinska.com\/","url":"https:\/\/www.visitmalinska.com\/","name":"{:hr}Turisti\u010dka zajednica Op\u0107ine Malinska-Duba\u0161nica{:}{:en}Tourist Board of the Municipality of Malinska - Duba\u0161nica{:}{:de}Tourismusverband der Gemeinde Malinska-Duba\u0161nica{:}{:it}Ente del turismo del Comune di Malinska-Duba\u0161nica{:}{:si}Turisti\u010dna skupnost Ob\u010dine Malinska - Duba\u0161nica{:} - TZO Malinska-Duba\u0161nica","isPartOf":{"@id":"https:\/\/www.visitmalinska.com\/#website"},"datePublished":"2019-03-27T11:26:41+00:00","dateModified":"2025-11-20T13:33:20+00:00","breadcrumb":{"@id":"https:\/\/www.visitmalinska.com\/#breadcrumb"},"inLanguage":"sl-SI","potentialAction":[{"@type":"ReadAction","target":["https:\/\/www.visitmalinska.com\/"]}]},{"@type":"BreadcrumbList","@id":"https:\/\/www.visitmalinska.com\/#breadcrumb","itemListElement":[{"@type":"ListItem","position":1,"name":"Po\u010detna stranica","item":"https:\/\/www.visitmalinska.com\/"},{"@type":"ListItem","position":2,"name":"Turisti\u010dka zajednica Op\u0107ine Malinska-Duba\u0161nica"}]},{"@type":"WebSite","@id":"https:\/\/www.visitmalinska.com\/#website","url":"https:\/\/www.visitmalinska.com\/","name":"TZO Malinska-Duba\u0161nica","description":"","publisher":{"@id":"https:\/\/www.visitmalinska.com\/#organization"},"potentialAction":[{"@type":"SearchAction","target":{"@type":"EntryPoint","urlTemplate":"https:\/\/www.visitmalinska.com\/?s={search_term_string}"},"query-input":{"@type":"PropertyValueSpecification","valueRequired":true,"valueName":"search_term_string"}}],"inLanguage":"sl-SI"},{"@type":"Organization","@id":"https:\/\/www.visitmalinska.com\/#organization","name":"TZO Malinska - Duba\u0161nica","url":"https:\/\/www.visitmalinska.com\/","logo":{"@type":"ImageObject","inLanguage":"sl-SI","@id":"https:\/\/www.visitmalinska.com\/#\/schema\/logo\/image\/","url":"https:\/\/www.visitmalinska.com\/wp-content\/uploads\/2019\/03\/malinska-logo-240.png","contentUrl":"https:\/\/www.visitmalinska.com\/wp-content\/uploads\/2019\/03\/malinska-logo-240.png","width":1188,"height":241,"caption":"TZO Malinska - Duba\u0161nica"},"image":{"@id":"https:\/\/www.visitmalinska.com\/#\/schema\/logo\/image\/"},"sameAs":["https:\/\/www.facebook.com\/Malinska.Island.Krk\/","https:\/\/www.instagram.com\/visitmalinska\/"]}]}},"_links":{"self":[{"href":"https:\/\/www.visitmalinska.com\/si\/wp-json\/wp\/v2\/pages\/30220","targetHints":{"allow":["GET"]}}],"collection":[{"href":"https:\/\/www.visitmalinska.com\/si\/wp-json\/wp\/v2\/pages"}],"about":[{"href":"https:\/\/www.visitmalinska.com\/si\/wp-json\/wp\/v2\/types\/page"}],"author":[{"embeddable":true,"href":"https:\/\/www.visitmalinska.com\/si\/wp-json\/wp\/v2\/users\/1"}],"replies":[{"embeddable":true,"href":"https:\/\/www.visitmalinska.com\/si\/wp-json\/wp\/v2\/comments?post=30220"}],"version-history":[{"count":491,"href":"https:\/\/www.visitmalinska.com\/si\/wp-json\/wp\/v2\/pages\/30220\/revisions"}],"predecessor-version":[{"id":42390,"href":"https:\/\/www.visitmalinska.com\/si\/wp-json\/wp\/v2\/pages\/30220\/revisions\/42390"}],"wp:attachment":[{"href":"https:\/\/www.visitmalinska.com\/si\/wp-json\/wp\/v2\/media?parent=30220"}],"curies":[{"name":"wp","href":"https:\/\/api.w.org\/{rel}","templated":true}]}}