{"id":32352,"date":"2019-09-04T14:38:33","date_gmt":"2019-09-04T12:38:33","guid":{"rendered":"http:\/\/www.visitmalinska.com\/?page_id=32352"},"modified":"2022-05-10T21:31:58","modified_gmt":"2022-05-10T19:31:58","slug":"natjecaji","status":"publish","type":"page","link":"https:\/\/www.visitmalinska.com\/it\/applicazioni\/","title":{"rendered":"Applicazioni"},"content":{"rendered":"<p>[vc_row][vc_column][vc_column_text]<\/p>\n<h4>NATJE\u010cAJI U 2022. GODINI<\/h4>\n<p>[\/vc_column_text][\/vc_column][\/vc_row][vc_row][vc_column width=&#8221;1\/3&#8243;][vc_column_text]<a href=\"https:\/\/www.visitmalinska.com\/natjecaj-2022\/\"><img loading=\"lazy\" decoding=\"async\" class=\"size-medium wp-image-37195 aligncenter\" src=\"https:\/\/www.visitmalinska.com\/wp-content\/uploads\/2022\/04\/Natje\u010daj-za-radno-mjesto-300x251.png\" alt=\"\" width=\"300\" height=\"251\" srcset=\"https:\/\/www.visitmalinska.com\/wp-content\/uploads\/2022\/04\/Natje\u010daj-za-radno-mjesto-300x251.png 300w, https:\/\/www.visitmalinska.com\/wp-content\/uploads\/2022\/04\/Natje\u010daj-za-radno-mjesto-768x644.png 768w, https:\/\/www.visitmalinska.com\/wp-content\/uploads\/2022\/04\/Natje\u010daj-za-radno-mjesto.png 940w\" sizes=\"auto, (max-width: 300px) 100vw, 300px\" \/><\/a>[\/vc_column_text][\/vc_column][vc_column width=&#8221;1\/3&#8243;][vc_column_text]<a href=\"https:\/\/www.visitmalinska.com\/natjecaj-za-radno-mjesto-administrator-1\/\"><img loading=\"lazy\" decoding=\"async\" class=\"alignnone size-medium wp-image-37202 aligncenter\" src=\"https:\/\/www.visitmalinska.com\/wp-content\/uploads\/2022\/04\/Natje\u010daj-za-radno-mjesto-1-300x251.png\" alt=\"\" width=\"300\" height=\"251\" srcset=\"https:\/\/www.visitmalinska.com\/wp-content\/uploads\/2022\/04\/Natje\u010daj-za-radno-mjesto-1-300x251.png 300w, https:\/\/www.visitmalinska.com\/wp-content\/uploads\/2022\/04\/Natje\u010daj-za-radno-mjesto-1-768x644.png 768w, https:\/\/www.visitmalinska.com\/wp-content\/uploads\/2022\/04\/Natje\u010daj-za-radno-mjesto-1.png 940w\" sizes=\"auto, (max-width: 300px) 100vw, 300px\" \/><\/a>[\/vc_column_text][\/vc_column][vc_column width=&#8221;1\/3&#8243;][vc_column_text]<img loading=\"lazy\" decoding=\"async\" class=\"alignnone size-medium wp-image-37279\" src=\"https:\/\/www.visitmalinska.com\/wp-content\/uploads\/2022\/04\/Natje\u010daj-za-radno-mjesto3-300x251.png\" alt=\"\" width=\"300\" height=\"251\" srcset=\"https:\/\/www.visitmalinska.com\/wp-content\/uploads\/2022\/04\/Natje\u010daj-za-radno-mjesto3-300x251.png 300w, https:\/\/www.visitmalinska.com\/wp-content\/uploads\/2022\/04\/Natje\u010daj-za-radno-mjesto3-768x644.png 768w, https:\/\/www.visitmalinska.com\/wp-content\/uploads\/2022\/04\/Natje\u010daj-za-radno-mjesto3.png 940w\" sizes=\"auto, (max-width: 300px) 100vw, 300px\" \/>[\/vc_column_text][\/vc_column][\/vc_row][vc_row][vc_column width=&#8221;1\/3&#8243;][vc_column_text]<\/p>\n<h4><\/h4>\n<h4>NATJE\u010cAJI U 2021. GODINI<\/h4>\n<p><a href=\"https:\/\/www.visitmalinska.com\/wp-content\/uploads\/2021\/01\/Natje\u010daj-za-radna-mjesta-2021.pdf\">Natje\u010daj za radna mjesta 2021 [stru\u010dni suradnik &#8211; administrator i stru\u010dni suradnik za promociju i marketing]<\/a>[\/vc_column_text][\/vc_column][vc_column width=&#8221;1\/3&#8243;][vc_column_text]<\/p>\n<h4><\/h4>\n<h4>NATJE\u010cAJI U 2020. GODINI<\/h4>\n<p><a href=\"https:\/\/www.visitmalinska.com\/wp-content\/uploads\/2020\/02\/Natje\u010daj-za-posao-ured-TZ-Informator-2020.pdf\">Natje\u010daj za posao &#8211; <\/a><a href=\"https:\/\/www.visitmalinska.com\/wp-content\/uploads\/2020\/02\/Natje\u010daj-za-posao-ured-TZ-Informator-2020.pdf\">Informator |TU TZO 2020 <\/a><\/p>\n<p><a href=\"https:\/\/www.visitmalinska.com\/wp-content\/uploads\/2020\/02\/Natje\u010daj-za-posao-administrator-u-Galeriji-sv.-Nikole-2020.pdf\">Natje\u010daj za posao &#8211; Administrator|Galerija sv. Nikole 2020<\/a>[\/vc_column_text][\/vc_column][vc_column width=&#8221;1\/3&#8243;][vc_column_text]<\/p>\n<h4><\/h4>\n<h4>JAVNI NATJE\u010cAJ ZA IZRADU NOVOG LOGOTIPA<\/h4>\n<p><a href=\"http:\/\/www.visitmalinska.com\/wp-content\/uploads\/2019\/08\/tzo-malinska-dubasnica-javninatjecaj-za-izradu-novog-logotipa.pdf\" target=\"_blank\" rel=\"noopener noreferrer\">TZO Malinska-Duba\u0161nica javni natje\u010daj za izradu novog logotipa (PDF)<\/a><\/p>\n<p><a href=\"http:\/\/www.visitmalinska.com\/wp-content\/uploads\/2019\/08\/OBRAZAC_A_.pdf\" target=\"_blank\" rel=\"noopener noreferrer\">Obrazac A<\/a><\/p>\n<p><a href=\"http:\/\/www.visitmalinska.com\/wp-content\/uploads\/2019\/08\/OBRAZAC_B_.pdf\" target=\"_blank\" rel=\"noopener noreferrer\">Obrazac B<\/a>[\/vc_column_text][\/vc_column][\/vc_row]<\/p>\n","protected":false},"excerpt":{"rendered":"<p>[vc_row][vc_column][vc_column_text] NATJE\u010cAJI U 2022. GODINI [\/vc_column_text][\/vc_column][\/vc_row][vc_row][vc_column width=&#8221;1\/3&#8243;][vc_column_text][\/vc_column_text][\/vc_column][vc_column width=&#8221;1\/3&#8243;][vc_column_text][\/vc_column_text][\/vc_column][vc_column width=&#8221;1\/3&#8243;][vc_column_text][\/vc_column_text][\/vc_column][\/vc_row][vc_row][vc_column width=&#8221;1\/3&#8243;][vc_column_text] NATJE\u010cAJI U 2021. GODINI Natje\u010daj za radna mjesta 2021 [stru\u010dni&#8230;<\/p>\n","protected":false},"author":1,"featured_media":37291,"parent":0,"menu_order":0,"comment_status":"closed","ping_status":"closed","template":"","meta":{"footnotes":""},"class_list":["post-32352","page","type-page","status-publish","has-post-thumbnail"],"acf":[],"yoast_head":"<!-- This site is optimized with the Yoast SEO plugin v23.5 - https:\/\/yoast.com\/wordpress\/plugins\/seo\/ -->\n<title>Applicazioni - TZO Malinska-Duba\u0161nica<\/title>\n<meta name=\"robots\" content=\"index, follow, max-snippet:-1, max-image-preview:large, max-video-preview:-1\" \/>\n<link rel=\"canonical\" href=\"https:\/\/www.visitmalinska.com\/natjecaji\/\" \/>\n<meta property=\"og:locale\" content=\"it_IT\" \/>\n<meta property=\"og:type\" content=\"article\" \/>\n<meta property=\"og:title\" content=\"{:hr}Natje\u010daji{:}{:en}Applications{:}{:de}Applikationen{:}{:it}Applicazioni{:}{:si}Razpisi{:} - TZO Malinska-Duba\u0161nica\" \/>\n<meta property=\"og:description\" content=\"[vc_row][vc_column][vc_column_text] NATJE\u010cAJI U 2022. GODINI [\/vc_column_text][\/vc_column][\/vc_row][vc_row][vc_column width=&#8221;1\/3&#8243;][vc_column_text][\/vc_column_text][\/vc_column][vc_column width=&#8221;1\/3&#8243;][vc_column_text][\/vc_column_text][\/vc_column][vc_column width=&#8221;1\/3&#8243;][vc_column_text][\/vc_column_text][\/vc_column][\/vc_row][vc_row][vc_column width=&#8221;1\/3&#8243;][vc_column_text] NATJE\u010cAJI U 2021. GODINI Natje\u010daj za radna mjesta 2021 [stru\u010dni...\" \/>\n<meta property=\"og:url\" content=\"https:\/\/www.visitmalinska.com\/natjecaji\/\" \/>\n<meta property=\"og:site_name\" content=\"TZO Malinska-Duba\u0161nica\" \/>\n<meta property=\"article:publisher\" content=\"https:\/\/www.facebook.com\/Malinska.Island.Krk\/\" \/>\n<meta property=\"article:modified_time\" content=\"2022-05-10T19:31:58+00:00\" \/>\n<meta property=\"og:image\" content=\"https:\/\/www.visitmalinska.com\/wp-content\/uploads\/2022\/04\/natjecaji.jpg\" \/>\n\t<meta property=\"og:image:width\" content=\"800\" \/>\n\t<meta property=\"og:image:height\" content=\"800\" \/>\n\t<meta property=\"og:image:type\" content=\"image\/jpeg\" \/>\n<meta name=\"twitter:card\" content=\"summary_large_image\" \/>\n<meta name=\"twitter:label1\" content=\"Est. reading time\" \/>\n\t<meta name=\"twitter:data1\" content=\"1 minute\" \/>\n<script type=\"application\/ld+json\" class=\"yoast-schema-graph\">{\"@context\":\"https:\/\/schema.org\",\"@graph\":[{\"@type\":\"WebPage\",\"@id\":\"https:\/\/www.visitmalinska.com\/natjecaji\/\",\"url\":\"https:\/\/www.visitmalinska.com\/natjecaji\/\",\"name\":\"{:hr}Natje\u010daji{:}{:en}Applications{:}{:de}Applikationen{:}{:it}Applicazioni{:}{:si}Razpisi{:} - TZO Malinska-Duba\u0161nica\",\"isPartOf\":{\"@id\":\"https:\/\/www.visitmalinska.com\/#website\"},\"primaryImageOfPage\":{\"@id\":\"https:\/\/www.visitmalinska.com\/natjecaji\/#primaryimage\"},\"image\":{\"@id\":\"https:\/\/www.visitmalinska.com\/natjecaji\/#primaryimage\"},\"thumbnailUrl\":\"https:\/\/www.visitmalinska.com\/wp-content\/uploads\/2022\/04\/natjecaji.jpg\",\"datePublished\":\"2019-09-04T12:38:33+00:00\",\"dateModified\":\"2022-05-10T19:31:58+00:00\",\"breadcrumb\":{\"@id\":\"https:\/\/www.visitmalinska.com\/natjecaji\/#breadcrumb\"},\"inLanguage\":\"it-IT\",\"potentialAction\":[{\"@type\":\"ReadAction\",\"target\":[\"https:\/\/www.visitmalinska.com\/natjecaji\/\"]}]},{\"@type\":\"ImageObject\",\"inLanguage\":\"it-IT\",\"@id\":\"https:\/\/www.visitmalinska.com\/natjecaji\/#primaryimage\",\"url\":\"https:\/\/www.visitmalinska.com\/wp-content\/uploads\/2022\/04\/natjecaji.jpg\",\"contentUrl\":\"https:\/\/www.visitmalinska.com\/wp-content\/uploads\/2022\/04\/natjecaji.jpg\",\"width\":800,\"height\":800},{\"@type\":\"BreadcrumbList\",\"@id\":\"https:\/\/www.visitmalinska.com\/natjecaji\/#breadcrumb\",\"itemListElement\":[{\"@type\":\"ListItem\",\"position\":1,\"name\":\"Po\u010detna stranica\",\"item\":\"https:\/\/www.visitmalinska.com\/\"},{\"@type\":\"ListItem\",\"position\":2,\"name\":\"Natje\u010daji\"}]},{\"@type\":\"WebSite\",\"@id\":\"https:\/\/www.visitmalinska.com\/#website\",\"url\":\"https:\/\/www.visitmalinska.com\/\",\"name\":\"TZO Malinska-Duba\u0161nica\",\"description\":\"\",\"publisher\":{\"@id\":\"https:\/\/www.visitmalinska.com\/#organization\"},\"potentialAction\":[{\"@type\":\"SearchAction\",\"target\":{\"@type\":\"EntryPoint\",\"urlTemplate\":\"https:\/\/www.visitmalinska.com\/?s={search_term_string}\"},\"query-input\":{\"@type\":\"PropertyValueSpecification\",\"valueRequired\":true,\"valueName\":\"search_term_string\"}}],\"inLanguage\":\"it-IT\"},{\"@type\":\"Organization\",\"@id\":\"https:\/\/www.visitmalinska.com\/#organization\",\"name\":\"TZO Malinska - Duba\u0161nica\",\"url\":\"https:\/\/www.visitmalinska.com\/\",\"logo\":{\"@type\":\"ImageObject\",\"inLanguage\":\"it-IT\",\"@id\":\"https:\/\/www.visitmalinska.com\/#\/schema\/logo\/image\/\",\"url\":\"https:\/\/www.visitmalinska.com\/wp-content\/uploads\/2019\/03\/malinska-logo-240.png\",\"contentUrl\":\"https:\/\/www.visitmalinska.com\/wp-content\/uploads\/2019\/03\/malinska-logo-240.png\",\"width\":1188,\"height\":241,\"caption\":\"TZO Malinska - Duba\u0161nica\"},\"image\":{\"@id\":\"https:\/\/www.visitmalinska.com\/#\/schema\/logo\/image\/\"},\"sameAs\":[\"https:\/\/www.facebook.com\/Malinska.Island.Krk\/\",\"https:\/\/www.instagram.com\/visitmalinska\/\"]}]}<\/script>\n<!-- \/ Yoast SEO plugin. -->","yoast_head_json":{"title":"Applicazioni - TZO Malinska-Duba\u0161nica","robots":{"index":"index","follow":"follow","max-snippet":"max-snippet:-1","max-image-preview":"max-image-preview:large","max-video-preview":"max-video-preview:-1"},"canonical":"https:\/\/www.visitmalinska.com\/natjecaji\/","og_locale":"it_IT","og_type":"article","og_title":"{:hr}Natje\u010daji{:}{:en}Applications{:}{:de}Applikationen{:}{:it}Applicazioni{:}{:si}Razpisi{:} - TZO Malinska-Duba\u0161nica","og_description":"[vc_row][vc_column][vc_column_text] NATJE\u010cAJI U 2022. GODINI [\/vc_column_text][\/vc_column][\/vc_row][vc_row][vc_column width=&#8221;1\/3&#8243;][vc_column_text][\/vc_column_text][\/vc_column][vc_column width=&#8221;1\/3&#8243;][vc_column_text][\/vc_column_text][\/vc_column][vc_column width=&#8221;1\/3&#8243;][vc_column_text][\/vc_column_text][\/vc_column][\/vc_row][vc_row][vc_column width=&#8221;1\/3&#8243;][vc_column_text] NATJE\u010cAJI U 2021. GODINI Natje\u010daj za radna mjesta 2021 [stru\u010dni...","og_url":"https:\/\/www.visitmalinska.com\/natjecaji\/","og_site_name":"TZO Malinska-Duba\u0161nica","article_publisher":"https:\/\/www.facebook.com\/Malinska.Island.Krk\/","article_modified_time":"2022-05-10T19:31:58+00:00","og_image":[{"width":800,"height":800,"url":"https:\/\/www.visitmalinska.com\/wp-content\/uploads\/2022\/04\/natjecaji.jpg","type":"image\/jpeg"}],"twitter_card":"summary_large_image","twitter_misc":{"Est. reading time":"1 minute"},"schema":{"@context":"https:\/\/schema.org","@graph":[{"@type":"WebPage","@id":"https:\/\/www.visitmalinska.com\/natjecaji\/","url":"https:\/\/www.visitmalinska.com\/natjecaji\/","name":"{:hr}Natje\u010daji{:}{:en}Applications{:}{:de}Applikationen{:}{:it}Applicazioni{:}{:si}Razpisi{:} - TZO Malinska-Duba\u0161nica","isPartOf":{"@id":"https:\/\/www.visitmalinska.com\/#website"},"primaryImageOfPage":{"@id":"https:\/\/www.visitmalinska.com\/natjecaji\/#primaryimage"},"image":{"@id":"https:\/\/www.visitmalinska.com\/natjecaji\/#primaryimage"},"thumbnailUrl":"https:\/\/www.visitmalinska.com\/wp-content\/uploads\/2022\/04\/natjecaji.jpg","datePublished":"2019-09-04T12:38:33+00:00","dateModified":"2022-05-10T19:31:58+00:00","breadcrumb":{"@id":"https:\/\/www.visitmalinska.com\/natjecaji\/#breadcrumb"},"inLanguage":"it-IT","potentialAction":[{"@type":"ReadAction","target":["https:\/\/www.visitmalinska.com\/natjecaji\/"]}]},{"@type":"ImageObject","inLanguage":"it-IT","@id":"https:\/\/www.visitmalinska.com\/natjecaji\/#primaryimage","url":"https:\/\/www.visitmalinska.com\/wp-content\/uploads\/2022\/04\/natjecaji.jpg","contentUrl":"https:\/\/www.visitmalinska.com\/wp-content\/uploads\/2022\/04\/natjecaji.jpg","width":800,"height":800},{"@type":"BreadcrumbList","@id":"https:\/\/www.visitmalinska.com\/natjecaji\/#breadcrumb","itemListElement":[{"@type":"ListItem","position":1,"name":"Po\u010detna stranica","item":"https:\/\/www.visitmalinska.com\/"},{"@type":"ListItem","position":2,"name":"Natje\u010daji"}]},{"@type":"WebSite","@id":"https:\/\/www.visitmalinska.com\/#website","url":"https:\/\/www.visitmalinska.com\/","name":"TZO Malinska-Duba\u0161nica","description":"","publisher":{"@id":"https:\/\/www.visitmalinska.com\/#organization"},"potentialAction":[{"@type":"SearchAction","target":{"@type":"EntryPoint","urlTemplate":"https:\/\/www.visitmalinska.com\/?s={search_term_string}"},"query-input":{"@type":"PropertyValueSpecification","valueRequired":true,"valueName":"search_term_string"}}],"inLanguage":"it-IT"},{"@type":"Organization","@id":"https:\/\/www.visitmalinska.com\/#organization","name":"TZO Malinska - Duba\u0161nica","url":"https:\/\/www.visitmalinska.com\/","logo":{"@type":"ImageObject","inLanguage":"it-IT","@id":"https:\/\/www.visitmalinska.com\/#\/schema\/logo\/image\/","url":"https:\/\/www.visitmalinska.com\/wp-content\/uploads\/2019\/03\/malinska-logo-240.png","contentUrl":"https:\/\/www.visitmalinska.com\/wp-content\/uploads\/2019\/03\/malinska-logo-240.png","width":1188,"height":241,"caption":"TZO Malinska - Duba\u0161nica"},"image":{"@id":"https:\/\/www.visitmalinska.com\/#\/schema\/logo\/image\/"},"sameAs":["https:\/\/www.facebook.com\/Malinska.Island.Krk\/","https:\/\/www.instagram.com\/visitmalinska\/"]}]}},"_links":{"self":[{"href":"https:\/\/www.visitmalinska.com\/it\/wp-json\/wp\/v2\/pages\/32352","targetHints":{"allow":["GET"]}}],"collection":[{"href":"https:\/\/www.visitmalinska.com\/it\/wp-json\/wp\/v2\/pages"}],"about":[{"href":"https:\/\/www.visitmalinska.com\/it\/wp-json\/wp\/v2\/types\/page"}],"author":[{"embeddable":true,"href":"https:\/\/www.visitmalinska.com\/it\/wp-json\/wp\/v2\/users\/1"}],"replies":[{"embeddable":true,"href":"https:\/\/www.visitmalinska.com\/it\/wp-json\/wp\/v2\/comments?post=32352"}],"version-history":[{"count":25,"href":"https:\/\/www.visitmalinska.com\/it\/wp-json\/wp\/v2\/pages\/32352\/revisions"}],"predecessor-version":[{"id":37401,"href":"https:\/\/www.visitmalinska.com\/it\/wp-json\/wp\/v2\/pages\/32352\/revisions\/37401"}],"wp:featuredmedia":[{"embeddable":true,"href":"https:\/\/www.visitmalinska.com\/it\/wp-json\/wp\/v2\/media\/37291"}],"wp:attachment":[{"href":"https:\/\/www.visitmalinska.com\/it\/wp-json\/wp\/v2\/media?parent=32352"}],"curies":[{"name":"wp","href":"https:\/\/api.w.org\/{rel}","templated":true}]}}