{"id":30665,"date":"2019-04-11T08:47:52","date_gmt":"2019-04-11T07:47:52","guid":{"rendered":"http:\/\/www.visitmalinska.com\/?page_id=30665"},"modified":"2025-08-16T15:55:17","modified_gmt":"2025-08-16T13:55:17","slug":"malinska-plaze","status":"publish","type":"page","link":"https:\/\/www.visitmalinska.com\/en\/malinska-for-all\/beaches\/","title":{"rendered":"Beaches"},"content":{"rendered":"<p>[vc_row][vc_column]<div id=\"fullwidth-block-69f566addf6b5\" class=\"fullwidth-block clearfix\"  style=\"color: #000000;background-color: #fccc10;padding-top: 50px;padding-bottom: 50px;\"><script type=\"text\/javascript\">if (typeof(gem_fix_fullwidth_position) == \"function\") { gem_fix_fullwidth_position(document.getElementById(\"fullwidth-block-69f566addf6b5\")); }<\/script><div class=\"fullwidth-block-inner\"><div class=\"container\">[vc_row_inner][vc_column_inner width=&#8221;1\/2&#8243;][vc_column_text]<\/p>\n<p>The beaches of Malinska and the island of Krk are considered to be among the finest in Croatia.\u00a0 One of the advantages of Malinska\u2019s wide and deeply indented coast is that, wherever you go, a beach is always nearby.\u00a0 The island\u2019s diverse coast offers a wide palette of beaches ranging from rocky, sandy, and pebbled beaches to hidden coves.<\/p>\n<p>There are beaches for children, the disabled, non-swimmers and the elderly, beaches for dogs, those in search of natural shade and proximity to parking, beaches with bars, for sports enthusiasts, and an unofficial nudist beach.\u00a0 Malinska offers all this, and more.<\/p>\n<p>[\/vc_column_text][\/vc_column_inner][vc_column_inner width=&#8221;1\/2&#8243;][vc_column_text]<\/p>\n<p>The beaches on the territory of the municipality of Malinska-Duba\u0161nica are connected by a number of promenades creating a harmonious, natural whole.\u00a0 When it comes to grooming, the beaches vary from those with concrete slabs to wild, rocky beaches that require an adventurous spirit to enter the sea. Together with the many hidden and secluded bathing areas located in small coves, they are well worth the visit.\u00a0 The beaches stretch along the western side of the island of Krk, beginning with Rajska cesta (Paradise Road) that connects Malinska and Njivice, and ending behind the romantic village of Porat.<\/p>\n<p>[\/vc_column_text][\/vc_column_inner][\/vc_row_inner]<\/div><\/div><div class=\"fullwidth-bottom-marker marker-direction-outside\"><svg width=\"140\" height=\"70\" style=\"fill: #fccc10\"><path d=\"M 0,0 Q 65,5 70,70 Q 75,5 140,0\" \/><\/svg><\/div><\/div>[\/vc_column][\/vc_row][vc_row full_width=&#8221;stretch_row&#8221; css=&#8221;.vc_custom_1562926834046{padding-top: 100px !important;}&#8221;][vc_column]<div id=\"fullwidth-block-69f566addf6e1\" class=\"fullwidth-block clearfix\"  style=\"\"><script type=\"text\/javascript\">if (typeof(gem_fix_fullwidth_position) == \"function\") { gem_fix_fullwidth_position(document.getElementById(\"fullwidth-block-69f566addf6e1\")); }<\/script><div class=\"fullwidth-block-inner\"><div class=\"container\">[vc_row_inner][vc_column_inner width=&#8221;1\/2&#8243;][vc_column_text]<\/p>\n<h3>Maestral Beach<\/h3>\n<hr \/>\n<p>[\/vc_column_text]<div class=\"preloader\"><div class=\"preloader-spin\"><\/div><\/div> <div class=\"gem-gallery gem-gallery-hover-horizontal-sliding\" data-autoscroll=\"5000\"> <div class=\"gem-gallery-item\"> <div class=\"gem-gallery-item-image\"> <a href=\"https:\/\/www.visitmalinska.com\/wp-content\/uploads\/2019\/04\/rsz_rsz_plaza_maestral-1811-thegem-gallery-sidebar.jpg\" data-fancybox-group=\"gallery-69f566addf786\" data-full-image-url=\"https:\/\/www.visitmalinska.com\/wp-content\/uploads\/2019\/04\/rsz_rsz_plaza_maestral-1811.jpg\"> <svg width=\"20\" height=\"10\"><path d=\"M 0,10 Q 9,9 10,0 Q 11,9 20,10\" \/><\/svg> <img decoding=\"async\" src=\"https:\/\/www.visitmalinska.com\/wp-content\/uploads\/2019\/04\/rsz_rsz_plaza_maestral-1811-thegem-post-thumb-small.jpg\" alt=\"\" class=\"img-responsive\"> <span class=\"gem-gallery-caption slide-info\"> <\/span> <\/a> <span class=\"gem-gallery-line\"><\/span> <\/div> <\/div> <div class=\"gem-gallery-item\"> <div class=\"gem-gallery-item-image\"> <a href=\"https:\/\/www.visitmalinska.com\/wp-content\/uploads\/2019\/04\/rsz_plaza_maestral-131-scaled-thegem-gallery-sidebar.jpg\" data-fancybox-group=\"gallery-69f566addf786\" data-full-image-url=\"https:\/\/www.visitmalinska.com\/wp-content\/uploads\/2019\/04\/rsz_plaza_maestral-131-scaled.jpg\"> <svg width=\"20\" height=\"10\"><path d=\"M 0,10 Q 9,9 10,0 Q 11,9 20,10\" \/><\/svg> <img decoding=\"async\" src=\"https:\/\/www.visitmalinska.com\/wp-content\/uploads\/2019\/04\/rsz_plaza_maestral-131-scaled-thegem-post-thumb-small.jpg\" alt=\"\" class=\"img-responsive\"> <span class=\"gem-gallery-caption slide-info\"> <\/span> <\/a> <span class=\"gem-gallery-line\"><\/span> <\/div> <\/div> <div class=\"gem-gallery-item\"> <div class=\"gem-gallery-item-image\"> <a href=\"https:\/\/www.visitmalinska.com\/wp-content\/uploads\/2019\/04\/rsz_rsz_plaza_maestral-711-thegem-gallery-sidebar.jpg\" data-fancybox-group=\"gallery-69f566addf786\" data-full-image-url=\"https:\/\/www.visitmalinska.com\/wp-content\/uploads\/2019\/04\/rsz_rsz_plaza_maestral-711.jpg\"> <svg width=\"20\" height=\"10\"><path d=\"M 0,10 Q 9,9 10,0 Q 11,9 20,10\" \/><\/svg> <img decoding=\"async\" src=\"https:\/\/www.visitmalinska.com\/wp-content\/uploads\/2019\/04\/rsz_rsz_plaza_maestral-711-thegem-post-thumb-small.jpg\" alt=\"\" class=\"img-responsive\"> <span class=\"gem-gallery-caption slide-info\"> <\/span> <\/a> <span class=\"gem-gallery-line\"><\/span> <\/div> <\/div> <div class=\"gem-gallery-item\"> <div class=\"gem-gallery-item-image\"> <a href=\"https:\/\/www.visitmalinska.com\/wp-content\/uploads\/2019\/04\/rsz_plaza_maestral-101-scaled-thegem-gallery-sidebar.jpg\" data-fancybox-group=\"gallery-69f566addf786\" data-full-image-url=\"https:\/\/www.visitmalinska.com\/wp-content\/uploads\/2019\/04\/rsz_plaza_maestral-101-scaled.jpg\"> <svg width=\"20\" height=\"10\"><path d=\"M 0,10 Q 9,9 10,0 Q 11,9 20,10\" \/><\/svg> <img decoding=\"async\" src=\"https:\/\/www.visitmalinska.com\/wp-content\/uploads\/2019\/04\/rsz_plaza_maestral-101-scaled-thegem-post-thumb-small.jpg\" alt=\"\" class=\"img-responsive\"> <span class=\"gem-gallery-caption slide-info\"> <\/span> <\/a> <span class=\"gem-gallery-line\"><\/span> <\/div> <\/div> <div class=\"gem-gallery-item\"> <div class=\"gem-gallery-item-image\"> <a href=\"https:\/\/www.visitmalinska.com\/wp-content\/uploads\/2019\/04\/rsz_rsz_plaza_maestral-1711-thegem-gallery-sidebar.jpg\" data-fancybox-group=\"gallery-69f566addf786\" data-full-image-url=\"https:\/\/www.visitmalinska.com\/wp-content\/uploads\/2019\/04\/rsz_rsz_plaza_maestral-1711.jpg\"> <svg width=\"20\" height=\"10\"><path d=\"M 0,10 Q 9,9 10,0 Q 11,9 20,10\" \/><\/svg> <img decoding=\"async\" src=\"https:\/\/www.visitmalinska.com\/wp-content\/uploads\/2019\/04\/rsz_rsz_plaza_maestral-1711-thegem-post-thumb-small.jpg\" alt=\"\" class=\"img-responsive\"> <span class=\"gem-gallery-caption slide-info\"> <\/span> <\/a> <span class=\"gem-gallery-line\"><\/span> <\/div> <\/div> <div class=\"gem-gallery-item\"> <div class=\"gem-gallery-item-image\"> <a href=\"https:\/\/www.visitmalinska.com\/wp-content\/uploads\/2019\/04\/rsz_plaza_maestral-121-thegem-gallery-sidebar.jpg\" data-fancybox-group=\"gallery-69f566addf786\" data-full-image-url=\"https:\/\/www.visitmalinska.com\/wp-content\/uploads\/2019\/04\/rsz_plaza_maestral-121.jpg\"> <svg width=\"20\" height=\"10\"><path d=\"M 0,10 Q 9,9 10,0 Q 11,9 20,10\" \/><\/svg> <img decoding=\"async\" src=\"https:\/\/www.visitmalinska.com\/wp-content\/uploads\/2019\/04\/rsz_plaza_maestral-121-thegem-post-thumb-small.jpg\" alt=\"\" class=\"img-responsive\"> <span class=\"gem-gallery-caption slide-info\"> <\/span> <\/a> <span class=\"gem-gallery-line\"><\/span> <\/div> <\/div> <div class=\"gem-gallery-item\"> <div class=\"gem-gallery-item-image\"> <a href=\"https:\/\/www.visitmalinska.com\/wp-content\/uploads\/2019\/04\/rsz_tabela_-_maestral_-_150x90_compressed_page-00011-scaled-thegem-gallery-sidebar.jpg\" data-fancybox-group=\"gallery-69f566addf786\" data-full-image-url=\"https:\/\/www.visitmalinska.com\/wp-content\/uploads\/2019\/04\/rsz_tabela_-_maestral_-_150x90_compressed_page-00011-scaled.jpg\"> <svg width=\"20\" height=\"10\"><path d=\"M 0,10 Q 9,9 10,0 Q 11,9 20,10\" \/><\/svg> <img decoding=\"async\" src=\"https:\/\/www.visitmalinska.com\/wp-content\/uploads\/2019\/04\/rsz_tabela_-_maestral_-_150x90_compressed_page-00011-scaled-thegem-post-thumb-small.jpg\" alt=\"\" class=\"img-responsive\"> <span class=\"gem-gallery-caption slide-info\"> <\/span> <\/a> <span class=\"gem-gallery-line\"><\/span> <\/div> <\/div> <\/div>[vc_column_text]<\/p>\n<hr \/>\n<p>This is one of the two beaches closest to the town center.\u00a0 It is located 50 metres from the parking lot and stretches along the coast for 200 metres. \u00a0In is situated on the very promenade, meaning it can be accessed by car, and is also equipped with a ramp for the disabled.\u00a0 The entrance to the sea is pebbled, with a newly constructed concrete sunbathing area and pier for jumping into the sea.\u00a0 You can enjoy some ice cream, and a good selection of eateries and bars can be found in the vicinity.\u00a0 The beach has a shower, sanitary facilities, and sun loungers for rent.<\/p>\n<hr \/>\n<p>[\/vc_column_text][\/vc_column_inner][vc_column_inner width=&#8221;1\/2&#8243;][vc_column_text]<\/p>\n<h3>Rupa\/ Porti\u0107 Beach<\/h3>\n<hr \/>\n<p>[\/vc_column_text][vc_column_text]<\/p>\n<hr \/>\n<p>Only 200 metres away, this is the beach closest to the town centre. Its location in the vicinity of a parking lot makes it one of the most popular beaches in town.\u00a0 It is 350 metres long and, in addition to shade, offers one of the most beautiful sunset views in Malinska. You\u00a0can find shade and refreshment in any of the many bars and restaurants.\u00a0 The concrete sunbathing areas with pebbled entrances into the sea are clean and well groomed, equipped with a shower, changing cabins, sanitary facilities, and lounge chairs for rent.<\/p>\n<p>Due to its exceptionally clean waters, the beach has been awarded a Blue Flag, making it perfect for children. They can also enjoy the park, swings, slide and playhouse at the beach.\u00a0 The water park and children\u2019s playground offered by Rupa beach can make life easier for parents, as the kids will have something to occupy them.\u00a0 The beach is also adapted for the disabled and is a good choice for non-swimmers.<\/p>\n<p>The cute little beach of Porti\u0107 is located past Rupa beach and is ideal for lovers of sunbathing.\u00a0 A restaurant is next to the beach, together with the Kralji\u0107 family shipyard, the oldest traditional shipyard in the northern Adriatic.<\/p>\n<hr \/>\n<p>[\/vc_column_text][\/vc_column_inner][\/vc_row_inner]<\/div><\/div><\/div>[\/vc_column][\/vc_row][vc_row full_width=&#8221;stretch_row&#8221; css=&#8221;.vc_custom_1563800924538{padding-top: 100px !important;}&#8221;][vc_column]<div id=\"fullwidth-block-69f566ae2761d\" class=\"fullwidth-block clearfix\"  style=\"\"><script type=\"text\/javascript\">if (typeof(gem_fix_fullwidth_position) == \"function\") { gem_fix_fullwidth_position(document.getElementById(\"fullwidth-block-69f566ae2761d\")); }<\/script><div class=\"fullwidth-block-inner\"><div class=\"container\">[vc_row_inner][vc_column_inner width=&#8221;1\/2&#8243;][vc_column_text]<\/p>\n<h3>Malin Beach<\/h3>\n<hr \/>\n<p>[\/vc_column_text]<div class=\"preloader\"><div class=\"preloader-spin\"><\/div><\/div> <div class=\"gem-gallery gem-gallery-hover-horizontal-sliding\" data-autoscroll=\"5000\"> <div class=\"gem-gallery-item\"> <div class=\"gem-gallery-item-image\"> <a href=\"https:\/\/www.visitmalinska.com\/wp-content\/uploads\/2025\/08\/rsz_plaza_draga-151-thegem-gallery-sidebar.jpg\" data-fancybox-group=\"gallery-69f566ae2769f\" data-full-image-url=\"https:\/\/www.visitmalinska.com\/wp-content\/uploads\/2025\/08\/rsz_plaza_draga-151.jpg\"> <svg width=\"20\" height=\"10\"><path d=\"M 0,10 Q 9,9 10,0 Q 11,9 20,10\" \/><\/svg> <img decoding=\"async\" src=\"https:\/\/www.visitmalinska.com\/wp-content\/uploads\/2025\/08\/rsz_plaza_draga-151-thegem-post-thumb-small.jpg\" alt=\"\" class=\"img-responsive\"> <span class=\"gem-gallery-caption slide-info\"> <\/span> <\/a> <span class=\"gem-gallery-line\"><\/span> <\/div> <\/div> <div class=\"gem-gallery-item\"> <div class=\"gem-gallery-item-image\"> <a href=\"https:\/\/www.visitmalinska.com\/wp-content\/uploads\/2025\/08\/rsz_plaza_draga-41-thegem-gallery-sidebar.jpg\" data-fancybox-group=\"gallery-69f566ae2769f\" data-full-image-url=\"https:\/\/www.visitmalinska.com\/wp-content\/uploads\/2025\/08\/rsz_plaza_draga-41.jpg\"> <svg width=\"20\" height=\"10\"><path d=\"M 0,10 Q 9,9 10,0 Q 11,9 20,10\" \/><\/svg> <img decoding=\"async\" src=\"https:\/\/www.visitmalinska.com\/wp-content\/uploads\/2025\/08\/rsz_plaza_draga-41-thegem-post-thumb-small.jpg\" alt=\"\" class=\"img-responsive\"> <span class=\"gem-gallery-caption slide-info\"> <\/span> <\/a> <span class=\"gem-gallery-line\"><\/span> <\/div> <\/div> <div class=\"gem-gallery-item\"> <div class=\"gem-gallery-item-image\"> <a href=\"https:\/\/www.visitmalinska.com\/wp-content\/uploads\/2025\/08\/rsz_plaza_draga-121-thegem-gallery-sidebar.jpg\" data-fancybox-group=\"gallery-69f566ae2769f\" data-full-image-url=\"https:\/\/www.visitmalinska.com\/wp-content\/uploads\/2025\/08\/rsz_plaza_draga-121.jpg\"> <svg width=\"20\" height=\"10\"><path d=\"M 0,10 Q 9,9 10,0 Q 11,9 20,10\" \/><\/svg> <img decoding=\"async\" src=\"https:\/\/www.visitmalinska.com\/wp-content\/uploads\/2025\/08\/rsz_plaza_draga-121-thegem-post-thumb-small.jpg\" alt=\"\" class=\"img-responsive\"> <span class=\"gem-gallery-caption slide-info\"> <\/span> <\/a> <span class=\"gem-gallery-line\"><\/span> <\/div> <\/div> <div class=\"gem-gallery-item\"> <div class=\"gem-gallery-item-image\"> <a href=\"https:\/\/www.visitmalinska.com\/wp-content\/uploads\/2025\/08\/rsz_plaza_draga-211-thegem-gallery-sidebar.jpg\" data-fancybox-group=\"gallery-69f566ae2769f\" data-full-image-url=\"https:\/\/www.visitmalinska.com\/wp-content\/uploads\/2025\/08\/rsz_plaza_draga-211.jpg\"> <svg width=\"20\" height=\"10\"><path d=\"M 0,10 Q 9,9 10,0 Q 11,9 20,10\" \/><\/svg> <img decoding=\"async\" src=\"https:\/\/www.visitmalinska.com\/wp-content\/uploads\/2025\/08\/rsz_plaza_draga-211-thegem-post-thumb-small.jpg\" alt=\"\" class=\"img-responsive\"> <span class=\"gem-gallery-caption slide-info\"> <\/span> <\/a> <span class=\"gem-gallery-line\"><\/span> <\/div> <\/div> <div class=\"gem-gallery-item\"> <div class=\"gem-gallery-item-image\"> <a href=\"https:\/\/www.visitmalinska.com\/wp-content\/uploads\/2025\/08\/rsz_plaza_draga-91-thegem-gallery-sidebar.jpg\" data-fancybox-group=\"gallery-69f566ae2769f\" data-full-image-url=\"https:\/\/www.visitmalinska.com\/wp-content\/uploads\/2025\/08\/rsz_plaza_draga-91.jpg\"> <svg width=\"20\" height=\"10\"><path d=\"M 0,10 Q 9,9 10,0 Q 11,9 20,10\" \/><\/svg> <img decoding=\"async\" src=\"https:\/\/www.visitmalinska.com\/wp-content\/uploads\/2025\/08\/rsz_plaza_draga-91-thegem-post-thumb-small.jpg\" alt=\"\" class=\"img-responsive\"> <span class=\"gem-gallery-caption slide-info\"> <\/span> <\/a> <span class=\"gem-gallery-line\"><\/span> <\/div> <\/div> <\/div>[vc_column_text]<\/p>\n<hr \/>\n<p>This 500 metre long concrete beach with pebbled entrances to the sea is located 50 metres from parking lots.\u00a0 It features piers for jumping into the sea, well-groomed areas for sunbathing, showers, sanitary facilities, sun umbrellas and loungers for hire.\u00a0 It also has a beach bar, and a restaurant located next to it where you can enjoy some seafood delicacies or pizza.<\/p>\n<p>Those looking for fun at sea, adventure and recreational water sports can try the jet ski and banana lift. Adventure lovers can also enjoy the parachute rides and water skiing, popular all over the island. The beach offers a floating island water park for children, also enjoyed by all those who are kids at heart. Young people hang out on the beach late into the night playing volleyball on the illuminated court. The location of the beach offers the possibility of mooring boats.<\/p>\n<hr \/>\n<p>[\/vc_column_text][\/vc_column_inner][vc_column_inner width=&#8221;1\/2&#8243;][vc_column_text]<\/p>\n<h3>Vrta\u010da Beach<\/h3>\n<hr \/>\n<p>[\/vc_column_text]<div class=\"preloader\"><div class=\"preloader-spin\"><\/div><\/div> <div class=\"gem-gallery gem-gallery-hover-horizontal-sliding\" data-autoscroll=\"5000\"> <div class=\"gem-gallery-item\"> <div class=\"gem-gallery-item-image\"> <a href=\"https:\/\/www.visitmalinska.com\/wp-content\/uploads\/2019\/04\/rsz_plaza_vrtaca-51-thegem-gallery-sidebar.jpg\" data-fancybox-group=\"gallery-69f566ae3537e\" data-full-image-url=\"https:\/\/www.visitmalinska.com\/wp-content\/uploads\/2019\/04\/rsz_plaza_vrtaca-51.jpg\"> <svg width=\"20\" height=\"10\"><path d=\"M 0,10 Q 9,9 10,0 Q 11,9 20,10\" \/><\/svg> <img decoding=\"async\" src=\"https:\/\/www.visitmalinska.com\/wp-content\/uploads\/2019\/04\/rsz_plaza_vrtaca-51-thegem-post-thumb-small.jpg\" alt=\"\" class=\"img-responsive\"> <span class=\"gem-gallery-caption slide-info\"> <\/span> <\/a> <span class=\"gem-gallery-line\"><\/span> <\/div> <\/div> <div class=\"gem-gallery-item\"> <div class=\"gem-gallery-item-image\"> <a href=\"https:\/\/www.visitmalinska.com\/wp-content\/uploads\/2019\/04\/rsz_plaza_vrtaca-41-thegem-gallery-sidebar.jpg\" data-fancybox-group=\"gallery-69f566ae3537e\" data-full-image-url=\"https:\/\/www.visitmalinska.com\/wp-content\/uploads\/2019\/04\/rsz_plaza_vrtaca-41.jpg\"> <svg width=\"20\" height=\"10\"><path d=\"M 0,10 Q 9,9 10,0 Q 11,9 20,10\" \/><\/svg> <img decoding=\"async\" src=\"https:\/\/www.visitmalinska.com\/wp-content\/uploads\/2019\/04\/rsz_plaza_vrtaca-41-thegem-post-thumb-small.jpg\" alt=\"\" class=\"img-responsive\"> <span class=\"gem-gallery-caption slide-info\"> <\/span> <\/a> <span class=\"gem-gallery-line\"><\/span> <\/div> <\/div> <div class=\"gem-gallery-item\"> <div class=\"gem-gallery-item-image\"> <a href=\"https:\/\/www.visitmalinska.com\/wp-content\/uploads\/2019\/04\/rsz_plaza_vrtaca-81-scaled-thegem-gallery-sidebar.jpg\" data-fancybox-group=\"gallery-69f566ae3537e\" data-full-image-url=\"https:\/\/www.visitmalinska.com\/wp-content\/uploads\/2019\/04\/rsz_plaza_vrtaca-81-scaled.jpg\"> <svg width=\"20\" height=\"10\"><path d=\"M 0,10 Q 9,9 10,0 Q 11,9 20,10\" \/><\/svg> <img decoding=\"async\" src=\"https:\/\/www.visitmalinska.com\/wp-content\/uploads\/2019\/04\/rsz_plaza_vrtaca-81-scaled-thegem-post-thumb-small.jpg\" alt=\"\" class=\"img-responsive\"> <span class=\"gem-gallery-caption slide-info\"> <\/span> <\/a> <span class=\"gem-gallery-line\"><\/span> <\/div> <\/div> <div class=\"gem-gallery-item\"> <div class=\"gem-gallery-item-image\"> <a href=\"https:\/\/www.visitmalinska.com\/wp-content\/uploads\/2019\/04\/rsz_plaza_vrtaca-111-thegem-gallery-sidebar.jpg\" data-fancybox-group=\"gallery-69f566ae3537e\" data-full-image-url=\"https:\/\/www.visitmalinska.com\/wp-content\/uploads\/2019\/04\/rsz_plaza_vrtaca-111.jpg\"> <svg width=\"20\" height=\"10\"><path d=\"M 0,10 Q 9,9 10,0 Q 11,9 20,10\" \/><\/svg> <img decoding=\"async\" src=\"https:\/\/www.visitmalinska.com\/wp-content\/uploads\/2019\/04\/rsz_plaza_vrtaca-111-thegem-post-thumb-small.jpg\" alt=\"\" class=\"img-responsive\"> <span class=\"gem-gallery-caption slide-info\"> <\/span> <\/a> <span class=\"gem-gallery-line\"><\/span> <\/div> <\/div> <div class=\"gem-gallery-item\"> <div class=\"gem-gallery-item-image\"> <a href=\"https:\/\/www.visitmalinska.com\/wp-content\/uploads\/2019\/04\/rsz_plaza_vrtaca-131-thegem-gallery-sidebar.jpg\" data-fancybox-group=\"gallery-69f566ae3537e\" data-full-image-url=\"https:\/\/www.visitmalinska.com\/wp-content\/uploads\/2019\/04\/rsz_plaza_vrtaca-131.jpg\"> <svg width=\"20\" height=\"10\"><path d=\"M 0,10 Q 9,9 10,0 Q 11,9 20,10\" \/><\/svg> <img decoding=\"async\" src=\"https:\/\/www.visitmalinska.com\/wp-content\/uploads\/2019\/04\/rsz_plaza_vrtaca-131-thegem-post-thumb-small.jpg\" alt=\"\" class=\"img-responsive\"> <span class=\"gem-gallery-caption slide-info\"> <\/span> <\/a> <span class=\"gem-gallery-line\"><\/span> <\/div> <\/div> <div class=\"gem-gallery-item\"> <div class=\"gem-gallery-item-image\"> <a href=\"https:\/\/www.visitmalinska.com\/wp-content\/uploads\/2019\/04\/rsz_tabela_-_vrtaca_-_150x90_compressed_page-00012-scaled-thegem-gallery-sidebar.jpg\" data-fancybox-group=\"gallery-69f566ae3537e\" data-full-image-url=\"https:\/\/www.visitmalinska.com\/wp-content\/uploads\/2019\/04\/rsz_tabela_-_vrtaca_-_150x90_compressed_page-00012-scaled.jpg\"> <svg width=\"20\" height=\"10\"><path d=\"M 0,10 Q 9,9 10,0 Q 11,9 20,10\" \/><\/svg> <img decoding=\"async\" src=\"https:\/\/www.visitmalinska.com\/wp-content\/uploads\/2019\/04\/rsz_tabela_-_vrtaca_-_150x90_compressed_page-00012-scaled-thegem-post-thumb-small.jpg\" alt=\"\" class=\"img-responsive\"> <span class=\"gem-gallery-caption slide-info\"> <\/span> <\/a> <span class=\"gem-gallery-line\"><\/span> <\/div> <\/div> <\/div>[vc_column_text]<\/p>\n<hr \/>\n<p>Vrta\u010da beach is a smaller beach located between the beaches of Rova and Draga.\u00a0 Concrete sunbathing areas with pebbled entrances to the sea and shade under pine trees allow visitors the opportunity to fully enjoy a day of sun and sea.\u00a0 A restaurant and ice cream stand, as well as other amenities essential during summer months, can be found here.\u00a0 The beach has piers for jumping into the sea, as well as a shower, sun umbrellas and loungers for hire, and a ramp for the disabled.\u00a0 A parking lot is located about 300 metres from the beach.<\/p>\n<hr \/>\n<p>[\/vc_column_text][\/vc_column_inner][\/vc_row_inner]<\/div><\/div><\/div>[\/vc_column][\/vc_row][vc_row full_width=&#8221;stretch_row&#8221; css=&#8221;.vc_custom_1563800911549{padding-top: 100px !important;}&#8221;][vc_column]<div id=\"fullwidth-block-69f566ae451ae\" class=\"fullwidth-block clearfix\"  style=\"\"><script type=\"text\/javascript\">if (typeof(gem_fix_fullwidth_position) == \"function\") { gem_fix_fullwidth_position(document.getElementById(\"fullwidth-block-69f566ae451ae\")); }<\/script><div class=\"fullwidth-block-inner\"><div class=\"container\">[vc_row_inner][vc_column_inner width=&#8221;1\/2&#8243;][vc_column_text]<\/p>\n<h3>Ribarsko Selo Beach<\/h3>\n<hr \/>\n<p>[\/vc_column_text]<div class=\"preloader\"><div class=\"preloader-spin\"><\/div><\/div> <div class=\"gem-gallery gem-gallery-hover-horizontal-sliding\" data-autoscroll=\"5000\"> <div class=\"gem-gallery-item\"> <div class=\"gem-gallery-item-image\"> <a href=\"https:\/\/www.visitmalinska.com\/wp-content\/uploads\/2019\/07\/011-ribarsko-selo-001-thegem-gallery-sidebar.jpg\" data-fancybox-group=\"gallery-69f566ae4523a\" data-full-image-url=\"https:\/\/www.visitmalinska.com\/wp-content\/uploads\/2019\/07\/011-ribarsko-selo-001.jpg\"> <svg width=\"20\" height=\"10\"><path d=\"M 0,10 Q 9,9 10,0 Q 11,9 20,10\" \/><\/svg> <img decoding=\"async\" src=\"https:\/\/www.visitmalinska.com\/wp-content\/uploads\/2019\/07\/011-ribarsko-selo-001-thegem-post-thumb-small.jpg\" alt=\"\" class=\"img-responsive\"> <span class=\"gem-gallery-caption slide-info\"> <span class=\"gem-gallery-item-title \"><p>Pla\u017ea Malinska &#8211; Ribarsko selo 01<\/p>\n<\/span> <\/span> <\/a> <span class=\"gem-gallery-line\"><\/span> <\/div> <\/div> <div class=\"gem-gallery-item\"> <div class=\"gem-gallery-item-image\"> <a href=\"https:\/\/www.visitmalinska.com\/wp-content\/uploads\/2019\/07\/011-ribarsko-selo-002-thegem-gallery-sidebar.jpg\" data-fancybox-group=\"gallery-69f566ae4523a\" data-full-image-url=\"https:\/\/www.visitmalinska.com\/wp-content\/uploads\/2019\/07\/011-ribarsko-selo-002.jpg\"> <svg width=\"20\" height=\"10\"><path d=\"M 0,10 Q 9,9 10,0 Q 11,9 20,10\" \/><\/svg> <img decoding=\"async\" src=\"https:\/\/www.visitmalinska.com\/wp-content\/uploads\/2019\/07\/011-ribarsko-selo-002-thegem-post-thumb-small.jpg\" alt=\"\" class=\"img-responsive\"> <span class=\"gem-gallery-caption slide-info\"> <span class=\"gem-gallery-item-title \"><p>Pla\u017ea Malinska &#8211; Ribarsko selo 02<\/p>\n<\/span> <\/span> <\/a> <span class=\"gem-gallery-line\"><\/span> <\/div> <\/div> <div class=\"gem-gallery-item\"> <div class=\"gem-gallery-item-image\"> <a href=\"https:\/\/www.visitmalinska.com\/wp-content\/uploads\/2019\/07\/011-ribarsko-selo-003-thegem-gallery-sidebar.jpg\" data-fancybox-group=\"gallery-69f566ae4523a\" data-full-image-url=\"https:\/\/www.visitmalinska.com\/wp-content\/uploads\/2019\/07\/011-ribarsko-selo-003.jpg\"> <svg width=\"20\" height=\"10\"><path d=\"M 0,10 Q 9,9 10,0 Q 11,9 20,10\" \/><\/svg> <img decoding=\"async\" src=\"https:\/\/www.visitmalinska.com\/wp-content\/uploads\/2019\/07\/011-ribarsko-selo-003-thegem-post-thumb-small.jpg\" alt=\"\" class=\"img-responsive\"> <span class=\"gem-gallery-caption slide-info\"> <span class=\"gem-gallery-item-title \"><p>Pla\u017ea Malinska &#8211; Ribarsko selo 03<\/p>\n<\/span> <\/span> <\/a> <span class=\"gem-gallery-line\"><\/span> <\/div> <\/div> <div class=\"gem-gallery-item\"> <div class=\"gem-gallery-item-image\"> <a href=\"https:\/\/www.visitmalinska.com\/wp-content\/uploads\/2019\/07\/011-ribarsko-selo-004-thegem-gallery-sidebar.jpg\" data-fancybox-group=\"gallery-69f566ae4523a\" data-full-image-url=\"https:\/\/www.visitmalinska.com\/wp-content\/uploads\/2019\/07\/011-ribarsko-selo-004.jpg\"> <svg width=\"20\" height=\"10\"><path d=\"M 0,10 Q 9,9 10,0 Q 11,9 20,10\" \/><\/svg> <img decoding=\"async\" src=\"https:\/\/www.visitmalinska.com\/wp-content\/uploads\/2019\/07\/011-ribarsko-selo-004-thegem-post-thumb-small.jpg\" alt=\"\" class=\"img-responsive\"> <span class=\"gem-gallery-caption slide-info\"> <span class=\"gem-gallery-item-title \"><p>Pla\u017ea Malinska &#8211; Ribarsko selo 04<\/p>\n<\/span> <\/span> <\/a> <span class=\"gem-gallery-line\"><\/span> <\/div> <\/div> <\/div>[vc_column_text]<\/p>\n<hr \/>\n<p>Ribarsko selo beach was built in 1970 at the same time as the Haludovo complex.\u00a0 Part of what was once an elite hotel, it had its own berth used mostly by owners of boats and yachts.\u00a0 Ribarsko selo gained fame when Hollywood stars stayed there, brought by Bob Guccione, founder of Penthouse magazine.\u00a0 The appealing stone boardwalk and its pier are perfect for jumping into the sea.<\/p>\n<p>Although located far from Malinska\u2019s town centre, the beach features many amenities: ice cream stands, a restaurant and beach bar at the beginning of Rajska cesta.\u00a0 Perfect after a hot day at the beach!<\/p>\n<p>The first parking lot is 30 metres away, and there is another 150 metres away.<\/p>\n<hr \/>\n<p>[\/vc_column_text][\/vc_column_inner][vc_column_inner width=&#8221;1\/2&#8243;][vc_column_text]<\/p>\n<h3>Haludovo Beach<\/h3>\n<hr \/>\n<p>[\/vc_column_text]<div class=\"preloader\"><div class=\"preloader-spin\"><\/div><\/div> <div class=\"gem-gallery gem-gallery-hover-horizontal-sliding\" data-autoscroll=\"5000\"> <div class=\"gem-gallery-item\"> <div class=\"gem-gallery-item-image\"> <a href=\"https:\/\/www.visitmalinska.com\/wp-content\/uploads\/2019\/04\/rsz_plaza_haludovo-11-thegem-gallery-sidebar.jpg\" data-fancybox-group=\"gallery-69f566ae549d0\" data-full-image-url=\"https:\/\/www.visitmalinska.com\/wp-content\/uploads\/2019\/04\/rsz_plaza_haludovo-11.jpg\"> <svg width=\"20\" height=\"10\"><path d=\"M 0,10 Q 9,9 10,0 Q 11,9 20,10\" \/><\/svg> <img decoding=\"async\" src=\"https:\/\/www.visitmalinska.com\/wp-content\/uploads\/2019\/04\/rsz_plaza_haludovo-11-thegem-post-thumb-small.jpg\" alt=\"\" class=\"img-responsive\"> <span class=\"gem-gallery-caption slide-info\"> <\/span> <\/a> <span class=\"gem-gallery-line\"><\/span> <\/div> <\/div> <div class=\"gem-gallery-item\"> <div class=\"gem-gallery-item-image\"> <a href=\"https:\/\/www.visitmalinska.com\/wp-content\/uploads\/2019\/04\/rsz_plaza_haludovo-91-scaled-thegem-gallery-sidebar.jpg\" data-fancybox-group=\"gallery-69f566ae549d0\" data-full-image-url=\"https:\/\/www.visitmalinska.com\/wp-content\/uploads\/2019\/04\/rsz_plaza_haludovo-91-scaled.jpg\"> <svg width=\"20\" height=\"10\"><path d=\"M 0,10 Q 9,9 10,0 Q 11,9 20,10\" \/><\/svg> <img decoding=\"async\" src=\"https:\/\/www.visitmalinska.com\/wp-content\/uploads\/2019\/04\/rsz_plaza_haludovo-91-scaled-thegem-post-thumb-small.jpg\" alt=\"\" class=\"img-responsive\"> <span class=\"gem-gallery-caption slide-info\"> <\/span> <\/a> <span class=\"gem-gallery-line\"><\/span> <\/div> <\/div> <div class=\"gem-gallery-item\"> <div class=\"gem-gallery-item-image\"> <a href=\"https:\/\/www.visitmalinska.com\/wp-content\/uploads\/2019\/04\/rsz_plaza_haludovo-131-thegem-gallery-sidebar.jpg\" data-fancybox-group=\"gallery-69f566ae549d0\" data-full-image-url=\"https:\/\/www.visitmalinska.com\/wp-content\/uploads\/2019\/04\/rsz_plaza_haludovo-131.jpg\"> <svg width=\"20\" height=\"10\"><path d=\"M 0,10 Q 9,9 10,0 Q 11,9 20,10\" \/><\/svg> <img decoding=\"async\" src=\"https:\/\/www.visitmalinska.com\/wp-content\/uploads\/2019\/04\/rsz_plaza_haludovo-131-thegem-post-thumb-small.jpg\" alt=\"\" class=\"img-responsive\"> <span class=\"gem-gallery-caption slide-info\"> <\/span> <\/a> <span class=\"gem-gallery-line\"><\/span> <\/div> <\/div> <div class=\"gem-gallery-item\"> <div class=\"gem-gallery-item-image\"> <a href=\"https:\/\/www.visitmalinska.com\/wp-content\/uploads\/2019\/04\/rsz_plaza_haludovo-151-thegem-gallery-sidebar.jpg\" data-fancybox-group=\"gallery-69f566ae549d0\" data-full-image-url=\"https:\/\/www.visitmalinska.com\/wp-content\/uploads\/2019\/04\/rsz_plaza_haludovo-151.jpg\"> <svg width=\"20\" height=\"10\"><path d=\"M 0,10 Q 9,9 10,0 Q 11,9 20,10\" \/><\/svg> <img decoding=\"async\" src=\"https:\/\/www.visitmalinska.com\/wp-content\/uploads\/2019\/04\/rsz_plaza_haludovo-151-thegem-post-thumb-small.jpg\" alt=\"\" class=\"img-responsive\"> <span class=\"gem-gallery-caption slide-info\"> <\/span> <\/a> <span class=\"gem-gallery-line\"><\/span> <\/div> <\/div> <div class=\"gem-gallery-item\"> <div class=\"gem-gallery-item-image\"> <a href=\"https:\/\/www.visitmalinska.com\/wp-content\/uploads\/2019\/04\/rsz_plaza_haludovo-81-scaled-thegem-gallery-sidebar.jpg\" data-fancybox-group=\"gallery-69f566ae549d0\" data-full-image-url=\"https:\/\/www.visitmalinska.com\/wp-content\/uploads\/2019\/04\/rsz_plaza_haludovo-81-scaled.jpg\"> <svg width=\"20\" height=\"10\"><path d=\"M 0,10 Q 9,9 10,0 Q 11,9 20,10\" \/><\/svg> <img decoding=\"async\" src=\"https:\/\/www.visitmalinska.com\/wp-content\/uploads\/2019\/04\/rsz_plaza_haludovo-81-scaled-thegem-post-thumb-small.jpg\" alt=\"\" class=\"img-responsive\"> <span class=\"gem-gallery-caption slide-info\"> <\/span> <\/a> <span class=\"gem-gallery-line\"><\/span> <\/div> <\/div> <div class=\"gem-gallery-item\"> <div class=\"gem-gallery-item-image\"> <a href=\"https:\/\/www.visitmalinska.com\/wp-content\/uploads\/2019\/04\/rsz_plaza_haludovo-51-thegem-gallery-sidebar.jpg\" data-fancybox-group=\"gallery-69f566ae549d0\" data-full-image-url=\"https:\/\/www.visitmalinska.com\/wp-content\/uploads\/2019\/04\/rsz_plaza_haludovo-51.jpg\"> <svg width=\"20\" height=\"10\"><path d=\"M 0,10 Q 9,9 10,0 Q 11,9 20,10\" \/><\/svg> <img decoding=\"async\" src=\"https:\/\/www.visitmalinska.com\/wp-content\/uploads\/2019\/04\/rsz_plaza_haludovo-51-thegem-post-thumb-small.jpg\" alt=\"\" class=\"img-responsive\"> <span class=\"gem-gallery-caption slide-info\"> <\/span> <\/a> <span class=\"gem-gallery-line\"><\/span> <\/div> <\/div> <\/div>[vc_column_text]<\/p>\n<hr \/>\n<p>Situated below the former hotel complex, Haludovo beach stretches for 500 metres.\u00a0 It is located next to the parking lot on the boardwalk. Stone paths connecting it to Haludovo\u2019s forest park abounding with fragrant laurel and pine trees \u00a0provide shade in the summer months.\u00a0The boughs of pine trees lean towards the west casting their shadow onto the sea, and making swimming here a one-of-a-kind experience. The beach features circular concrete bathing areas and cabanas that offer bathers some privacy.<\/p>\n<p>Children can enjoy the sandbox at the beach, while adults can rent a pedal boat or lounger for total comfort.\u00a0 The fine sand in the sea is perfect for playing \u2018picigin\u2019 and other activities, and there are also piers for jumping into the sea.\u00a0 The beach is equipped with showers and changing cabins.<\/p>\n<hr \/>\n<p>[\/vc_column_text][\/vc_column_inner][\/vc_row_inner]<\/div><\/div><\/div>[\/vc_column][\/vc_row][vc_row full_width=&#8221;stretch_row&#8221; css=&#8221;.vc_custom_1563800930628{padding-top: 100px !important;}&#8221;][vc_column]<div id=\"fullwidth-block-69f566ae656fb\" class=\"fullwidth-block clearfix\"  style=\"\"><script type=\"text\/javascript\">if (typeof(gem_fix_fullwidth_position) == \"function\") { gem_fix_fullwidth_position(document.getElementById(\"fullwidth-block-69f566ae656fb\")); }<\/script><div class=\"fullwidth-block-inner\"><div class=\"container\">[vc_row_inner][vc_column_inner width=&#8221;1\/2&#8243;][vc_column_text]<\/p>\n<h3>Rova Beach<\/h3>\n<hr \/>\n<p>[\/vc_column_text]<div class=\"preloader\"><div class=\"preloader-spin\"><\/div><\/div> <div class=\"gem-gallery gem-gallery-hover-horizontal-sliding\" data-autoscroll=\"5000\"> <div class=\"gem-gallery-item\"> <div class=\"gem-gallery-item-image\"> <a href=\"https:\/\/www.visitmalinska.com\/wp-content\/uploads\/2019\/04\/rsz_plaza_rova-151-thegem-gallery-sidebar.jpg\" data-fancybox-group=\"gallery-69f566ae65771\" data-full-image-url=\"https:\/\/www.visitmalinska.com\/wp-content\/uploads\/2019\/04\/rsz_plaza_rova-151.jpg\"> <svg width=\"20\" height=\"10\"><path d=\"M 0,10 Q 9,9 10,0 Q 11,9 20,10\" \/><\/svg> <img decoding=\"async\" src=\"https:\/\/www.visitmalinska.com\/wp-content\/uploads\/2019\/04\/rsz_plaza_rova-151-thegem-post-thumb-small.jpg\" alt=\"\" class=\"img-responsive\"> <span class=\"gem-gallery-caption slide-info\"> <\/span> <\/a> <span class=\"gem-gallery-line\"><\/span> <\/div> <\/div> <div class=\"gem-gallery-item\"> <div class=\"gem-gallery-item-image\"> <a href=\"https:\/\/www.visitmalinska.com\/wp-content\/uploads\/2019\/04\/rsz_plaza_rova-161-thegem-gallery-sidebar.jpg\" data-fancybox-group=\"gallery-69f566ae65771\" data-full-image-url=\"https:\/\/www.visitmalinska.com\/wp-content\/uploads\/2019\/04\/rsz_plaza_rova-161.jpg\"> <svg width=\"20\" height=\"10\"><path d=\"M 0,10 Q 9,9 10,0 Q 11,9 20,10\" \/><\/svg> <img decoding=\"async\" src=\"https:\/\/www.visitmalinska.com\/wp-content\/uploads\/2019\/04\/rsz_plaza_rova-161-thegem-post-thumb-small.jpg\" alt=\"\" class=\"img-responsive\"> <span class=\"gem-gallery-caption slide-info\"> <\/span> <\/a> <span class=\"gem-gallery-line\"><\/span> <\/div> <\/div> <div class=\"gem-gallery-item\"> <div class=\"gem-gallery-item-image\"> <a href=\"https:\/\/www.visitmalinska.com\/wp-content\/uploads\/2019\/04\/rsz_plaza_rova-251-scaled-thegem-gallery-sidebar.jpg\" data-fancybox-group=\"gallery-69f566ae65771\" data-full-image-url=\"https:\/\/www.visitmalinska.com\/wp-content\/uploads\/2019\/04\/rsz_plaza_rova-251-scaled.jpg\"> <svg width=\"20\" height=\"10\"><path d=\"M 0,10 Q 9,9 10,0 Q 11,9 20,10\" \/><\/svg> <img decoding=\"async\" src=\"https:\/\/www.visitmalinska.com\/wp-content\/uploads\/2019\/04\/rsz_plaza_rova-251-scaled-thegem-post-thumb-small.jpg\" alt=\"\" class=\"img-responsive\"> <span class=\"gem-gallery-caption slide-info\"> <\/span> <\/a> <span class=\"gem-gallery-line\"><\/span> <\/div> <\/div> <div class=\"gem-gallery-item\"> <div class=\"gem-gallery-item-image\"> <a href=\"https:\/\/www.visitmalinska.com\/wp-content\/uploads\/2019\/04\/rsz_plaza_rova-31-scaled-thegem-gallery-sidebar.jpg\" data-fancybox-group=\"gallery-69f566ae65771\" data-full-image-url=\"https:\/\/www.visitmalinska.com\/wp-content\/uploads\/2019\/04\/rsz_plaza_rova-31-scaled.jpg\"> <svg width=\"20\" height=\"10\"><path d=\"M 0,10 Q 9,9 10,0 Q 11,9 20,10\" \/><\/svg> <img decoding=\"async\" src=\"https:\/\/www.visitmalinska.com\/wp-content\/uploads\/2019\/04\/rsz_plaza_rova-31-scaled-thegem-post-thumb-small.jpg\" alt=\"\" class=\"img-responsive\"> <span class=\"gem-gallery-caption slide-info\"> <\/span> <\/a> <span class=\"gem-gallery-line\"><\/span> <\/div> <\/div> <div class=\"gem-gallery-item\"> <div class=\"gem-gallery-item-image\"> <a href=\"https:\/\/www.visitmalinska.com\/wp-content\/uploads\/2019\/04\/rsz_plaza_rova-81-thegem-gallery-sidebar.jpg\" data-fancybox-group=\"gallery-69f566ae65771\" data-full-image-url=\"https:\/\/www.visitmalinska.com\/wp-content\/uploads\/2019\/04\/rsz_plaza_rova-81.jpg\"> <svg width=\"20\" height=\"10\"><path d=\"M 0,10 Q 9,9 10,0 Q 11,9 20,10\" \/><\/svg> <img decoding=\"async\" src=\"https:\/\/www.visitmalinska.com\/wp-content\/uploads\/2019\/04\/rsz_plaza_rova-81-thegem-post-thumb-small.jpg\" alt=\"\" class=\"img-responsive\"> <span class=\"gem-gallery-caption slide-info\"> <\/span> <\/a> <span class=\"gem-gallery-line\"><\/span> <\/div> <\/div> <div class=\"gem-gallery-item\"> <div class=\"gem-gallery-item-image\"> <a href=\"https:\/\/www.visitmalinska.com\/wp-content\/uploads\/2019\/04\/rsz_plaza_rova-191-thegem-gallery-sidebar.jpg\" data-fancybox-group=\"gallery-69f566ae65771\" data-full-image-url=\"https:\/\/www.visitmalinska.com\/wp-content\/uploads\/2019\/04\/rsz_plaza_rova-191.jpg\"> <svg width=\"20\" height=\"10\"><path d=\"M 0,10 Q 9,9 10,0 Q 11,9 20,10\" \/><\/svg> <img decoding=\"async\" src=\"https:\/\/www.visitmalinska.com\/wp-content\/uploads\/2019\/04\/rsz_plaza_rova-191-thegem-post-thumb-small.jpg\" alt=\"\" class=\"img-responsive\"> <span class=\"gem-gallery-caption slide-info\"> <\/span> <\/a> <span class=\"gem-gallery-line\"><\/span> <\/div> <\/div> <div class=\"gem-gallery-item\"> <div class=\"gem-gallery-item-image\"> <a href=\"https:\/\/www.visitmalinska.com\/wp-content\/uploads\/2019\/04\/rsz_plaza_rova-101-thegem-gallery-sidebar.jpg\" data-fancybox-group=\"gallery-69f566ae65771\" data-full-image-url=\"https:\/\/www.visitmalinska.com\/wp-content\/uploads\/2019\/04\/rsz_plaza_rova-101.jpg\"> <svg width=\"20\" height=\"10\"><path d=\"M 0,10 Q 9,9 10,0 Q 11,9 20,10\" \/><\/svg> <img decoding=\"async\" src=\"https:\/\/www.visitmalinska.com\/wp-content\/uploads\/2019\/04\/rsz_plaza_rova-101-thegem-post-thumb-small.jpg\" alt=\"\" class=\"img-responsive\"> <span class=\"gem-gallery-caption slide-info\"> <\/span> <\/a> <span class=\"gem-gallery-line\"><\/span> <\/div> <\/div> <div class=\"gem-gallery-item\"> <div class=\"gem-gallery-item-image\"> <a href=\"https:\/\/www.visitmalinska.com\/wp-content\/uploads\/2019\/04\/rsz_tabela_-_rova_-_150x90_ok_compressed_page-000121-scaled-thegem-gallery-sidebar.jpg\" data-fancybox-group=\"gallery-69f566ae65771\" data-full-image-url=\"https:\/\/www.visitmalinska.com\/wp-content\/uploads\/2019\/04\/rsz_tabela_-_rova_-_150x90_ok_compressed_page-000121-scaled.jpg\"> <svg width=\"20\" height=\"10\"><path d=\"M 0,10 Q 9,9 10,0 Q 11,9 20,10\" \/><\/svg> <img decoding=\"async\" src=\"https:\/\/www.visitmalinska.com\/wp-content\/uploads\/2019\/04\/rsz_tabela_-_rova_-_150x90_ok_compressed_page-000121-scaled-thegem-post-thumb-small.jpg\" alt=\"\" class=\"img-responsive\"> <span class=\"gem-gallery-caption slide-info\"> <\/span> <\/a> <span class=\"gem-gallery-line\"><\/span> <\/div> <\/div> <\/div>[vc_column_text]<\/p>\n<hr \/>\n<p>The beaches surrounded by hotels and luxurious holiday homes feature well-groomed bathing areas. Parking can be found about 30 metres away. The proximity of hospitality establishments in the shade of olive trees allows you to spend the entire day outdoors.\u00a0 Owing to its easy access to the sea, this beach is perfect for kids. \u00a0It offers a variety of amenities such as a water park, lounge chairs for rent, and ice cream for sale.\u00a0 Rova can also be reached from Malinska by a trackless tourist \u201ctrain,\u201d a means of transport not only for families with children and the elderly, but also for all who wish to tour Malinska and neighboring villages in a casual, carefree way.<\/p>\n<hr \/>\n<p>[\/vc_column_text][\/vc_column_inner][vc_column_inner width=&#8221;1\/2&#8243;][vc_column_text]<\/p>\n<h3>Vanta\u010di\u0107 Beach<\/h3>\n<hr \/>\n<p>[\/vc_column_text]<div class=\"preloader\"><div class=\"preloader-spin\"><\/div><\/div> <div class=\"gem-gallery gem-gallery-hover-horizontal-sliding\" data-autoscroll=\"5000\"> <div class=\"gem-gallery-item\"> <div class=\"gem-gallery-item-image\"> <a href=\"https:\/\/www.visitmalinska.com\/wp-content\/uploads\/2019\/04\/rsz_plaza_vantacic-141-thegem-gallery-sidebar.jpg\" data-fancybox-group=\"gallery-69f566ae7a365\" data-full-image-url=\"https:\/\/www.visitmalinska.com\/wp-content\/uploads\/2019\/04\/rsz_plaza_vantacic-141.jpg\"> <svg width=\"20\" height=\"10\"><path d=\"M 0,10 Q 9,9 10,0 Q 11,9 20,10\" \/><\/svg> <img decoding=\"async\" src=\"https:\/\/www.visitmalinska.com\/wp-content\/uploads\/2019\/04\/rsz_plaza_vantacic-141-thegem-post-thumb-small.jpg\" alt=\"\" class=\"img-responsive\"> <span class=\"gem-gallery-caption slide-info\"> <\/span> <\/a> <span class=\"gem-gallery-line\"><\/span> <\/div> <\/div> <div class=\"gem-gallery-item\"> <div class=\"gem-gallery-item-image\"> <a href=\"https:\/\/www.visitmalinska.com\/wp-content\/uploads\/2019\/04\/rsz_plaza_vantacic-41-scaled-thegem-gallery-sidebar.jpg\" data-fancybox-group=\"gallery-69f566ae7a365\" data-full-image-url=\"https:\/\/www.visitmalinska.com\/wp-content\/uploads\/2019\/04\/rsz_plaza_vantacic-41-scaled.jpg\"> <svg width=\"20\" height=\"10\"><path d=\"M 0,10 Q 9,9 10,0 Q 11,9 20,10\" \/><\/svg> <img decoding=\"async\" src=\"https:\/\/www.visitmalinska.com\/wp-content\/uploads\/2019\/04\/rsz_plaza_vantacic-41-scaled-thegem-post-thumb-small.jpg\" alt=\"\" class=\"img-responsive\"> <span class=\"gem-gallery-caption slide-info\"> <\/span> <\/a> <span class=\"gem-gallery-line\"><\/span> <\/div> <\/div> <div class=\"gem-gallery-item\"> <div class=\"gem-gallery-item-image\"> <a href=\"https:\/\/www.visitmalinska.com\/wp-content\/uploads\/2019\/04\/rsz_plaza_vantacic-61-thegem-gallery-sidebar.jpg\" data-fancybox-group=\"gallery-69f566ae7a365\" data-full-image-url=\"https:\/\/www.visitmalinska.com\/wp-content\/uploads\/2019\/04\/rsz_plaza_vantacic-61.jpg\"> <svg width=\"20\" height=\"10\"><path d=\"M 0,10 Q 9,9 10,0 Q 11,9 20,10\" \/><\/svg> <img decoding=\"async\" src=\"https:\/\/www.visitmalinska.com\/wp-content\/uploads\/2019\/04\/rsz_plaza_vantacic-61-thegem-post-thumb-small.jpg\" alt=\"\" class=\"img-responsive\"> <span class=\"gem-gallery-caption slide-info\"> <\/span> <\/a> <span class=\"gem-gallery-line\"><\/span> <\/div> <\/div> <div class=\"gem-gallery-item\"> <div class=\"gem-gallery-item-image\"> <a href=\"https:\/\/www.visitmalinska.com\/wp-content\/uploads\/2019\/04\/rsz_plaza_vantacic-11-scaled-thegem-gallery-sidebar.jpg\" data-fancybox-group=\"gallery-69f566ae7a365\" data-full-image-url=\"https:\/\/www.visitmalinska.com\/wp-content\/uploads\/2019\/04\/rsz_plaza_vantacic-11-scaled.jpg\"> <svg width=\"20\" height=\"10\"><path d=\"M 0,10 Q 9,9 10,0 Q 11,9 20,10\" \/><\/svg> <img decoding=\"async\" src=\"https:\/\/www.visitmalinska.com\/wp-content\/uploads\/2019\/04\/rsz_plaza_vantacic-11-scaled-thegem-post-thumb-small.jpg\" alt=\"\" class=\"img-responsive\"> <span class=\"gem-gallery-caption slide-info\"> <\/span> <\/a> <span class=\"gem-gallery-line\"><\/span> <\/div> <\/div> <div class=\"gem-gallery-item\"> <div class=\"gem-gallery-item-image\"> <a href=\"https:\/\/www.visitmalinska.com\/wp-content\/uploads\/2019\/04\/rsz_plaza_vantacic-101-thegem-gallery-sidebar.jpg\" data-fancybox-group=\"gallery-69f566ae7a365\" data-full-image-url=\"https:\/\/www.visitmalinska.com\/wp-content\/uploads\/2019\/04\/rsz_plaza_vantacic-101.jpg\"> <svg width=\"20\" height=\"10\"><path d=\"M 0,10 Q 9,9 10,0 Q 11,9 20,10\" \/><\/svg> <img decoding=\"async\" src=\"https:\/\/www.visitmalinska.com\/wp-content\/uploads\/2019\/04\/rsz_plaza_vantacic-101-thegem-post-thumb-small.jpg\" alt=\"\" class=\"img-responsive\"> <span class=\"gem-gallery-caption slide-info\"> <\/span> <\/a> <span class=\"gem-gallery-line\"><\/span> <\/div> <\/div> <div class=\"gem-gallery-item\"> <div class=\"gem-gallery-item-image\"> <a href=\"https:\/\/www.visitmalinska.com\/wp-content\/uploads\/2019\/04\/rsz_plaza_vantacic-31-scaled-thegem-gallery-sidebar.jpg\" data-fancybox-group=\"gallery-69f566ae7a365\" data-full-image-url=\"https:\/\/www.visitmalinska.com\/wp-content\/uploads\/2019\/04\/rsz_plaza_vantacic-31-scaled.jpg\"> <svg width=\"20\" height=\"10\"><path d=\"M 0,10 Q 9,9 10,0 Q 11,9 20,10\" \/><\/svg> <img decoding=\"async\" src=\"https:\/\/www.visitmalinska.com\/wp-content\/uploads\/2019\/04\/rsz_plaza_vantacic-31-scaled-thegem-post-thumb-small.jpg\" alt=\"\" class=\"img-responsive\"> <span class=\"gem-gallery-caption slide-info\"> <\/span> <\/a> <span class=\"gem-gallery-line\"><\/span> <\/div> <\/div> <div class=\"gem-gallery-item\"> <div class=\"gem-gallery-item-image\"> <a href=\"https:\/\/www.visitmalinska.com\/wp-content\/uploads\/2019\/04\/rsz_tabela_-_vantacic_-_150x90_compressed_page-00011-scaled-thegem-gallery-sidebar.jpg\" data-fancybox-group=\"gallery-69f566ae7a365\" data-full-image-url=\"https:\/\/www.visitmalinska.com\/wp-content\/uploads\/2019\/04\/rsz_tabela_-_vantacic_-_150x90_compressed_page-00011-scaled.jpg\"> <svg width=\"20\" height=\"10\"><path d=\"M 0,10 Q 9,9 10,0 Q 11,9 20,10\" \/><\/svg> <img decoding=\"async\" src=\"https:\/\/www.visitmalinska.com\/wp-content\/uploads\/2019\/04\/rsz_tabela_-_vantacic_-_150x90_compressed_page-00011-scaled-thegem-post-thumb-small.jpg\" alt=\"\" class=\"img-responsive\"> <span class=\"gem-gallery-caption slide-info\"> <\/span> <\/a> <span class=\"gem-gallery-line\"><\/span> <\/div> <\/div> <\/div>[vc_column_text]<\/p>\n<hr \/>\n<p>Nestled in a port and protected from winds, Vanta\u010di\u0107i is a beach from which you can set out to explore the surrounding area.\u00a0 It is located in a port with berths, and you can enjoy stunning views of Rijeka and U\u010dka. The beach has a quieter part and features piers for jumping into the sea.\u00a0 Some trees offer natural shade. While the kids are frolicking in the sea for hours, you remember that you forgot to pack a lunch!\u00a0 No reason to worry \u2013 a family restaurant is located right on the beach.<\/p>\n<hr \/>\n<p>[\/vc_column_text][\/vc_column_inner][\/vc_row_inner]<\/div><\/div><\/div>[\/vc_column][\/vc_row][vc_row full_width=&#8221;stretch_row&#8221; css=&#8221;.vc_custom_1563800937107{padding-top: 100px !important;}&#8221;][vc_column]<div id=\"fullwidth-block-69f566ae8dc78\" class=\"fullwidth-block clearfix\"  style=\"\"><script type=\"text\/javascript\">if (typeof(gem_fix_fullwidth_position) == \"function\") { gem_fix_fullwidth_position(document.getElementById(\"fullwidth-block-69f566ae8dc78\")); }<\/script><div class=\"fullwidth-block-inner\"><div class=\"container\">[vc_row_inner][vc_column_inner width=&#8221;1\/2&#8243;][vc_column_text]<\/p>\n<h3>Valica Beach<\/h3>\n<hr \/>\n<p>[\/vc_column_text]<div class=\"preloader\"><div class=\"preloader-spin\"><\/div><\/div> <div class=\"gem-gallery gem-gallery-hover-horizontal-sliding\" data-autoscroll=\"5000\"> <div class=\"gem-gallery-item\"> <div class=\"gem-gallery-item-image\"> <a href=\"https:\/\/www.visitmalinska.com\/wp-content\/uploads\/2019\/04\/rsz_plaza_valica-501-scaled-thegem-gallery-sidebar.jpg\" data-fancybox-group=\"gallery-69f566ae8dcff\" data-full-image-url=\"https:\/\/www.visitmalinska.com\/wp-content\/uploads\/2019\/04\/rsz_plaza_valica-501-scaled.jpg\"> <svg width=\"20\" height=\"10\"><path d=\"M 0,10 Q 9,9 10,0 Q 11,9 20,10\" \/><\/svg> <img decoding=\"async\" src=\"https:\/\/www.visitmalinska.com\/wp-content\/uploads\/2019\/04\/rsz_plaza_valica-501-scaled-thegem-post-thumb-small.jpg\" alt=\"\" class=\"img-responsive\"> <span class=\"gem-gallery-caption slide-info\"> <\/span> <\/a> <span class=\"gem-gallery-line\"><\/span> <\/div> <\/div> <div class=\"gem-gallery-item\"> <div class=\"gem-gallery-item-image\"> <a href=\"https:\/\/www.visitmalinska.com\/wp-content\/uploads\/2019\/04\/rsz_plaza_valica-291-scaled-thegem-gallery-sidebar.jpg\" data-fancybox-group=\"gallery-69f566ae8dcff\" data-full-image-url=\"https:\/\/www.visitmalinska.com\/wp-content\/uploads\/2019\/04\/rsz_plaza_valica-291-scaled.jpg\"> <svg width=\"20\" height=\"10\"><path d=\"M 0,10 Q 9,9 10,0 Q 11,9 20,10\" \/><\/svg> <img decoding=\"async\" src=\"https:\/\/www.visitmalinska.com\/wp-content\/uploads\/2019\/04\/rsz_plaza_valica-291-scaled-thegem-post-thumb-small.jpg\" alt=\"\" class=\"img-responsive\"> <span class=\"gem-gallery-caption slide-info\"> <\/span> <\/a> <span class=\"gem-gallery-line\"><\/span> <\/div> <\/div> <div class=\"gem-gallery-item\"> <div class=\"gem-gallery-item-image\"> <a href=\"https:\/\/www.visitmalinska.com\/wp-content\/uploads\/2019\/04\/rsz_plaza_valica-11-thegem-gallery-sidebar.jpg\" data-fancybox-group=\"gallery-69f566ae8dcff\" data-full-image-url=\"https:\/\/www.visitmalinska.com\/wp-content\/uploads\/2019\/04\/rsz_plaza_valica-11.jpg\"> <svg width=\"20\" height=\"10\"><path d=\"M 0,10 Q 9,9 10,0 Q 11,9 20,10\" \/><\/svg> <img decoding=\"async\" src=\"https:\/\/www.visitmalinska.com\/wp-content\/uploads\/2019\/04\/rsz_plaza_valica-11-thegem-post-thumb-small.jpg\" alt=\"\" class=\"img-responsive\"> <span class=\"gem-gallery-caption slide-info\"> <\/span> <\/a> <span class=\"gem-gallery-line\"><\/span> <\/div> <\/div> <div class=\"gem-gallery-item\"> <div class=\"gem-gallery-item-image\"> <a href=\"https:\/\/www.visitmalinska.com\/wp-content\/uploads\/2019\/04\/rsz_plaza_valica-281-scaled-thegem-gallery-sidebar.jpg\" data-fancybox-group=\"gallery-69f566ae8dcff\" data-full-image-url=\"https:\/\/www.visitmalinska.com\/wp-content\/uploads\/2019\/04\/rsz_plaza_valica-281-scaled.jpg\"> <svg width=\"20\" height=\"10\"><path d=\"M 0,10 Q 9,9 10,0 Q 11,9 20,10\" \/><\/svg> <img decoding=\"async\" src=\"https:\/\/www.visitmalinska.com\/wp-content\/uploads\/2019\/04\/rsz_plaza_valica-281-scaled-thegem-post-thumb-small.jpg\" alt=\"\" class=\"img-responsive\"> <span class=\"gem-gallery-caption slide-info\"> <\/span> <\/a> <span class=\"gem-gallery-line\"><\/span> <\/div> <\/div> <div class=\"gem-gallery-item\"> <div class=\"gem-gallery-item-image\"> <a href=\"https:\/\/www.visitmalinska.com\/wp-content\/uploads\/2019\/04\/rsz_plaza_valica-101-scaled-thegem-gallery-sidebar.jpg\" data-fancybox-group=\"gallery-69f566ae8dcff\" data-full-image-url=\"https:\/\/www.visitmalinska.com\/wp-content\/uploads\/2019\/04\/rsz_plaza_valica-101-scaled.jpg\"> <svg width=\"20\" height=\"10\"><path d=\"M 0,10 Q 9,9 10,0 Q 11,9 20,10\" \/><\/svg> <img decoding=\"async\" src=\"https:\/\/www.visitmalinska.com\/wp-content\/uploads\/2019\/04\/rsz_plaza_valica-101-scaled-thegem-post-thumb-small.jpg\" alt=\"\" class=\"img-responsive\"> <span class=\"gem-gallery-caption slide-info\"> <\/span> <\/a> <span class=\"gem-gallery-line\"><\/span> <\/div> <\/div> <div class=\"gem-gallery-item\"> <div class=\"gem-gallery-item-image\"> <a href=\"https:\/\/www.visitmalinska.com\/wp-content\/uploads\/2019\/04\/rsz_plaza_valica-121-scaled-thegem-gallery-sidebar.jpg\" data-fancybox-group=\"gallery-69f566ae8dcff\" data-full-image-url=\"https:\/\/www.visitmalinska.com\/wp-content\/uploads\/2019\/04\/rsz_plaza_valica-121-scaled.jpg\"> <svg width=\"20\" height=\"10\"><path d=\"M 0,10 Q 9,9 10,0 Q 11,9 20,10\" \/><\/svg> <img decoding=\"async\" src=\"https:\/\/www.visitmalinska.com\/wp-content\/uploads\/2019\/04\/rsz_plaza_valica-121-scaled-thegem-post-thumb-small.jpg\" alt=\"\" class=\"img-responsive\"> <span class=\"gem-gallery-caption slide-info\"> <\/span> <\/a> <span class=\"gem-gallery-line\"><\/span> <\/div> <\/div> <div class=\"gem-gallery-item\"> <div class=\"gem-gallery-item-image\"> <a href=\"https:\/\/www.visitmalinska.com\/wp-content\/uploads\/2019\/04\/rsz_tabela_-_punta__valica_-_150x90_ok_compressed_page-00011-scaled-thegem-gallery-sidebar.jpg\" data-fancybox-group=\"gallery-69f566ae8dcff\" data-full-image-url=\"https:\/\/www.visitmalinska.com\/wp-content\/uploads\/2019\/04\/rsz_tabela_-_punta__valica_-_150x90_ok_compressed_page-00011-scaled.jpg\"> <svg width=\"20\" height=\"10\"><path d=\"M 0,10 Q 9,9 10,0 Q 11,9 20,10\" \/><\/svg> <img decoding=\"async\" src=\"https:\/\/www.visitmalinska.com\/wp-content\/uploads\/2019\/04\/rsz_tabela_-_punta__valica_-_150x90_ok_compressed_page-00011-scaled-thegem-post-thumb-small.jpg\" alt=\"\" class=\"img-responsive\"> <span class=\"gem-gallery-caption slide-info\"> <\/span> <\/a> <span class=\"gem-gallery-line\"><\/span> <\/div> <\/div> <\/div>[vc_column_text]<\/p>\n<hr \/>\n<p>This beach was built in tiers and is perfect for those wanting extra peace and privacy. The beach offers a bar, and the opportunity to enjoy adventure sports (jet skis, and the new attraction of jet surfing).\u00a0 The deeply indented coastline will be of great interest to free divers.\u00a0 In spring you can take a stroll and forage for some wild asparagus.<\/p>\n<hr \/>\n<p>[\/vc_column_text][\/vc_column_inner][vc_column_inner width=&#8221;1\/2&#8243;][vc_column_text]<\/p>\n<h3>Uhli\u0107 Beach<\/h3>\n<hr \/>\n<p>[\/vc_column_text]<div class=\"preloader\"><div class=\"preloader-spin\"><\/div><\/div> <div class=\"gem-gallery gem-gallery-hover-horizontal-sliding\" data-autoscroll=\"5000\"> <div class=\"gem-gallery-item\"> <div class=\"gem-gallery-item-image\"> <a href=\"https:\/\/www.visitmalinska.com\/wp-content\/uploads\/2019\/04\/rsz_plaza_uhlic-91-scaled-thegem-gallery-sidebar.jpg\" data-fancybox-group=\"gallery-69f566aea0c0b\" data-full-image-url=\"https:\/\/www.visitmalinska.com\/wp-content\/uploads\/2019\/04\/rsz_plaza_uhlic-91-scaled.jpg\"> <svg width=\"20\" height=\"10\"><path d=\"M 0,10 Q 9,9 10,0 Q 11,9 20,10\" \/><\/svg> <img decoding=\"async\" src=\"https:\/\/www.visitmalinska.com\/wp-content\/uploads\/2019\/04\/rsz_plaza_uhlic-91-scaled-thegem-post-thumb-small.jpg\" alt=\"\" class=\"img-responsive\"> <span class=\"gem-gallery-caption slide-info\"> <\/span> <\/a> <span class=\"gem-gallery-line\"><\/span> <\/div> <\/div> <div class=\"gem-gallery-item\"> <div class=\"gem-gallery-item-image\"> <a href=\"https:\/\/www.visitmalinska.com\/wp-content\/uploads\/2019\/04\/rsz_plaza_uhlic-101-thegem-gallery-sidebar.jpg\" data-fancybox-group=\"gallery-69f566aea0c0b\" data-full-image-url=\"https:\/\/www.visitmalinska.com\/wp-content\/uploads\/2019\/04\/rsz_plaza_uhlic-101.jpg\"> <svg width=\"20\" height=\"10\"><path d=\"M 0,10 Q 9,9 10,0 Q 11,9 20,10\" \/><\/svg> <img decoding=\"async\" src=\"https:\/\/www.visitmalinska.com\/wp-content\/uploads\/2019\/04\/rsz_plaza_uhlic-101-thegem-post-thumb-small.jpg\" alt=\"\" class=\"img-responsive\"> <span class=\"gem-gallery-caption slide-info\"> <\/span> <\/a> <span class=\"gem-gallery-line\"><\/span> <\/div> <\/div> <div class=\"gem-gallery-item\"> <div class=\"gem-gallery-item-image\"> <a href=\"https:\/\/www.visitmalinska.com\/wp-content\/uploads\/2019\/04\/rsz_plaza_uhlic-221-thegem-gallery-sidebar.jpg\" data-fancybox-group=\"gallery-69f566aea0c0b\" data-full-image-url=\"https:\/\/www.visitmalinska.com\/wp-content\/uploads\/2019\/04\/rsz_plaza_uhlic-221.jpg\"> <svg width=\"20\" height=\"10\"><path d=\"M 0,10 Q 9,9 10,0 Q 11,9 20,10\" \/><\/svg> <img decoding=\"async\" src=\"https:\/\/www.visitmalinska.com\/wp-content\/uploads\/2019\/04\/rsz_plaza_uhlic-221-thegem-post-thumb-small.jpg\" alt=\"\" class=\"img-responsive\"> <span class=\"gem-gallery-caption slide-info\"> <\/span> <\/a> <span class=\"gem-gallery-line\"><\/span> <\/div> <\/div> <div class=\"gem-gallery-item\"> <div class=\"gem-gallery-item-image\"> <a href=\"https:\/\/www.visitmalinska.com\/wp-content\/uploads\/2019\/04\/rsz_plaza_uhlic-21-scaled-thegem-gallery-sidebar.jpg\" data-fancybox-group=\"gallery-69f566aea0c0b\" data-full-image-url=\"https:\/\/www.visitmalinska.com\/wp-content\/uploads\/2019\/04\/rsz_plaza_uhlic-21-scaled.jpg\"> <svg width=\"20\" height=\"10\"><path d=\"M 0,10 Q 9,9 10,0 Q 11,9 20,10\" \/><\/svg> <img decoding=\"async\" src=\"https:\/\/www.visitmalinska.com\/wp-content\/uploads\/2019\/04\/rsz_plaza_uhlic-21-scaled-thegem-post-thumb-small.jpg\" alt=\"\" class=\"img-responsive\"> <span class=\"gem-gallery-caption slide-info\"> <\/span> <\/a> <span class=\"gem-gallery-line\"><\/span> <\/div> <\/div> <div class=\"gem-gallery-item\"> <div class=\"gem-gallery-item-image\"> <a href=\"https:\/\/www.visitmalinska.com\/wp-content\/uploads\/2019\/04\/rsz_plaza_uhlic-161-scaled-thegem-gallery-sidebar.jpg\" data-fancybox-group=\"gallery-69f566aea0c0b\" data-full-image-url=\"https:\/\/www.visitmalinska.com\/wp-content\/uploads\/2019\/04\/rsz_plaza_uhlic-161-scaled.jpg\"> <svg width=\"20\" height=\"10\"><path d=\"M 0,10 Q 9,9 10,0 Q 11,9 20,10\" \/><\/svg> <img decoding=\"async\" src=\"https:\/\/www.visitmalinska.com\/wp-content\/uploads\/2019\/04\/rsz_plaza_uhlic-161-scaled-thegem-post-thumb-small.jpg\" alt=\"\" class=\"img-responsive\"> <span class=\"gem-gallery-caption slide-info\"> <\/span> <\/a> <span class=\"gem-gallery-line\"><\/span> <\/div> <\/div> <div class=\"gem-gallery-item\"> <div class=\"gem-gallery-item-image\"> <a href=\"https:\/\/www.visitmalinska.com\/wp-content\/uploads\/2019\/04\/rsz_plaza_uhlic-611-scaled-thegem-gallery-sidebar.jpg\" data-fancybox-group=\"gallery-69f566aea0c0b\" data-full-image-url=\"https:\/\/www.visitmalinska.com\/wp-content\/uploads\/2019\/04\/rsz_plaza_uhlic-611-scaled.jpg\"> <svg width=\"20\" height=\"10\"><path d=\"M 0,10 Q 9,9 10,0 Q 11,9 20,10\" \/><\/svg> <img decoding=\"async\" src=\"https:\/\/www.visitmalinska.com\/wp-content\/uploads\/2019\/04\/rsz_plaza_uhlic-611-scaled-thegem-post-thumb-small.jpg\" alt=\"\" class=\"img-responsive\"> <span class=\"gem-gallery-caption slide-info\"> <\/span> <\/a> <span class=\"gem-gallery-line\"><\/span> <\/div> <\/div> <div class=\"gem-gallery-item\"> <div class=\"gem-gallery-item-image\"> <a href=\"https:\/\/www.visitmalinska.com\/wp-content\/uploads\/2019\/04\/rsz_1tabela_-_uhlic_-_150x90_ok_compressed1_page-00011-scaled-thegem-gallery-sidebar.jpg\" data-fancybox-group=\"gallery-69f566aea0c0b\" data-full-image-url=\"https:\/\/www.visitmalinska.com\/wp-content\/uploads\/2019\/04\/rsz_1tabela_-_uhlic_-_150x90_ok_compressed1_page-00011-scaled.jpg\"> <svg width=\"20\" height=\"10\"><path d=\"M 0,10 Q 9,9 10,0 Q 11,9 20,10\" \/><\/svg> <img decoding=\"async\" src=\"https:\/\/www.visitmalinska.com\/wp-content\/uploads\/2019\/04\/rsz_1tabela_-_uhlic_-_150x90_ok_compressed1_page-00011-scaled-thegem-post-thumb-small.jpg\" alt=\"\" class=\"img-responsive\"> <span class=\"gem-gallery-caption slide-info\"> <\/span> <\/a> <span class=\"gem-gallery-line\"><\/span> <\/div> <\/div> <\/div>[vc_column_text]<\/p>\n<hr \/>\n<p>This beach, surrounded by pine forests, boasts clean and warm waters in addition to the beauty of Porat\u2019s natural environment.\u00a0 The pebbled beach has concrete slabs perfect for the sensitive feet of children.\u00a0 Next to the beach, a small establishment offers food, drinks, and ice cream.\u00a0 Feel free to leave your car at home, as Uhi\u0107 beach is located next to the tourist train\u2019s last stop (check timetable). The beach has showers and loungers for rent, as well as a small shop with swimming essentials.<\/p>\n<p>Beyond the beach, many small, pristine bays and coves are waiting to be discovered. You can access them by forest trails, which also provide scenic hiking opportunities in spring and autumn. A pet-friendly beach is marked with a sign letting you know your four-legged friends are welcome.<\/p>\n<hr \/>\n<p>[\/vc_column_text][\/vc_column_inner][\/vc_row_inner]<\/div><\/div><\/div>[\/vc_column][\/vc_row][vc_row full_width=&#8221;stretch_row&#8221; css=&#8221;.vc_custom_1563800918140{padding-top: 100px !important;}&#8221;][vc_column]<div id=\"fullwidth-block-69f566aeb31f0\" class=\"fullwidth-block clearfix\"  style=\"\"><script type=\"text\/javascript\">if (typeof(gem_fix_fullwidth_position) == \"function\") { gem_fix_fullwidth_position(document.getElementById(\"fullwidth-block-69f566aeb31f0\")); }<\/script><div class=\"fullwidth-block-inner\"><div class=\"container\">[vc_row_inner][vc_column_inner width=&#8221;1\/2&#8243;][vc_column_text]<\/p>\n<h3>Draga Beach<\/h3>\n<hr \/>\n<p>[\/vc_column_text]<div class=\"preloader\"><div class=\"preloader-spin\"><\/div><\/div> <div class=\"gem-gallery gem-gallery-hover-horizontal-sliding\" data-autoscroll=\"5000\"> <div class=\"gem-gallery-item\"> <div class=\"gem-gallery-item-image\"> <a href=\"https:\/\/www.visitmalinska.com\/wp-content\/uploads\/2019\/07\/rsz_plaza_draga-521-1-thegem-gallery-sidebar.jpg\" data-fancybox-group=\"gallery-69f566aeb326e\" data-full-image-url=\"https:\/\/www.visitmalinska.com\/wp-content\/uploads\/2019\/07\/rsz_plaza_draga-521-1.jpg\"> <svg width=\"20\" height=\"10\"><path d=\"M 0,10 Q 9,9 10,0 Q 11,9 20,10\" \/><\/svg> <img decoding=\"async\" src=\"https:\/\/www.visitmalinska.com\/wp-content\/uploads\/2019\/07\/rsz_plaza_draga-521-1-thegem-post-thumb-small.jpg\" alt=\"\" class=\"img-responsive\"> <span class=\"gem-gallery-caption slide-info\"> <\/span> <\/a> <span class=\"gem-gallery-line\"><\/span> <\/div> <\/div> <div class=\"gem-gallery-item\"> <div class=\"gem-gallery-item-image\"> <a href=\"https:\/\/www.visitmalinska.com\/wp-content\/uploads\/2019\/07\/rsz_plaza_draga-401-1-scaled-thegem-gallery-sidebar.jpg\" data-fancybox-group=\"gallery-69f566aeb326e\" data-full-image-url=\"https:\/\/www.visitmalinska.com\/wp-content\/uploads\/2019\/07\/rsz_plaza_draga-401-1-scaled.jpg\"> <svg width=\"20\" height=\"10\"><path d=\"M 0,10 Q 9,9 10,0 Q 11,9 20,10\" \/><\/svg> <img decoding=\"async\" src=\"https:\/\/www.visitmalinska.com\/wp-content\/uploads\/2019\/07\/rsz_plaza_draga-401-1-scaled-thegem-post-thumb-small.jpg\" alt=\"\" class=\"img-responsive\"> <span class=\"gem-gallery-caption slide-info\"> <\/span> <\/a> <span class=\"gem-gallery-line\"><\/span> <\/div> <\/div> <div class=\"gem-gallery-item\"> <div class=\"gem-gallery-item-image\"> <a href=\"https:\/\/www.visitmalinska.com\/wp-content\/uploads\/2019\/07\/rsz_plaza_draga-531-1-thegem-gallery-sidebar.jpg\" data-fancybox-group=\"gallery-69f566aeb326e\" data-full-image-url=\"https:\/\/www.visitmalinska.com\/wp-content\/uploads\/2019\/07\/rsz_plaza_draga-531-1.jpg\"> <svg width=\"20\" height=\"10\"><path d=\"M 0,10 Q 9,9 10,0 Q 11,9 20,10\" \/><\/svg> <img decoding=\"async\" src=\"https:\/\/www.visitmalinska.com\/wp-content\/uploads\/2019\/07\/rsz_plaza_draga-531-1-thegem-post-thumb-small.jpg\" alt=\"\" class=\"img-responsive\"> <span class=\"gem-gallery-caption slide-info\"> <\/span> <\/a> <span class=\"gem-gallery-line\"><\/span> <\/div> <\/div> <div class=\"gem-gallery-item\"> <div class=\"gem-gallery-item-image\"> <a href=\"https:\/\/www.visitmalinska.com\/wp-content\/uploads\/2019\/07\/rsz_plaza_draga-431-1-scaled-thegem-gallery-sidebar.jpg\" data-fancybox-group=\"gallery-69f566aeb326e\" data-full-image-url=\"https:\/\/www.visitmalinska.com\/wp-content\/uploads\/2019\/07\/rsz_plaza_draga-431-1-scaled.jpg\"> <svg width=\"20\" height=\"10\"><path d=\"M 0,10 Q 9,9 10,0 Q 11,9 20,10\" \/><\/svg> <img decoding=\"async\" src=\"https:\/\/www.visitmalinska.com\/wp-content\/uploads\/2019\/07\/rsz_plaza_draga-431-1-scaled-thegem-post-thumb-small.jpg\" alt=\"\" class=\"img-responsive\"> <span class=\"gem-gallery-caption slide-info\"> <\/span> <\/a> <span class=\"gem-gallery-line\"><\/span> <\/div> <\/div> <div class=\"gem-gallery-item\"> <div class=\"gem-gallery-item-image\"> <a href=\"https:\/\/www.visitmalinska.com\/wp-content\/uploads\/2019\/07\/rsz_plaza_draga-591-1-thegem-gallery-sidebar.jpg\" data-fancybox-group=\"gallery-69f566aeb326e\" data-full-image-url=\"https:\/\/www.visitmalinska.com\/wp-content\/uploads\/2019\/07\/rsz_plaza_draga-591-1.jpg\"> <svg width=\"20\" height=\"10\"><path d=\"M 0,10 Q 9,9 10,0 Q 11,9 20,10\" \/><\/svg> <img decoding=\"async\" src=\"https:\/\/www.visitmalinska.com\/wp-content\/uploads\/2019\/07\/rsz_plaza_draga-591-1-thegem-post-thumb-small.jpg\" alt=\"\" class=\"img-responsive\"> <span class=\"gem-gallery-caption slide-info\"> <\/span> <\/a> <span class=\"gem-gallery-line\"><\/span> <\/div> <\/div> <div class=\"gem-gallery-item\"> <div class=\"gem-gallery-item-image\"> <a href=\"https:\/\/www.visitmalinska.com\/wp-content\/uploads\/2019\/07\/rsz_tabela_-_plaza_draga_-_150x90_compressed_page-00011-1-scaled-thegem-gallery-sidebar.jpg\" data-fancybox-group=\"gallery-69f566aeb326e\" data-full-image-url=\"https:\/\/www.visitmalinska.com\/wp-content\/uploads\/2019\/07\/rsz_tabela_-_plaza_draga_-_150x90_compressed_page-00011-1-scaled.jpg\"> <svg width=\"20\" height=\"10\"><path d=\"M 0,10 Q 9,9 10,0 Q 11,9 20,10\" \/><\/svg> <img decoding=\"async\" src=\"https:\/\/www.visitmalinska.com\/wp-content\/uploads\/2019\/07\/rsz_tabela_-_plaza_draga_-_150x90_compressed_page-00011-1-scaled-thegem-post-thumb-small.jpg\" alt=\"\" class=\"img-responsive\"> <span class=\"gem-gallery-caption slide-info\"> <\/span> <\/a> <span class=\"gem-gallery-line\"><\/span> <\/div> <\/div> <\/div>[vc_column_text]<\/p>\n<hr \/>\n<p>Located just below Hotel Malin, Draga Beach is one of the most popular beaches in Malinska. A mix of pebbles and concrete sunbathing areas offers safe and comfortable sea access for all ages.<br \/>\nIt\u2019s ideal for families with children thanks to the shallow sea entrance, water park, and additional amenities such as a shower, toilet, and beach bar.<br \/>\nThe beach is easily accessible, with parking just 50 meters from the shore. With its excellent facilities and attractive location, Draga Beach is the perfect choice for those looking to combine sunbathing with an active summer holiday.<\/p>\n<hr \/>\n<p>[\/vc_column_text][\/vc_column_inner][vc_column_inner width=&#8221;1\/2&#8243;][vc_column_text]<\/p>\n<h3>Cukli\u0107evo Beach<\/h3>\n<hr \/>\n<p>[\/vc_column_text]<div class=\"preloader\"><div class=\"preloader-spin\"><\/div><\/div> <div class=\"gem-gallery gem-gallery-hover-horizontal-sliding\" data-autoscroll=\"5000\"> <div class=\"gem-gallery-item\"> <div class=\"gem-gallery-item-image\"> <a href=\"https:\/\/www.visitmalinska.com\/wp-content\/uploads\/2025\/08\/rsz_plaza_cuklicevo-31-thegem-gallery-fullwidth.jpg\" data-fancybox-group=\"gallery-69f566aec6ded\" data-full-image-url=\"https:\/\/www.visitmalinska.com\/wp-content\/uploads\/2025\/08\/rsz_plaza_cuklicevo-31.jpg\"> <svg width=\"20\" height=\"10\"><path d=\"M 0,10 Q 9,9 10,0 Q 11,9 20,10\" \/><\/svg> <img decoding=\"async\" src=\"https:\/\/www.visitmalinska.com\/wp-content\/uploads\/2025\/08\/rsz_plaza_cuklicevo-31-thegem-post-thumb-small.jpg\" alt=\"\" class=\"img-responsive\"> <span class=\"gem-gallery-caption slide-info\"> <\/span> <\/a> <span class=\"gem-gallery-line\"><\/span> <\/div> <\/div> <div class=\"gem-gallery-item\"> <div class=\"gem-gallery-item-image\"> <a href=\"https:\/\/www.visitmalinska.com\/wp-content\/uploads\/2025\/08\/rsz_plaza_cuklicevo-51-scaled-thegem-gallery-fullwidth.jpg\" data-fancybox-group=\"gallery-69f566aec6ded\" data-full-image-url=\"https:\/\/www.visitmalinska.com\/wp-content\/uploads\/2025\/08\/rsz_plaza_cuklicevo-51-scaled.jpg\"> <svg width=\"20\" height=\"10\"><path d=\"M 0,10 Q 9,9 10,0 Q 11,9 20,10\" \/><\/svg> <img decoding=\"async\" src=\"https:\/\/www.visitmalinska.com\/wp-content\/uploads\/2025\/08\/rsz_plaza_cuklicevo-51-scaled-thegem-post-thumb-small.jpg\" alt=\"\" class=\"img-responsive\"> <span class=\"gem-gallery-caption slide-info\"> <\/span> <\/a> <span class=\"gem-gallery-line\"><\/span> <\/div> <\/div> <div class=\"gem-gallery-item\"> <div class=\"gem-gallery-item-image\"> <a href=\"https:\/\/www.visitmalinska.com\/wp-content\/uploads\/2025\/08\/rsz_plaza_cuklicevo-141-thegem-gallery-fullwidth.jpg\" data-fancybox-group=\"gallery-69f566aec6ded\" data-full-image-url=\"https:\/\/www.visitmalinska.com\/wp-content\/uploads\/2025\/08\/rsz_plaza_cuklicevo-141.jpg\"> <svg width=\"20\" height=\"10\"><path d=\"M 0,10 Q 9,9 10,0 Q 11,9 20,10\" \/><\/svg> <img decoding=\"async\" src=\"https:\/\/www.visitmalinska.com\/wp-content\/uploads\/2025\/08\/rsz_plaza_cuklicevo-141-thegem-post-thumb-small.jpg\" alt=\"\" class=\"img-responsive\"> <span class=\"gem-gallery-caption slide-info\"> <\/span> <\/a> <span class=\"gem-gallery-line\"><\/span> <\/div> <\/div> <div class=\"gem-gallery-item\"> <div class=\"gem-gallery-item-image\"> <a href=\"https:\/\/www.visitmalinska.com\/wp-content\/uploads\/2025\/08\/rsz_plaza_cuklicevo-21-thegem-gallery-fullwidth.jpg\" data-fancybox-group=\"gallery-69f566aec6ded\" data-full-image-url=\"https:\/\/www.visitmalinska.com\/wp-content\/uploads\/2025\/08\/rsz_plaza_cuklicevo-21.jpg\"> <svg width=\"20\" height=\"10\"><path d=\"M 0,10 Q 9,9 10,0 Q 11,9 20,10\" \/><\/svg> <img decoding=\"async\" src=\"https:\/\/www.visitmalinska.com\/wp-content\/uploads\/2025\/08\/rsz_plaza_cuklicevo-21-thegem-post-thumb-small.jpg\" alt=\"\" class=\"img-responsive\"> <span class=\"gem-gallery-caption slide-info\"> <\/span> <\/a> <span class=\"gem-gallery-line\"><\/span> <\/div> <\/div> <div class=\"gem-gallery-item\"> <div class=\"gem-gallery-item-image\"> <a href=\"https:\/\/www.visitmalinska.com\/wp-content\/uploads\/2025\/08\/rsz_plaza_cuklicevo-81-scaled-thegem-gallery-fullwidth.jpg\" data-fancybox-group=\"gallery-69f566aec6ded\" data-full-image-url=\"https:\/\/www.visitmalinska.com\/wp-content\/uploads\/2025\/08\/rsz_plaza_cuklicevo-81-scaled.jpg\"> <svg width=\"20\" height=\"10\"><path d=\"M 0,10 Q 9,9 10,0 Q 11,9 20,10\" \/><\/svg> <img decoding=\"async\" src=\"https:\/\/www.visitmalinska.com\/wp-content\/uploads\/2025\/08\/rsz_plaza_cuklicevo-81-scaled-thegem-post-thumb-small.jpg\" alt=\"\" class=\"img-responsive\"> <span class=\"gem-gallery-caption slide-info\"> <\/span> <\/a> <span class=\"gem-gallery-line\"><\/span> <\/div> <\/div> <div class=\"gem-gallery-item\"> <div class=\"gem-gallery-item-image\"> <a href=\"https:\/\/www.visitmalinska.com\/wp-content\/uploads\/2025\/08\/rsz_plaza_cuklicevo-41-thegem-gallery-fullwidth.jpg\" data-fancybox-group=\"gallery-69f566aec6ded\" data-full-image-url=\"https:\/\/www.visitmalinska.com\/wp-content\/uploads\/2025\/08\/rsz_plaza_cuklicevo-41.jpg\"> <svg width=\"20\" height=\"10\"><path d=\"M 0,10 Q 9,9 10,0 Q 11,9 20,10\" \/><\/svg> <img decoding=\"async\" src=\"https:\/\/www.visitmalinska.com\/wp-content\/uploads\/2025\/08\/rsz_plaza_cuklicevo-41-thegem-post-thumb-small.jpg\" alt=\"\" class=\"img-responsive\"> <span class=\"gem-gallery-caption slide-info\"> <\/span> <\/a> <span class=\"gem-gallery-line\"><\/span> <\/div> <\/div> <div class=\"gem-gallery-item\"> <div class=\"gem-gallery-item-image\"> <a href=\"https:\/\/www.visitmalinska.com\/wp-content\/uploads\/2025\/08\/rsz_tabela_-_cuklicevo_-_150x90_ok_compressed_page-00011-scaled-thegem-gallery-fullwidth.jpg\" data-fancybox-group=\"gallery-69f566aec6ded\" data-full-image-url=\"https:\/\/www.visitmalinska.com\/wp-content\/uploads\/2025\/08\/rsz_tabela_-_cuklicevo_-_150x90_ok_compressed_page-00011-scaled.jpg\"> <svg width=\"20\" height=\"10\"><path d=\"M 0,10 Q 9,9 10,0 Q 11,9 20,10\" \/><\/svg> <img decoding=\"async\" src=\"https:\/\/www.visitmalinska.com\/wp-content\/uploads\/2025\/08\/rsz_tabela_-_cuklicevo_-_150x90_ok_compressed_page-00011-scaled-thegem-post-thumb-small.jpg\" alt=\"\" class=\"img-responsive\"> <span class=\"gem-gallery-caption slide-info\"> <\/span> <\/a> <span class=\"gem-gallery-line\"><\/span> <\/div> <\/div> <\/div>[vc_column_text]<\/p>\n<hr \/>\n<p>Nestled in a quiet bay along the Malinska coastline, Cukli\u0107evo Beach is the perfect spot for relaxation and enjoying the crystal-clear Adriatic Sea. This well-maintained beach combines pebbled sections with concrete sunbathing areas, making it suitable for visitors of all ages \u2013 from families with children to couples and solo travelers.<br \/>\nNatural shade from pine trees offers shelter from the sun on hot summer days. The beach is equipped with a shower and a toilet, and a nearby beach bar provides refreshments and drinks. Parking is located approximately 200 meters away, connected to the beach by a short seaside path.<br \/>\nThanks to its peaceful atmosphere and natural beauty, Cukli\u0107evo is an ideal choice for those seeking a quiet and pleasant place to swim and soak up the sun.<\/p>\n<hr \/>\n<p>[\/vc_column_text][\/vc_column_inner][\/vc_row_inner]<\/div><\/div><\/div>[\/vc_column][\/vc_row][vc_row][vc_column width=&#8221;1\/2&#8243;][vc_column_text]<\/p>\n<h3>Trstika Beach<\/h3>\n<hr \/>\n<p>[\/vc_column_text]<div class=\"preloader\"><div class=\"preloader-spin\"><\/div><\/div> <div class=\"gem-gallery gem-gallery-hover-horizontal-sliding\" data-autoscroll=\"5000\"> <div class=\"gem-gallery-item\"> <div class=\"gem-gallery-item-image\"> <a href=\"https:\/\/www.visitmalinska.com\/wp-content\/uploads\/2025\/08\/rsz_plaza_trstika-71-thegem-gallery-fullwidth.jpg\" data-fancybox-group=\"gallery-69f566aee4be1\" data-full-image-url=\"https:\/\/www.visitmalinska.com\/wp-content\/uploads\/2025\/08\/rsz_plaza_trstika-71.jpg\"> <svg width=\"20\" height=\"10\"><path d=\"M 0,10 Q 9,9 10,0 Q 11,9 20,10\" \/><\/svg> <img decoding=\"async\" src=\"https:\/\/www.visitmalinska.com\/wp-content\/uploads\/2025\/08\/rsz_plaza_trstika-71-thegem-post-thumb-small.jpg\" alt=\"\" class=\"img-responsive\"> <span class=\"gem-gallery-caption slide-info\"> <\/span> <\/a> <span class=\"gem-gallery-line\"><\/span> <\/div> <\/div> <div class=\"gem-gallery-item\"> <div class=\"gem-gallery-item-image\"> <a href=\"https:\/\/www.visitmalinska.com\/wp-content\/uploads\/2025\/08\/rsz_plaza_trstika-31-scaled-thegem-gallery-fullwidth.jpg\" data-fancybox-group=\"gallery-69f566aee4be1\" data-full-image-url=\"https:\/\/www.visitmalinska.com\/wp-content\/uploads\/2025\/08\/rsz_plaza_trstika-31-scaled.jpg\"> <svg width=\"20\" height=\"10\"><path d=\"M 0,10 Q 9,9 10,0 Q 11,9 20,10\" \/><\/svg> <img decoding=\"async\" src=\"https:\/\/www.visitmalinska.com\/wp-content\/uploads\/2025\/08\/rsz_plaza_trstika-31-scaled-thegem-post-thumb-small.jpg\" alt=\"\" class=\"img-responsive\"> <span class=\"gem-gallery-caption slide-info\"> <\/span> <\/a> <span class=\"gem-gallery-line\"><\/span> <\/div> <\/div> <div class=\"gem-gallery-item\"> <div class=\"gem-gallery-item-image\"> <a href=\"https:\/\/www.visitmalinska.com\/wp-content\/uploads\/2025\/08\/rsz_plaza_trstika-1111-thegem-gallery-fullwidth.jpg\" data-fancybox-group=\"gallery-69f566aee4be1\" data-full-image-url=\"https:\/\/www.visitmalinska.com\/wp-content\/uploads\/2025\/08\/rsz_plaza_trstika-1111.jpg\"> <svg width=\"20\" height=\"10\"><path d=\"M 0,10 Q 9,9 10,0 Q 11,9 20,10\" \/><\/svg> <img decoding=\"async\" src=\"https:\/\/www.visitmalinska.com\/wp-content\/uploads\/2025\/08\/rsz_plaza_trstika-1111-thegem-post-thumb-small.jpg\" alt=\"\" class=\"img-responsive\"> <span class=\"gem-gallery-caption slide-info\"> <\/span> <\/a> <span class=\"gem-gallery-line\"><\/span> <\/div> <\/div> <div class=\"gem-gallery-item\"> <div class=\"gem-gallery-item-image\"> <a href=\"https:\/\/www.visitmalinska.com\/wp-content\/uploads\/2025\/08\/rsz_plaza_trstika-41-thegem-gallery-fullwidth.jpg\" data-fancybox-group=\"gallery-69f566aee4be1\" data-full-image-url=\"https:\/\/www.visitmalinska.com\/wp-content\/uploads\/2025\/08\/rsz_plaza_trstika-41.jpg\"> <svg width=\"20\" height=\"10\"><path d=\"M 0,10 Q 9,9 10,0 Q 11,9 20,10\" \/><\/svg> <img decoding=\"async\" src=\"https:\/\/www.visitmalinska.com\/wp-content\/uploads\/2025\/08\/rsz_plaza_trstika-41-thegem-post-thumb-small.jpg\" alt=\"\" class=\"img-responsive\"> <span class=\"gem-gallery-caption slide-info\"> <\/span> <\/a> <span class=\"gem-gallery-line\"><\/span> <\/div> <\/div> <div class=\"gem-gallery-item\"> <div class=\"gem-gallery-item-image\"> <a href=\"https:\/\/www.visitmalinska.com\/wp-content\/uploads\/2025\/08\/rsz_plaza_trstika-811-thegem-gallery-fullwidth.jpg\" data-fancybox-group=\"gallery-69f566aee4be1\" data-full-image-url=\"https:\/\/www.visitmalinska.com\/wp-content\/uploads\/2025\/08\/rsz_plaza_trstika-811.jpg\"> <svg width=\"20\" height=\"10\"><path d=\"M 0,10 Q 9,9 10,0 Q 11,9 20,10\" \/><\/svg> <img decoding=\"async\" src=\"https:\/\/www.visitmalinska.com\/wp-content\/uploads\/2025\/08\/rsz_plaza_trstika-811-thegem-post-thumb-small.jpg\" alt=\"\" class=\"img-responsive\"> <span class=\"gem-gallery-caption slide-info\"> <\/span> <\/a> <span class=\"gem-gallery-line\"><\/span> <\/div> <\/div> <div class=\"gem-gallery-item\"> <div class=\"gem-gallery-item-image\"> <a href=\"https:\/\/www.visitmalinska.com\/wp-content\/uploads\/2025\/08\/rsz_plaza_trstika-61-thegem-gallery-fullwidth.jpg\" data-fancybox-group=\"gallery-69f566aee4be1\" data-full-image-url=\"https:\/\/www.visitmalinska.com\/wp-content\/uploads\/2025\/08\/rsz_plaza_trstika-61.jpg\"> <svg width=\"20\" height=\"10\"><path d=\"M 0,10 Q 9,9 10,0 Q 11,9 20,10\" \/><\/svg> <img decoding=\"async\" src=\"https:\/\/www.visitmalinska.com\/wp-content\/uploads\/2025\/08\/rsz_plaza_trstika-61-thegem-post-thumb-small.jpg\" alt=\"\" class=\"img-responsive\"> <span class=\"gem-gallery-caption slide-info\"> <\/span> <\/a> <span class=\"gem-gallery-line\"><\/span> <\/div> <\/div> <div class=\"gem-gallery-item\"> <div class=\"gem-gallery-item-image\"> <a href=\"https:\/\/www.visitmalinska.com\/wp-content\/uploads\/2025\/08\/rsz_tabela_-_trstika_-_150x90_ok_compressed_page-00011-scaled-thegem-gallery-fullwidth.jpg\" data-fancybox-group=\"gallery-69f566aee4be1\" data-full-image-url=\"https:\/\/www.visitmalinska.com\/wp-content\/uploads\/2025\/08\/rsz_tabela_-_trstika_-_150x90_ok_compressed_page-00011-scaled.jpg\"> <svg width=\"20\" height=\"10\"><path d=\"M 0,10 Q 9,9 10,0 Q 11,9 20,10\" \/><\/svg> <img decoding=\"async\" src=\"https:\/\/www.visitmalinska.com\/wp-content\/uploads\/2025\/08\/rsz_tabela_-_trstika_-_150x90_ok_compressed_page-00011-scaled-thegem-post-thumb-small.jpg\" alt=\"\" class=\"img-responsive\"> <span class=\"gem-gallery-caption slide-info\"> <\/span> <\/a> <span class=\"gem-gallery-line\"><\/span> <\/div> <\/div> <\/div>[vc_column_text]<\/p>\n<hr \/>\n<p>Nestled between Rova and Vanta\u010di\u0107 beaches, <strong>Trstika Beach<\/strong> is a peaceful little oasis perfect for those seeking relaxation by the sea. This small pebbled beach offers a pleasant and safe entry into the water, making it ideal for nature lovers who prefer quiet spots away from the crowds.<br \/>\nA scenic seaside promenade leads to the beach \u2013 perfect for a morning or evening stroll. Two nearby parking areas, one near Rova and the other near Vanta\u010di\u0107 Beach, make access easy and convenient.<br \/>\nAbove the beach, in the refreshing shade, you&#8217;ll find a <strong>beach bar<\/strong> \u2013 a great place to relax with a coffee or a refreshing drink while enjoying the sea view.<\/p>\n<hr \/>\n<p>[\/vc_column_text][\/vc_column][vc_column width=&#8221;1\/2&#8243;][vc_column_text]<\/p>\n<h3>Dog Beach &#8211; Ribarsko selo<\/h3>\n<p>&nbsp;<\/p>\n<hr \/>\n<p>[\/vc_column_text]<div class=\"preloader\"><div class=\"preloader-spin\"><\/div><\/div> <div class=\"gem-gallery gem-gallery-hover-horizontal-sliding\" data-autoscroll=\"5000\"> <div class=\"gem-gallery-item\"> <div class=\"gem-gallery-item-image\"> <a href=\"https:\/\/www.visitmalinska.com\/wp-content\/uploads\/2025\/08\/rsz_plaza_za_pse_porat-21-scaled-thegem-gallery-fullwidth.jpg\" data-fancybox-group=\"gallery-69f566af04bfa\" data-full-image-url=\"https:\/\/www.visitmalinska.com\/wp-content\/uploads\/2025\/08\/rsz_plaza_za_pse_porat-21-scaled.jpg\"> <svg width=\"20\" height=\"10\"><path d=\"M 0,10 Q 9,9 10,0 Q 11,9 20,10\" \/><\/svg> <img decoding=\"async\" src=\"https:\/\/www.visitmalinska.com\/wp-content\/uploads\/2025\/08\/rsz_plaza_za_pse_porat-21-scaled-thegem-post-thumb-small.jpg\" alt=\"\" class=\"img-responsive\"> <span class=\"gem-gallery-caption slide-info\"> <\/span> <\/a> <span class=\"gem-gallery-line\"><\/span> <\/div> <\/div> <div class=\"gem-gallery-item\"> <div class=\"gem-gallery-item-image\"> <a href=\"https:\/\/www.visitmalinska.com\/wp-content\/uploads\/2025\/08\/rsz_plaza_za_pse_porat-31-scaled-thegem-gallery-fullwidth.jpg\" data-fancybox-group=\"gallery-69f566af04bfa\" data-full-image-url=\"https:\/\/www.visitmalinska.com\/wp-content\/uploads\/2025\/08\/rsz_plaza_za_pse_porat-31-scaled.jpg\"> <svg width=\"20\" height=\"10\"><path d=\"M 0,10 Q 9,9 10,0 Q 11,9 20,10\" \/><\/svg> <img decoding=\"async\" src=\"https:\/\/www.visitmalinska.com\/wp-content\/uploads\/2025\/08\/rsz_plaza_za_pse_porat-31-scaled-thegem-post-thumb-small.jpg\" alt=\"\" class=\"img-responsive\"> <span class=\"gem-gallery-caption slide-info\"> <\/span> <\/a> <span class=\"gem-gallery-line\"><\/span> <\/div> <\/div> <div class=\"gem-gallery-item\"> <div class=\"gem-gallery-item-image\"> <a href=\"https:\/\/www.visitmalinska.com\/wp-content\/uploads\/2025\/08\/rsz_plaza_za_pse_porat-41-scaled-thegem-gallery-fullwidth.jpg\" data-fancybox-group=\"gallery-69f566af04bfa\" data-full-image-url=\"https:\/\/www.visitmalinska.com\/wp-content\/uploads\/2025\/08\/rsz_plaza_za_pse_porat-41-scaled.jpg\"> <svg width=\"20\" height=\"10\"><path d=\"M 0,10 Q 9,9 10,0 Q 11,9 20,10\" \/><\/svg> <img decoding=\"async\" src=\"https:\/\/www.visitmalinska.com\/wp-content\/uploads\/2025\/08\/rsz_plaza_za_pse_porat-41-scaled-thegem-post-thumb-small.jpg\" alt=\"\" class=\"img-responsive\"> <span class=\"gem-gallery-caption slide-info\"> <\/span> <\/a> <span class=\"gem-gallery-line\"><\/span> <\/div> <\/div> <div class=\"gem-gallery-item\"> <div class=\"gem-gallery-item-image\"> <a href=\"https:\/\/www.visitmalinska.com\/wp-content\/uploads\/2025\/08\/rsz_plaza_za_pse_porat-51-scaled-thegem-gallery-fullwidth.jpg\" data-fancybox-group=\"gallery-69f566af04bfa\" data-full-image-url=\"https:\/\/www.visitmalinska.com\/wp-content\/uploads\/2025\/08\/rsz_plaza_za_pse_porat-51-scaled.jpg\"> <svg width=\"20\" height=\"10\"><path d=\"M 0,10 Q 9,9 10,0 Q 11,9 20,10\" \/><\/svg> <img decoding=\"async\" src=\"https:\/\/www.visitmalinska.com\/wp-content\/uploads\/2025\/08\/rsz_plaza_za_pse_porat-51-scaled-thegem-post-thumb-small.jpg\" alt=\"\" class=\"img-responsive\"> <span class=\"gem-gallery-caption slide-info\"> <\/span> <\/a> <span class=\"gem-gallery-line\"><\/span> <\/div> <\/div> <\/div>[vc_column_text]<\/p>\n<hr \/>\n<p>This dog- friendly beach is ideal if you want to take your four-legged friend with you.\u00a0 Ribarsko selo is the perfect place for those who wish to soak up some sun and have the opportunity to stroll and relax in the lush vegetation with their pets, accompanied by the roar of the waves and chirping of crickets.<\/p>\n<hr \/>\n<p>[\/vc_column_text][\/vc_column][\/vc_row][vc_row][vc_column][vc_column_text]<\/p>\n<h5 style=\"text-align: center;\">If you are looking for the perfect shade of blue to relax by, Malinska is the place to be.<\/h5>\n<p>[\/vc_column_text][\/vc_column][\/vc_row]<\/p>\n","protected":false},"excerpt":{"rendered":"<p>The beaches of Malinska and the island of Krk are considered to be among the finest in Croatia.<\/p>\n","protected":false},"author":1,"featured_media":41953,"parent":30090,"menu_order":0,"comment_status":"closed","ping_status":"closed","template":"","meta":{"footnotes":""},"class_list":["post-30665","page","type-page","status-publish","has-post-thumbnail"],"acf":[],"yoast_head":"<!-- This site is optimized with the Yoast SEO plugin v23.5 - https:\/\/yoast.com\/wordpress\/plugins\/seo\/ -->\n<title>Beaches - TZO Malinska-Duba\u0161nica<\/title>\n<meta name=\"robots\" content=\"index, follow, max-snippet:-1, max-image-preview:large, max-video-preview:-1\" \/>\n<link rel=\"canonical\" href=\"https:\/\/www.visitmalinska.com\/malinska-za-sve\/malinska-plaze\/\" \/>\n<meta property=\"og:locale\" content=\"en_US\" \/>\n<meta property=\"og:type\" content=\"article\" \/>\n<meta property=\"og:title\" content=\"{:hr}Pla\u017ee{:}{:en}Beaches{:}{:de}Str\u00e4nde{:}{:it}Spiagge{:}{:si}Pla\u017ee{:} - TZO Malinska-Duba\u0161nica\" \/>\n<meta property=\"og:description\" content=\"The beaches of Malinska and the island of Krk are considered to be among the finest in Croatia.\" \/>\n<meta property=\"og:url\" content=\"https:\/\/www.visitmalinska.com\/malinska-za-sve\/malinska-plaze\/\" \/>\n<meta property=\"og:site_name\" content=\"TZO Malinska-Duba\u0161nica\" \/>\n<meta property=\"article:publisher\" content=\"https:\/\/www.facebook.com\/Malinska.Island.Krk\/\" \/>\n<meta property=\"article:modified_time\" content=\"2025-08-16T13:55:17+00:00\" \/>\n<meta property=\"og:image\" content=\"https:\/\/www.visitmalinska.com\/wp-content\/uploads\/2019\/09\/plaze-facebook.jpg\" \/>\n\t<meta property=\"og:image:width\" content=\"1200\" \/>\n\t<meta property=\"og:image:height\" content=\"630\" \/>\n\t<meta property=\"og:image:type\" content=\"image\/jpeg\" \/>\n<meta name=\"twitter:card\" content=\"summary_large_image\" \/>\n<meta name=\"twitter:image\" content=\"https:\/\/www.visitmalinska.com\/wp-content\/uploads\/2019\/09\/plaze-twitter.jpg\" \/>\n<meta name=\"twitter:label1\" content=\"Est. reading time\" \/>\n\t<meta name=\"twitter:data1\" content=\"11 minutes\" \/>\n<script type=\"application\/ld+json\" class=\"yoast-schema-graph\">{\"@context\":\"https:\/\/schema.org\",\"@graph\":[{\"@type\":\"WebPage\",\"@id\":\"https:\/\/www.visitmalinska.com\/malinska-za-sve\/malinska-plaze\/\",\"url\":\"https:\/\/www.visitmalinska.com\/malinska-za-sve\/malinska-plaze\/\",\"name\":\"{:hr}Pla\u017ee{:}{:en}Beaches{:}{:de}Str\u00e4nde{:}{:it}Spiagge{:}{:si}Pla\u017ee{:} - TZO Malinska-Duba\u0161nica\",\"isPartOf\":{\"@id\":\"https:\/\/www.visitmalinska.com\/#website\"},\"primaryImageOfPage\":{\"@id\":\"https:\/\/www.visitmalinska.com\/malinska-za-sve\/malinska-plaze\/#primaryimage\"},\"image\":{\"@id\":\"https:\/\/www.visitmalinska.com\/malinska-za-sve\/malinska-plaze\/#primaryimage\"},\"thumbnailUrl\":\"https:\/\/www.visitmalinska.com\/wp-content\/uploads\/2025\/08\/rsz_plaza_vantacic-71.jpg\",\"datePublished\":\"2019-04-11T07:47:52+00:00\",\"dateModified\":\"2025-08-16T13:55:17+00:00\",\"breadcrumb\":{\"@id\":\"https:\/\/www.visitmalinska.com\/malinska-za-sve\/malinska-plaze\/#breadcrumb\"},\"inLanguage\":\"en-US\",\"potentialAction\":[{\"@type\":\"ReadAction\",\"target\":[\"https:\/\/www.visitmalinska.com\/malinska-za-sve\/malinska-plaze\/\"]}]},{\"@type\":\"ImageObject\",\"inLanguage\":\"en-US\",\"@id\":\"https:\/\/www.visitmalinska.com\/malinska-za-sve\/malinska-plaze\/#primaryimage\",\"url\":\"https:\/\/www.visitmalinska.com\/wp-content\/uploads\/2025\/08\/rsz_plaza_vantacic-71.jpg\",\"contentUrl\":\"https:\/\/www.visitmalinska.com\/wp-content\/uploads\/2025\/08\/rsz_plaza_vantacic-71.jpg\",\"width\":1943,\"height\":1458},{\"@type\":\"BreadcrumbList\",\"@id\":\"https:\/\/www.visitmalinska.com\/malinska-za-sve\/malinska-plaze\/#breadcrumb\",\"itemListElement\":[{\"@type\":\"ListItem\",\"position\":1,\"name\":\"Po\u010detna stranica\",\"item\":\"https:\/\/www.visitmalinska.com\/\"},{\"@type\":\"ListItem\",\"position\":2,\"name\":\"Malinska za sve\",\"item\":\"https:\/\/www.visitmalinska.com\/malinska-za-sve\/\"},{\"@type\":\"ListItem\",\"position\":3,\"name\":\"Pla\u017ee\"}]},{\"@type\":\"WebSite\",\"@id\":\"https:\/\/www.visitmalinska.com\/#website\",\"url\":\"https:\/\/www.visitmalinska.com\/\",\"name\":\"TZO Malinska-Duba\u0161nica\",\"description\":\"\",\"publisher\":{\"@id\":\"https:\/\/www.visitmalinska.com\/#organization\"},\"potentialAction\":[{\"@type\":\"SearchAction\",\"target\":{\"@type\":\"EntryPoint\",\"urlTemplate\":\"https:\/\/www.visitmalinska.com\/?s={search_term_string}\"},\"query-input\":{\"@type\":\"PropertyValueSpecification\",\"valueRequired\":true,\"valueName\":\"search_term_string\"}}],\"inLanguage\":\"en-US\"},{\"@type\":\"Organization\",\"@id\":\"https:\/\/www.visitmalinska.com\/#organization\",\"name\":\"TZO Malinska - Duba\u0161nica\",\"url\":\"https:\/\/www.visitmalinska.com\/\",\"logo\":{\"@type\":\"ImageObject\",\"inLanguage\":\"en-US\",\"@id\":\"https:\/\/www.visitmalinska.com\/#\/schema\/logo\/image\/\",\"url\":\"https:\/\/www.visitmalinska.com\/wp-content\/uploads\/2019\/03\/malinska-logo-240.png\",\"contentUrl\":\"https:\/\/www.visitmalinska.com\/wp-content\/uploads\/2019\/03\/malinska-logo-240.png\",\"width\":1188,\"height\":241,\"caption\":\"TZO Malinska - Duba\u0161nica\"},\"image\":{\"@id\":\"https:\/\/www.visitmalinska.com\/#\/schema\/logo\/image\/\"},\"sameAs\":[\"https:\/\/www.facebook.com\/Malinska.Island.Krk\/\",\"https:\/\/www.instagram.com\/visitmalinska\/\"]}]}<\/script>\n<!-- \/ Yoast SEO plugin. -->","yoast_head_json":{"title":"Beaches - TZO Malinska-Duba\u0161nica","robots":{"index":"index","follow":"follow","max-snippet":"max-snippet:-1","max-image-preview":"max-image-preview:large","max-video-preview":"max-video-preview:-1"},"canonical":"https:\/\/www.visitmalinska.com\/malinska-za-sve\/malinska-plaze\/","og_locale":"en_US","og_type":"article","og_title":"{:hr}Pla\u017ee{:}{:en}Beaches{:}{:de}Str\u00e4nde{:}{:it}Spiagge{:}{:si}Pla\u017ee{:} - TZO Malinska-Duba\u0161nica","og_description":"The beaches of Malinska and the island of Krk are considered to be among the finest in Croatia.","og_url":"https:\/\/www.visitmalinska.com\/malinska-za-sve\/malinska-plaze\/","og_site_name":"TZO Malinska-Duba\u0161nica","article_publisher":"https:\/\/www.facebook.com\/Malinska.Island.Krk\/","article_modified_time":"2025-08-16T13:55:17+00:00","og_image":[{"width":1200,"height":630,"url":"https:\/\/www.visitmalinska.com\/wp-content\/uploads\/2019\/09\/plaze-facebook.jpg","type":"image\/jpeg"}],"twitter_card":"summary_large_image","twitter_image":"https:\/\/www.visitmalinska.com\/wp-content\/uploads\/2019\/09\/plaze-twitter.jpg","twitter_misc":{"Est. reading time":"11 minutes"},"schema":{"@context":"https:\/\/schema.org","@graph":[{"@type":"WebPage","@id":"https:\/\/www.visitmalinska.com\/malinska-za-sve\/malinska-plaze\/","url":"https:\/\/www.visitmalinska.com\/malinska-za-sve\/malinska-plaze\/","name":"{:hr}Pla\u017ee{:}{:en}Beaches{:}{:de}Str\u00e4nde{:}{:it}Spiagge{:}{:si}Pla\u017ee{:} - TZO Malinska-Duba\u0161nica","isPartOf":{"@id":"https:\/\/www.visitmalinska.com\/#website"},"primaryImageOfPage":{"@id":"https:\/\/www.visitmalinska.com\/malinska-za-sve\/malinska-plaze\/#primaryimage"},"image":{"@id":"https:\/\/www.visitmalinska.com\/malinska-za-sve\/malinska-plaze\/#primaryimage"},"thumbnailUrl":"https:\/\/www.visitmalinska.com\/wp-content\/uploads\/2025\/08\/rsz_plaza_vantacic-71.jpg","datePublished":"2019-04-11T07:47:52+00:00","dateModified":"2025-08-16T13:55:17+00:00","breadcrumb":{"@id":"https:\/\/www.visitmalinska.com\/malinska-za-sve\/malinska-plaze\/#breadcrumb"},"inLanguage":"en-US","potentialAction":[{"@type":"ReadAction","target":["https:\/\/www.visitmalinska.com\/malinska-za-sve\/malinska-plaze\/"]}]},{"@type":"ImageObject","inLanguage":"en-US","@id":"https:\/\/www.visitmalinska.com\/malinska-za-sve\/malinska-plaze\/#primaryimage","url":"https:\/\/www.visitmalinska.com\/wp-content\/uploads\/2025\/08\/rsz_plaza_vantacic-71.jpg","contentUrl":"https:\/\/www.visitmalinska.com\/wp-content\/uploads\/2025\/08\/rsz_plaza_vantacic-71.jpg","width":1943,"height":1458},{"@type":"BreadcrumbList","@id":"https:\/\/www.visitmalinska.com\/malinska-za-sve\/malinska-plaze\/#breadcrumb","itemListElement":[{"@type":"ListItem","position":1,"name":"Po\u010detna stranica","item":"https:\/\/www.visitmalinska.com\/"},{"@type":"ListItem","position":2,"name":"Malinska za sve","item":"https:\/\/www.visitmalinska.com\/malinska-za-sve\/"},{"@type":"ListItem","position":3,"name":"Pla\u017ee"}]},{"@type":"WebSite","@id":"https:\/\/www.visitmalinska.com\/#website","url":"https:\/\/www.visitmalinska.com\/","name":"TZO Malinska-Duba\u0161nica","description":"","publisher":{"@id":"https:\/\/www.visitmalinska.com\/#organization"},"potentialAction":[{"@type":"SearchAction","target":{"@type":"EntryPoint","urlTemplate":"https:\/\/www.visitmalinska.com\/?s={search_term_string}"},"query-input":{"@type":"PropertyValueSpecification","valueRequired":true,"valueName":"search_term_string"}}],"inLanguage":"en-US"},{"@type":"Organization","@id":"https:\/\/www.visitmalinska.com\/#organization","name":"TZO Malinska - Duba\u0161nica","url":"https:\/\/www.visitmalinska.com\/","logo":{"@type":"ImageObject","inLanguage":"en-US","@id":"https:\/\/www.visitmalinska.com\/#\/schema\/logo\/image\/","url":"https:\/\/www.visitmalinska.com\/wp-content\/uploads\/2019\/03\/malinska-logo-240.png","contentUrl":"https:\/\/www.visitmalinska.com\/wp-content\/uploads\/2019\/03\/malinska-logo-240.png","width":1188,"height":241,"caption":"TZO Malinska - Duba\u0161nica"},"image":{"@id":"https:\/\/www.visitmalinska.com\/#\/schema\/logo\/image\/"},"sameAs":["https:\/\/www.facebook.com\/Malinska.Island.Krk\/","https:\/\/www.instagram.com\/visitmalinska\/"]}]}},"_links":{"self":[{"href":"https:\/\/www.visitmalinska.com\/en\/wp-json\/wp\/v2\/pages\/30665","targetHints":{"allow":["GET"]}}],"collection":[{"href":"https:\/\/www.visitmalinska.com\/en\/wp-json\/wp\/v2\/pages"}],"about":[{"href":"https:\/\/www.visitmalinska.com\/en\/wp-json\/wp\/v2\/types\/page"}],"author":[{"embeddable":true,"href":"https:\/\/www.visitmalinska.com\/en\/wp-json\/wp\/v2\/users\/1"}],"replies":[{"embeddable":true,"href":"https:\/\/www.visitmalinska.com\/en\/wp-json\/wp\/v2\/comments?post=30665"}],"version-history":[{"count":140,"href":"https:\/\/www.visitmalinska.com\/en\/wp-json\/wp\/v2\/pages\/30665\/revisions"}],"predecessor-version":[{"id":41976,"href":"https:\/\/www.visitmalinska.com\/en\/wp-json\/wp\/v2\/pages\/30665\/revisions\/41976"}],"up":[{"embeddable":true,"href":"https:\/\/www.visitmalinska.com\/en\/wp-json\/wp\/v2\/pages\/30090"}],"wp:featuredmedia":[{"embeddable":true,"href":"https:\/\/www.visitmalinska.com\/en\/wp-json\/wp\/v2\/media\/41953"}],"wp:attachment":[{"href":"https:\/\/www.visitmalinska.com\/en\/wp-json\/wp\/v2\/media?parent=30665"}],"curies":[{"name":"wp","href":"https:\/\/api.w.org\/{rel}","templated":true}]}}