{"id":37686,"date":"2022-09-07T09:55:26","date_gmt":"2022-09-07T07:55:26","guid":{"rendered":"https:\/\/www.visitmalinska.com\/?page_id=37686"},"modified":"2022-09-08T14:12:56","modified_gmt":"2022-09-08T12:12:56","slug":"podsjetnik-za-vikendase","status":"publish","type":"page","link":"https:\/\/www.visitmalinska.com\/de\/podsjetnik-za-vikendase\/","title":{"rendered":"Kurtaxe &#8211; Zahlungserinnerung"},"content":{"rendered":"<p>[vc_row][vc_column][vc_column_text]<\/p>\n<p dir=\"ltr\" data-placeholder=\"Prijevod\"><img loading=\"lazy\" decoding=\"async\" class=\"aligncenter wp-image-37701 size-large\" src=\"https:\/\/www.visitmalinska.com\/wp-content\/uploads\/2022\/09\/Kurtaxe-Zahlungserinnerung-1024x577.png\" alt=\"\" width=\"1024\" height=\"577\" srcset=\"https:\/\/www.visitmalinska.com\/wp-content\/uploads\/2022\/09\/Kurtaxe-Zahlungserinnerung-1024x577.png 1024w, https:\/\/www.visitmalinska.com\/wp-content\/uploads\/2022\/09\/Kurtaxe-Zahlungserinnerung-300x169.png 300w, https:\/\/www.visitmalinska.com\/wp-content\/uploads\/2022\/09\/Kurtaxe-Zahlungserinnerung-768x433.png 768w, https:\/\/www.visitmalinska.com\/wp-content\/uploads\/2022\/09\/Kurtaxe-Zahlungserinnerung.png 1640w\" sizes=\"auto, (max-width: 1024px) 100vw, 1024px\" \/><\/p>\n<p id=\"tw-target-text\" class=\"tw-data-text tw-text-large tw-ta\" dir=\"ltr\" data-placeholder=\"Prijevod\"><span class=\"Y2IQFc\" lang=\"de\">Liebe Besitzer von Ferienh\u00e4usern, Suiten oder Appartements! <\/span><\/p>\n<p class=\"tw-data-text tw-text-large tw-ta\" dir=\"ltr\" data-placeholder=\"Prijevod\"><span class=\"Y2IQFc\" lang=\"de\">Bitte \u00fcberpr\u00fcfen Sie Ihren Schuldenstand im eVisitor-System und zahlen Sie, falls noch nicht geschehen, die Kurtaxe so bald wie m\u00f6glich. <\/span><\/p>\n<p class=\"tw-data-text tw-text-large tw-ta\" dir=\"ltr\" data-placeholder=\"Prijevod\"><span class=\"Y2IQFc\" lang=\"de\">Bitte beachten Sie, dass Sie gem\u00e4\u00df dem Kurtaxengesetz (Amtsblatt 52\/19, 32\/20 und 42\/20) verpflichtet sind, die Kurtaxe zu entrichten durch:<\/span><\/p>\n<ul>\n<li class=\"tw-data-text tw-text-large tw-ta\" dir=\"ltr\" data-placeholder=\"Prijevod\"><span class=\"Y2IQFc\" lang=\"de\">15.7. des laufenden Jahres (pauschal)<br \/>\noder <\/span><\/li>\n<li class=\"tw-data-text tw-text-large tw-ta\" dir=\"ltr\" data-placeholder=\"Prijevod\"><span class=\"Y2IQFc\" lang=\"de\">bis zum letzten Aufenthaltstag (Zahlung pro Nacht). <\/span><\/li>\n<\/ul>\n<p><span class=\"Y2IQFc\" lang=\"de\">Wir sind verpflichtet, das zust\u00e4ndige Landesinspektorat \u00fcber alle offenen Forderungen zu informieren. <\/span><\/p>\n<p><span class=\"Y2IQFc\" lang=\"de\">Mit freundlichen Gr\u00fc\u00dfen, <\/span><\/p>\n<p style=\"text-align: right;\"><span class=\"Y2IQFc\" lang=\"de\">Tourismusverband der Gemeinde Malinska-Duba\u0161nica<\/span><\/p>\n<p>[\/vc_column_text][vc_tta_accordion][vc_tta_section title=&#8221;Info&#8221; tab_id=&#8221;1662548748408-ab3ff2cb-766c&#8221;][vc_column_text]<\/p>\n<p class=\"page-paragraph\">Sehr geehrte Eigent\u00fcmer von Ferienh\u00e4usern oder -Wohnungen,<\/p>\n<p class=\"page-paragraph\">hiermit m\u00f6chten wir Sie \u00a0daran erinnern, dass Sie das ganze Jahr \u00fcber verpflichtet sind, Ihren Aufenthalt und den Aufenthalt von allen Personen, die sich in Ihrem Haus oder in Ihrer Wohnung aufhalten, selbst\u00e4ndig \u00fcber das nationale Online-Informationssystem\u00a0<em>eVisitor<\/em>\u00a0anzumelden.<\/p>\n<p class=\"page-paragraph\">Die Anmeldung kann \u00fcber jedes Ger\u00e4t mit Internetzugang erfolgen. Wenn Sie dies bisher noch nicht getan haben, laden wir Sie ein, uns pers\u00f6nlich in unserem B\u00fcro, Adresse Obala 46, Malinska zu besuchen und die Zugangsdaten f\u00fcr das <em>eVisitor<\/em>\u00a0System gegen Vorlage der Eigentumsurkunde, der PIN Nummer (OIB) und des Personalausweises zu \u00fcbernehmen. Sollten Sie nicht die M\u00f6glichkeit haben pers\u00f6nlich zu kommen, so kann ein von einem Notar zugelassener Bevollm\u00e4chtigter die Zugangsinformationen in Ihrem Namen \u00fcbernehmen.<\/p>\n<p class=\"page-paragraph\">Der Bevollm\u00e4chtigte muss bei der Abholung die Eigentumsurkunde, die PIN (OIB),\u00a0 eine beglaubigte Vollmacht und das Original des Personalausweises vorlegen. Im Falle, dass der Eigent\u00fcmer des Hauses oder der Wohnung eine Handelsgesellschaft ist, muss neben dem oben Angef\u00fchrten auch ein Auszug aus dem Gerichtsregister des Handelsgerichts vorgelegt werden. Mittels des\u00a0<em>eVisitor<\/em>\u00a0Systems werden die Personen automatisch beim Innenministerium angemeldet, f\u00fcr die eine Anmeldung notwendig ist (Staatsangeh\u00f6rige, die nicht Mitglieder der EU und der EWR sind). Wir erinnern daran, dass Sie gem\u00e4\u00df des Gesetzes \u00fcber Kurtaxen (Amtsblatt NN 52\/19) verpflichtet sind sich und alle Personen, die sich im Haus oder der Wohnung aufhalten, innerhalb von 24 Stunden anzumelden. Mit dem\u00a0<em>eVisitor<\/em>\u00a0System k\u00f6nnen Sie auch einen Einzahlungsschein erstellen und ausdrucken, mit dem Sie der Zahlungsverpflichtung f\u00fcr den Zeitraum, in dem diese Verpflichtung besteht, nachgehen k\u00f6nnen.<\/p>\n<p class=\"page-paragraph\">Ein Ferienhaus oder eine Wohnung ist jedes Geb\u00e4ude oder Wohnung, das gelegentlich oder saisonal genutzt wird, nicht in die Kategorie einer Touristenunterkunft f\u00e4llt und deren Eigent\u00fcmer keine registrierten st\u00e4ndigen Wohnsitz auf dem Gebiet der Gemeinde Malinska-Duba\u0161nica haben.<\/p>\n<p class=\"page-paragraph\">Laut Artikel 13 des Gesetzes \u00fcber Kurtaxen, bezahlen der Eigent\u00fcmer und seine unmittelbaren Familienmitglieder, die \u00a0Mitglieder der Republik Kroatien und Staatsangeh\u00f6rige der Vertragsstaaten des Europ\u00e4ischen Wirtschaftsraumes (bezieht sich auf Mitgliedsstaaten der EU: \u00d6sterreich, Belgien, Zypern, Tschechei, D\u00e4nemark, Estland, Finnland, Frankreich, Griechenland, Irland, Italien, Lettland, Litauen, Luxemburg, Ungarn, Malta, Niederlande, Deutschland, Polen, Portugal, Slowakei, Slowenien, Spanien und die drei Mitgliedsstaaten der EFTA: Norwegen, Island und Liechtenstein, und die Schweiz) f\u00fcr einen Aufenthalt vom 15. Juni bis 15. September eine Kurtaxe pro Aufenthaltstag, die um 70% \u00a0reduziert ist.<\/p>\n<p class=\"page-paragraph\">Es kann aber auch ein Pauschalbetrag bis zum 15. Juli des laufenden Jahres gezahlt werden, und zwar wie folgt:<\/p>\n<table border=\"1\">\n<tbody>\n<tr>\n<td><\/td>\n<td width=\"159\">\n<p class=\"page-paragraph\"><strong>Die ersten zwei angemeldeten Familienmitglieder\u00a0\u00a0<\/strong> <strong>(pro Person)<\/strong><\/p>\n<\/td>\n<td width=\"227\">\n<p class=\"page-paragraph\"><strong>Jedes n\u00e4chste Familienmitglied<\/strong><\/p>\n<\/td>\n<\/tr>\n<tr>\n<td width=\"143\">\n<p class=\"page-paragraph\"><strong>GEMEINDE Malinska-Duba\u0161nica<\/strong><\/p>\n<\/td>\n<td width=\"159\">\n<p class=\"page-paragraph\"><strong>120.00 kn<\/strong><\/p>\n<\/td>\n<td width=\"227\">\n<p class=\"page-paragraph\"><strong>60.00 kn<\/strong><\/p>\n<\/td>\n<\/tr>\n<\/tbody>\n<\/table>\n<p class=\"page-paragraph\">Staatsangeh\u00f6rige, die keine kroatische Staatsangeh\u00f6rigkeit oder eine Staatsangeh\u00f6rigkeit eines EU-Mitgliedsstaates besitzen, bezahlen im Zeitraum zwischen dem 15. Juni und 15. September eine Kurtaxe in voller H\u00f6he von 10,00 HRK pro Nacht und Person.<\/p>\n<p class=\"page-paragraph\">Kurtaxen werden nicht bezahlt von:<\/p>\n<ol>\n<li class=\"page-paragraph\">\n<p class=\"page-paragraph\">Kindern bis 12 Jahren<\/p>\n<\/li>\n<li class=\"page-paragraph\">\n<p class=\"page-paragraph\">Personen mit Behinderungen bis 70 % und mehr, plus ein Begleiter.<\/p>\n<\/li>\n<\/ol>\n<p class=\"page-paragraph\">Eine um 50 % reduzierte Kurtaxe bezahlen:<\/p>\n<ol>\n<li class=\"page-paragraph\">\n<p class=\"page-paragraph\">Personen im Alter von 12 bis 18 Jahren.<\/p>\n<\/li>\n<\/ol>\n<p class=\"page-paragraph\">Laut der Bestimmung des Artikels 33 des Gesetzes \u00fcber Gastst\u00e4ttengewerbe, insofern sich in Wohnungen, Apartments und Ferienh\u00e4usern, im Zeitraum zwischen dem 15.6. und 15.9. insgesamt mehr als 15 Personen aufhalten, die nicht Mitglieder der unmittelbaren Familie sind, wird davon ausgegangen, dass der Eigent\u00fcmer den G\u00e4sten in seinem Haushalt Dienstleistungen der Unterkunft anbietet und unterliegt dann den Strafbestimmungen.<\/p>\n<p class=\"page-paragraph\">Wir bitten Sie sich an die angef\u00fchrten Anweisungen zu halten, denn insofern die staatlichen Aufsichtsbeh\u00f6rden feststellen sollten, dass Sie Ihren Aufenthalt nicht an- oder abgemeldet sind und ihre Kurtaxe f\u00fcr den bestimmten Zeitraum nicht bezahlt haben, unterliegen Sie den gesetzlichen vorgeschriebenen Bu\u00dfgeldern (von 500,00 bis 6.000,00 HRK laut des Gesetzes \u00fcber Kurtaxen NN 52\/19).<\/p>\n<p class=\"page-paragraph\">F\u00fcr alle weiteren Informationen wenden Sie sich bitte an uns.<\/p>\n<p>[\/vc_column_text][\/vc_tta_section][vc_tta_section title=&#8221;eVisitor&#8221; tab_id=&#8221;1662548748425-2c95543d-42dc&#8221;][vc_btn title=&#8221;eVisitor System&#8221; color=&#8221;pink&#8221; link=&#8221;url:https%3A%2F%2Fwww.evisitor.hr%2FeVisitor%2Fde-DE%2FAccount%2FLogin%3FReturnUrl%3D%252FeVisitor%252Fen-US||target:%20_blank|&#8221;][\/vc_tta_section][\/vc_tta_accordion][\/vc_column][\/vc_row][vc_row][vc_column][vc_column_text][\/vc_column_text][\/vc_column][\/vc_row]<\/p>\n","protected":false},"excerpt":{"rendered":"<p>[vc_row][vc_column][vc_column_text] Liebe Besitzer von Ferienh\u00e4usern, Suiten oder Appartements! Bitte \u00fcberpr\u00fcfen Sie Ihren Schuldenstand im eVisitor-System und zahlen Sie, falls noch&#8230;<\/p>\n","protected":false},"author":2,"featured_media":37694,"parent":0,"menu_order":0,"comment_status":"closed","ping_status":"closed","template":"","meta":{"footnotes":""},"class_list":["post-37686","page","type-page","status-publish","has-post-thumbnail"],"acf":[],"yoast_head":"<!-- This site is optimized with the Yoast SEO plugin v23.5 - https:\/\/yoast.com\/wordpress\/plugins\/seo\/ -->\n<title>Kurtaxe - Zahlungserinnerung - TZO Malinska-Duba\u0161nica<\/title>\n<meta name=\"robots\" content=\"index, follow, max-snippet:-1, max-image-preview:large, max-video-preview:-1\" \/>\n<link rel=\"canonical\" href=\"https:\/\/www.visitmalinska.com\/podsjetnik-za-vikendase\/\" \/>\n<meta property=\"og:locale\" content=\"de_DE\" \/>\n<meta property=\"og:type\" content=\"article\" \/>\n<meta property=\"og:title\" content=\"{:hr}Podsjetnik za vikenda\u0161e{:}{:en}Tourist Tax Reminder{:}{:de}Kurtaxe - Zahlungserinnerung{:}{:it}IL AVVISO PER LA TASSA DI SOGGIORNO{:}{:si}Opomnik za pla\u010dilo turisti\u010dne takse{:} - TZO Malinska-Duba\u0161nica\" \/>\n<meta property=\"og:description\" content=\"[vc_row][vc_column][vc_column_text] Liebe Besitzer von Ferienh\u00e4usern, Suiten oder Appartements! Bitte \u00fcberpr\u00fcfen Sie Ihren Schuldenstand im eVisitor-System und zahlen Sie, falls noch...\" \/>\n<meta property=\"og:url\" content=\"https:\/\/www.visitmalinska.com\/podsjetnik-za-vikendase\/\" \/>\n<meta property=\"og:site_name\" content=\"TZO Malinska-Duba\u0161nica\" \/>\n<meta property=\"article:publisher\" content=\"https:\/\/www.facebook.com\/Malinska.Island.Krk\/\" \/>\n<meta property=\"article:modified_time\" content=\"2022-09-08T12:12:56+00:00\" \/>\n<meta property=\"og:image\" content=\"https:\/\/www.visitmalinska.com\/wp-content\/uploads\/2022\/09\/PodsjetnikZaVikenda\u0161e2022.png\" \/>\n\t<meta property=\"og:image:width\" content=\"1640\" \/>\n\t<meta property=\"og:image:height\" content=\"924\" \/>\n\t<meta property=\"og:image:type\" content=\"image\/png\" \/>\n<meta name=\"twitter:card\" content=\"summary_large_image\" \/>\n<meta name=\"twitter:label1\" content=\"Est. reading time\" \/>\n\t<meta name=\"twitter:data1\" content=\"20 minutes\" \/>\n<script type=\"application\/ld+json\" class=\"yoast-schema-graph\">{\"@context\":\"https:\/\/schema.org\",\"@graph\":[{\"@type\":\"WebPage\",\"@id\":\"https:\/\/www.visitmalinska.com\/podsjetnik-za-vikendase\/\",\"url\":\"https:\/\/www.visitmalinska.com\/podsjetnik-za-vikendase\/\",\"name\":\"{:hr}Podsjetnik za vikenda\u0161e{:}{:en}Tourist Tax Reminder{:}{:de}Kurtaxe - Zahlungserinnerung{:}{:it}IL AVVISO PER LA TASSA DI SOGGIORNO{:}{:si}Opomnik za pla\u010dilo turisti\u010dne takse{:} - TZO Malinska-Duba\u0161nica\",\"isPartOf\":{\"@id\":\"https:\/\/www.visitmalinska.com\/#website\"},\"primaryImageOfPage\":{\"@id\":\"https:\/\/www.visitmalinska.com\/podsjetnik-za-vikendase\/#primaryimage\"},\"image\":{\"@id\":\"https:\/\/www.visitmalinska.com\/podsjetnik-za-vikendase\/#primaryimage\"},\"thumbnailUrl\":\"https:\/\/www.visitmalinska.com\/wp-content\/uploads\/2022\/09\/PodsjetnikZaVikenda\u0161e2022.png\",\"datePublished\":\"2022-09-07T07:55:26+00:00\",\"dateModified\":\"2022-09-08T12:12:56+00:00\",\"breadcrumb\":{\"@id\":\"https:\/\/www.visitmalinska.com\/podsjetnik-za-vikendase\/#breadcrumb\"},\"inLanguage\":\"de-DE\",\"potentialAction\":[{\"@type\":\"ReadAction\",\"target\":[\"https:\/\/www.visitmalinska.com\/podsjetnik-za-vikendase\/\"]}]},{\"@type\":\"ImageObject\",\"inLanguage\":\"de-DE\",\"@id\":\"https:\/\/www.visitmalinska.com\/podsjetnik-za-vikendase\/#primaryimage\",\"url\":\"https:\/\/www.visitmalinska.com\/wp-content\/uploads\/2022\/09\/PodsjetnikZaVikenda\u0161e2022.png\",\"contentUrl\":\"https:\/\/www.visitmalinska.com\/wp-content\/uploads\/2022\/09\/PodsjetnikZaVikenda\u0161e2022.png\",\"width\":1640,\"height\":924},{\"@type\":\"BreadcrumbList\",\"@id\":\"https:\/\/www.visitmalinska.com\/podsjetnik-za-vikendase\/#breadcrumb\",\"itemListElement\":[{\"@type\":\"ListItem\",\"position\":1,\"name\":\"Po\u010detna stranica\",\"item\":\"https:\/\/www.visitmalinska.com\/\"},{\"@type\":\"ListItem\",\"position\":2,\"name\":\"Podsjetnik za vikenda\u0161e\"}]},{\"@type\":\"WebSite\",\"@id\":\"https:\/\/www.visitmalinska.com\/#website\",\"url\":\"https:\/\/www.visitmalinska.com\/\",\"name\":\"TZO Malinska-Duba\u0161nica\",\"description\":\"\",\"publisher\":{\"@id\":\"https:\/\/www.visitmalinska.com\/#organization\"},\"potentialAction\":[{\"@type\":\"SearchAction\",\"target\":{\"@type\":\"EntryPoint\",\"urlTemplate\":\"https:\/\/www.visitmalinska.com\/?s={search_term_string}\"},\"query-input\":{\"@type\":\"PropertyValueSpecification\",\"valueRequired\":true,\"valueName\":\"search_term_string\"}}],\"inLanguage\":\"de-DE\"},{\"@type\":\"Organization\",\"@id\":\"https:\/\/www.visitmalinska.com\/#organization\",\"name\":\"TZO Malinska - Duba\u0161nica\",\"url\":\"https:\/\/www.visitmalinska.com\/\",\"logo\":{\"@type\":\"ImageObject\",\"inLanguage\":\"de-DE\",\"@id\":\"https:\/\/www.visitmalinska.com\/#\/schema\/logo\/image\/\",\"url\":\"https:\/\/www.visitmalinska.com\/wp-content\/uploads\/2019\/03\/malinska-logo-240.png\",\"contentUrl\":\"https:\/\/www.visitmalinska.com\/wp-content\/uploads\/2019\/03\/malinska-logo-240.png\",\"width\":1188,\"height\":241,\"caption\":\"TZO Malinska - Duba\u0161nica\"},\"image\":{\"@id\":\"https:\/\/www.visitmalinska.com\/#\/schema\/logo\/image\/\"},\"sameAs\":[\"https:\/\/www.facebook.com\/Malinska.Island.Krk\/\",\"https:\/\/www.instagram.com\/visitmalinska\/\"]}]}<\/script>\n<!-- \/ Yoast SEO plugin. -->","yoast_head_json":{"title":"Kurtaxe - Zahlungserinnerung - TZO Malinska-Duba\u0161nica","robots":{"index":"index","follow":"follow","max-snippet":"max-snippet:-1","max-image-preview":"max-image-preview:large","max-video-preview":"max-video-preview:-1"},"canonical":"https:\/\/www.visitmalinska.com\/podsjetnik-za-vikendase\/","og_locale":"de_DE","og_type":"article","og_title":"{:hr}Podsjetnik za vikenda\u0161e{:}{:en}Tourist Tax Reminder{:}{:de}Kurtaxe - Zahlungserinnerung{:}{:it}IL AVVISO PER LA TASSA DI SOGGIORNO{:}{:si}Opomnik za pla\u010dilo turisti\u010dne takse{:} - TZO Malinska-Duba\u0161nica","og_description":"[vc_row][vc_column][vc_column_text] Liebe Besitzer von Ferienh\u00e4usern, Suiten oder Appartements! Bitte \u00fcberpr\u00fcfen Sie Ihren Schuldenstand im eVisitor-System und zahlen Sie, falls noch...","og_url":"https:\/\/www.visitmalinska.com\/podsjetnik-za-vikendase\/","og_site_name":"TZO Malinska-Duba\u0161nica","article_publisher":"https:\/\/www.facebook.com\/Malinska.Island.Krk\/","article_modified_time":"2022-09-08T12:12:56+00:00","og_image":[{"width":1640,"height":924,"url":"https:\/\/www.visitmalinska.com\/wp-content\/uploads\/2022\/09\/PodsjetnikZaVikenda\u0161e2022.png","type":"image\/png"}],"twitter_card":"summary_large_image","twitter_misc":{"Est. reading time":"20 minutes"},"schema":{"@context":"https:\/\/schema.org","@graph":[{"@type":"WebPage","@id":"https:\/\/www.visitmalinska.com\/podsjetnik-za-vikendase\/","url":"https:\/\/www.visitmalinska.com\/podsjetnik-za-vikendase\/","name":"{:hr}Podsjetnik za vikenda\u0161e{:}{:en}Tourist Tax Reminder{:}{:de}Kurtaxe - Zahlungserinnerung{:}{:it}IL AVVISO PER LA TASSA DI SOGGIORNO{:}{:si}Opomnik za pla\u010dilo turisti\u010dne takse{:} - TZO Malinska-Duba\u0161nica","isPartOf":{"@id":"https:\/\/www.visitmalinska.com\/#website"},"primaryImageOfPage":{"@id":"https:\/\/www.visitmalinska.com\/podsjetnik-za-vikendase\/#primaryimage"},"image":{"@id":"https:\/\/www.visitmalinska.com\/podsjetnik-za-vikendase\/#primaryimage"},"thumbnailUrl":"https:\/\/www.visitmalinska.com\/wp-content\/uploads\/2022\/09\/PodsjetnikZaVikenda\u0161e2022.png","datePublished":"2022-09-07T07:55:26+00:00","dateModified":"2022-09-08T12:12:56+00:00","breadcrumb":{"@id":"https:\/\/www.visitmalinska.com\/podsjetnik-za-vikendase\/#breadcrumb"},"inLanguage":"de-DE","potentialAction":[{"@type":"ReadAction","target":["https:\/\/www.visitmalinska.com\/podsjetnik-za-vikendase\/"]}]},{"@type":"ImageObject","inLanguage":"de-DE","@id":"https:\/\/www.visitmalinska.com\/podsjetnik-za-vikendase\/#primaryimage","url":"https:\/\/www.visitmalinska.com\/wp-content\/uploads\/2022\/09\/PodsjetnikZaVikenda\u0161e2022.png","contentUrl":"https:\/\/www.visitmalinska.com\/wp-content\/uploads\/2022\/09\/PodsjetnikZaVikenda\u0161e2022.png","width":1640,"height":924},{"@type":"BreadcrumbList","@id":"https:\/\/www.visitmalinska.com\/podsjetnik-za-vikendase\/#breadcrumb","itemListElement":[{"@type":"ListItem","position":1,"name":"Po\u010detna stranica","item":"https:\/\/www.visitmalinska.com\/"},{"@type":"ListItem","position":2,"name":"Podsjetnik za vikenda\u0161e"}]},{"@type":"WebSite","@id":"https:\/\/www.visitmalinska.com\/#website","url":"https:\/\/www.visitmalinska.com\/","name":"TZO Malinska-Duba\u0161nica","description":"","publisher":{"@id":"https:\/\/www.visitmalinska.com\/#organization"},"potentialAction":[{"@type":"SearchAction","target":{"@type":"EntryPoint","urlTemplate":"https:\/\/www.visitmalinska.com\/?s={search_term_string}"},"query-input":{"@type":"PropertyValueSpecification","valueRequired":true,"valueName":"search_term_string"}}],"inLanguage":"de-DE"},{"@type":"Organization","@id":"https:\/\/www.visitmalinska.com\/#organization","name":"TZO Malinska - Duba\u0161nica","url":"https:\/\/www.visitmalinska.com\/","logo":{"@type":"ImageObject","inLanguage":"de-DE","@id":"https:\/\/www.visitmalinska.com\/#\/schema\/logo\/image\/","url":"https:\/\/www.visitmalinska.com\/wp-content\/uploads\/2019\/03\/malinska-logo-240.png","contentUrl":"https:\/\/www.visitmalinska.com\/wp-content\/uploads\/2019\/03\/malinska-logo-240.png","width":1188,"height":241,"caption":"TZO Malinska - Duba\u0161nica"},"image":{"@id":"https:\/\/www.visitmalinska.com\/#\/schema\/logo\/image\/"},"sameAs":["https:\/\/www.facebook.com\/Malinska.Island.Krk\/","https:\/\/www.instagram.com\/visitmalinska\/"]}]}},"_links":{"self":[{"href":"https:\/\/www.visitmalinska.com\/de\/wp-json\/wp\/v2\/pages\/37686","targetHints":{"allow":["GET"]}}],"collection":[{"href":"https:\/\/www.visitmalinska.com\/de\/wp-json\/wp\/v2\/pages"}],"about":[{"href":"https:\/\/www.visitmalinska.com\/de\/wp-json\/wp\/v2\/types\/page"}],"author":[{"embeddable":true,"href":"https:\/\/www.visitmalinska.com\/de\/wp-json\/wp\/v2\/users\/2"}],"replies":[{"embeddable":true,"href":"https:\/\/www.visitmalinska.com\/de\/wp-json\/wp\/v2\/comments?post=37686"}],"version-history":[{"count":17,"href":"https:\/\/www.visitmalinska.com\/de\/wp-json\/wp\/v2\/pages\/37686\/revisions"}],"predecessor-version":[{"id":37723,"href":"https:\/\/www.visitmalinska.com\/de\/wp-json\/wp\/v2\/pages\/37686\/revisions\/37723"}],"wp:featuredmedia":[{"embeddable":true,"href":"https:\/\/www.visitmalinska.com\/de\/wp-json\/wp\/v2\/media\/37694"}],"wp:attachment":[{"href":"https:\/\/www.visitmalinska.com\/de\/wp-json\/wp\/v2\/media?parent=37686"}],"curies":[{"name":"wp","href":"https:\/\/api.w.org\/{rel}","templated":true}]}}