{"id":34737,"date":"2021-01-13T17:23:22","date_gmt":"2021-01-13T15:23:22","guid":{"rendered":"https:\/\/www.visitmalinska.com\/?page_id=34737"},"modified":"2021-01-13T17:27:29","modified_gmt":"2021-01-13T15:27:29","slug":"kapela-sv-jurja","status":"publish","type":"page","link":"https:\/\/www.visitmalinska.com\/de\/kulturerbe\/st-georg-kapelle\/","title":{"rendered":"St.-Georg-Kapelle"},"content":{"rendered":"<p>[vc_row][vc_column]<div id=\"fullwidth-block-69f4503a4c0f8\" class=\"fullwidth-block clearfix\"  style=\"background-color: #1c8cce;\"><script type=\"text\/javascript\">if (typeof(gem_fix_fullwidth_position) == \"function\") { gem_fix_fullwidth_position(document.getElementById(\"fullwidth-block-69f4503a4c0f8\")); }<\/script><div class=\"fullwidth-block-inner\">[vc_row_inner][vc_column_inner css=&#8221;.vc_custom_1557924656461{padding-top: 50px !important;padding-bottom: 50px !important;}&#8221;][vc_column_text]<\/p>\n<h5 style=\"text-align: center;\"><a href=\"https:\/\/www.visitmalinska.com\/de\/kulturerbe\/\"><span style=\"color: #ffffff;\">Kulturerbe<\/span><\/a><\/h5>\n<p>[\/vc_column_text][vc_column_text]<\/p>\n<h1 style=\"text-align: center;\"><span style=\"color: #ffffff;\">St.-Georg-Kapelle<\/span><\/h1>\n<p>[\/vc_column_text][\/vc_column_inner][\/vc_row_inner]<\/div><\/div>[\/vc_column][\/vc_row][vc_row][vc_column]<div id=\"fullwidth-block-69f4503a4c12e\" class=\"fullwidth-block clearfix\"  style=\"\"><script type=\"text\/javascript\">if (typeof(gem_fix_fullwidth_position) == \"function\") { gem_fix_fullwidth_position(document.getElementById(\"fullwidth-block-69f4503a4c12e\")); }<\/script><div class=\"fullwidth-block-inner\">[vc_row_inner][vc_column_inner][vc_single_image image=&#8221;34704&#8243; img_size=&#8221;full&#8221;][\/vc_column_inner][\/vc_row_inner]<\/div><\/div>[\/vc_column][\/vc_row][vc_row css=&#8221;.vc_custom_1557925708802{padding-top: 50px !important;}&#8221;][vc_column][vc_column_text]Die Kapelle liegt westlich des Dorfes Sablji\u0107i auf der Weide Dolinji Drmun, wenige Kilometer vom Dorf in Richtung des alten Friedhofs entfernt. Das ruinenhafte Geb\u00e4ude aus dem 14.\/15. Jahrhundert wurde ebenfalls verlassen. \u00dcberreste deuten darauf hin, dass es sich dabei um eine ger\u00e4umige Kapelle mit einer Apsis und romanischen Elementen (Fu\u010di\u0107) handelte. Ihre Au\u00dfenl\u00e4nge inklusive der Apsis betr\u00e4gt 10,60 m und die Au\u00dfenbreite 5,40 m. Die Mauerst\u00e4rke betr\u00e4gt sogar 60 cm. Einige Mauern sind erhalten geblieben (s\u00fcdliche, n\u00f6rdliche und \u00f6stliche inklusive der Apsis), w\u00e4hrend die Fassade eingest\u00fcrzt ist und das Baumaterial von den Einheimischen im Laufe der Jahre f\u00fcr andere, pers\u00f6nliche Zwecke verwendet wurde. Die Kapelle wurde h\u00f6chstwahrscheinlich im sp\u00e4ten 18. Jahrhundert nicht mehr f\u00fcr Gottesdienste genutzt, als Kirchen, die nicht ordnungsgem\u00e4\u00df instandgehalten wurden, aufgrund der Entscheidung des Bischofs au\u00dfer Funktion genommen werden mussten. Diese Kirche befand sich tats\u00e4chlich weit weg von den \u00fcblichen Verkehrswegen auf einer umz\u00e4unten Weide.[\/vc_column_text][\/vc_column][\/vc_row]<\/p>\n","protected":false},"excerpt":{"rendered":"<p>Die Kapelle liegt westlich des Dorfes Sablji\u0107i auf der Weide Dolinji Drmun, wenige Kilometer vom Dorf in Richtung des alten Friedhofs entfernt.<\/p>\n","protected":false},"author":1,"featured_media":34704,"parent":30185,"menu_order":0,"comment_status":"closed","ping_status":"closed","template":"","meta":{"footnotes":""},"class_list":["post-34737","page","type-page","status-publish","has-post-thumbnail"],"acf":[],"yoast_head":"<!-- This site is optimized with the Yoast SEO plugin v23.5 - https:\/\/yoast.com\/wordpress\/plugins\/seo\/ -->\n<title>St.-Georg-Kapelle - TZO Malinska-Duba\u0161nica<\/title>\n<meta name=\"robots\" content=\"index, follow, max-snippet:-1, max-image-preview:large, max-video-preview:-1\" \/>\n<link rel=\"canonical\" href=\"https:\/\/www.visitmalinska.com\/en\/cultural-heritage\/chapel-of-st-george\/\" \/>\n<meta property=\"og:locale\" content=\"de_DE\" \/>\n<meta property=\"og:type\" content=\"article\" \/>\n<meta property=\"og:title\" content=\"{:hr}Kapela sv. Jurja{:}{:en}Chapel of St. George{:}{:de}St.-Georg-Kapelle{:}{:it}La cappella di San Giorgio{:}{:si}Kapela sv. Jurja{:} - TZO Malinska-Duba\u0161nica\" \/>\n<meta property=\"og:description\" content=\"Die Kapelle liegt westlich des Dorfes Sablji\u0107i auf der Weide Dolinji Drmun, wenige Kilometer vom Dorf in Richtung des alten Friedhofs entfernt.\" \/>\n<meta property=\"og:url\" content=\"https:\/\/www.visitmalinska.com\/en\/cultural-heritage\/chapel-of-st-george\/\" \/>\n<meta property=\"og:site_name\" content=\"TZO Malinska-Duba\u0161nica\" \/>\n<meta property=\"article:publisher\" content=\"https:\/\/www.facebook.com\/Malinska.Island.Krk\/\" \/>\n<meta property=\"article:modified_time\" content=\"2021-01-13T15:27:29+00:00\" \/>\n<meta property=\"og:image\" content=\"https:\/\/www.visitmalinska.com\/wp-content\/uploads\/2021\/01\/tabela-021.jpg\" \/>\n\t<meta property=\"og:image:width\" content=\"1920\" \/>\n\t<meta property=\"og:image:height\" content=\"700\" \/>\n\t<meta property=\"og:image:type\" content=\"image\/jpeg\" \/>\n<meta name=\"twitter:card\" content=\"summary_large_image\" \/>\n<meta name=\"twitter:label1\" content=\"Est. reading time\" \/>\n\t<meta name=\"twitter:data1\" content=\"6 minutes\" \/>\n<script type=\"application\/ld+json\" class=\"yoast-schema-graph\">{\"@context\":\"https:\/\/schema.org\",\"@graph\":[{\"@type\":\"WebPage\",\"@id\":\"https:\/\/www.visitmalinska.com\/en\/cultural-heritage\/chapel-of-st-george\/\",\"url\":\"https:\/\/www.visitmalinska.com\/en\/cultural-heritage\/chapel-of-st-george\/\",\"name\":\"{:hr}Kapela sv. Jurja{:}{:en}Chapel of St. George{:}{:de}St.-Georg-Kapelle{:}{:it}La cappella di San Giorgio{:}{:si}Kapela sv. Jurja{:} - TZO Malinska-Duba\u0161nica\",\"isPartOf\":{\"@id\":\"https:\/\/www.visitmalinska.com\/#website\"},\"primaryImageOfPage\":{\"@id\":\"https:\/\/www.visitmalinska.com\/en\/cultural-heritage\/chapel-of-st-george\/#primaryimage\"},\"image\":{\"@id\":\"https:\/\/www.visitmalinska.com\/en\/cultural-heritage\/chapel-of-st-george\/#primaryimage\"},\"thumbnailUrl\":\"https:\/\/www.visitmalinska.com\/wp-content\/uploads\/2021\/01\/tabela-021.jpg\",\"datePublished\":\"2021-01-13T15:23:22+00:00\",\"dateModified\":\"2021-01-13T15:27:29+00:00\",\"breadcrumb\":{\"@id\":\"https:\/\/www.visitmalinska.com\/en\/cultural-heritage\/chapel-of-st-george\/#breadcrumb\"},\"inLanguage\":\"de-DE\",\"potentialAction\":[{\"@type\":\"ReadAction\",\"target\":[\"https:\/\/www.visitmalinska.com\/en\/cultural-heritage\/chapel-of-st-george\/\"]}]},{\"@type\":\"ImageObject\",\"inLanguage\":\"de-DE\",\"@id\":\"https:\/\/www.visitmalinska.com\/en\/cultural-heritage\/chapel-of-st-george\/#primaryimage\",\"url\":\"https:\/\/www.visitmalinska.com\/wp-content\/uploads\/2021\/01\/tabela-021.jpg\",\"contentUrl\":\"https:\/\/www.visitmalinska.com\/wp-content\/uploads\/2021\/01\/tabela-021.jpg\",\"width\":1920,\"height\":700},{\"@type\":\"BreadcrumbList\",\"@id\":\"https:\/\/www.visitmalinska.com\/en\/cultural-heritage\/chapel-of-st-george\/#breadcrumb\",\"itemListElement\":[{\"@type\":\"ListItem\",\"position\":1,\"name\":\"Po\u010detna stranica\",\"item\":\"https:\/\/www.visitmalinska.com\/\"},{\"@type\":\"ListItem\",\"position\":2,\"name\":\"Kulturno povijesne znamenitosti\",\"item\":\"https:\/\/www.visitmalinska.com\/kulturno-povijesne-znamenitosti\/\"},{\"@type\":\"ListItem\",\"position\":3,\"name\":\"Chapel of St. George\"}]},{\"@type\":\"WebSite\",\"@id\":\"https:\/\/www.visitmalinska.com\/#website\",\"url\":\"https:\/\/www.visitmalinska.com\/\",\"name\":\"TZO Malinska-Duba\u0161nica\",\"description\":\"\",\"publisher\":{\"@id\":\"https:\/\/www.visitmalinska.com\/#organization\"},\"potentialAction\":[{\"@type\":\"SearchAction\",\"target\":{\"@type\":\"EntryPoint\",\"urlTemplate\":\"https:\/\/www.visitmalinska.com\/?s={search_term_string}\"},\"query-input\":{\"@type\":\"PropertyValueSpecification\",\"valueRequired\":true,\"valueName\":\"search_term_string\"}}],\"inLanguage\":\"de-DE\"},{\"@type\":\"Organization\",\"@id\":\"https:\/\/www.visitmalinska.com\/#organization\",\"name\":\"TZO Malinska - Duba\u0161nica\",\"url\":\"https:\/\/www.visitmalinska.com\/\",\"logo\":{\"@type\":\"ImageObject\",\"inLanguage\":\"de-DE\",\"@id\":\"https:\/\/www.visitmalinska.com\/#\/schema\/logo\/image\/\",\"url\":\"https:\/\/www.visitmalinska.com\/wp-content\/uploads\/2019\/03\/malinska-logo-240.png\",\"contentUrl\":\"https:\/\/www.visitmalinska.com\/wp-content\/uploads\/2019\/03\/malinska-logo-240.png\",\"width\":1188,\"height\":241,\"caption\":\"TZO Malinska - Duba\u0161nica\"},\"image\":{\"@id\":\"https:\/\/www.visitmalinska.com\/#\/schema\/logo\/image\/\"},\"sameAs\":[\"https:\/\/www.facebook.com\/Malinska.Island.Krk\/\",\"https:\/\/www.instagram.com\/visitmalinska\/\"]}]}<\/script>\n<!-- \/ Yoast SEO plugin. -->","yoast_head_json":{"title":"St.-Georg-Kapelle - TZO Malinska-Duba\u0161nica","robots":{"index":"index","follow":"follow","max-snippet":"max-snippet:-1","max-image-preview":"max-image-preview:large","max-video-preview":"max-video-preview:-1"},"canonical":"https:\/\/www.visitmalinska.com\/en\/cultural-heritage\/chapel-of-st-george\/","og_locale":"de_DE","og_type":"article","og_title":"{:hr}Kapela sv. Jurja{:}{:en}Chapel of St. George{:}{:de}St.-Georg-Kapelle{:}{:it}La cappella di San Giorgio{:}{:si}Kapela sv. Jurja{:} - TZO Malinska-Duba\u0161nica","og_description":"Die Kapelle liegt westlich des Dorfes Sablji\u0107i auf der Weide Dolinji Drmun, wenige Kilometer vom Dorf in Richtung des alten Friedhofs entfernt.","og_url":"https:\/\/www.visitmalinska.com\/en\/cultural-heritage\/chapel-of-st-george\/","og_site_name":"TZO Malinska-Duba\u0161nica","article_publisher":"https:\/\/www.facebook.com\/Malinska.Island.Krk\/","article_modified_time":"2021-01-13T15:27:29+00:00","og_image":[{"width":1920,"height":700,"url":"https:\/\/www.visitmalinska.com\/wp-content\/uploads\/2021\/01\/tabela-021.jpg","type":"image\/jpeg"}],"twitter_card":"summary_large_image","twitter_misc":{"Est. reading time":"6 minutes"},"schema":{"@context":"https:\/\/schema.org","@graph":[{"@type":"WebPage","@id":"https:\/\/www.visitmalinska.com\/en\/cultural-heritage\/chapel-of-st-george\/","url":"https:\/\/www.visitmalinska.com\/en\/cultural-heritage\/chapel-of-st-george\/","name":"{:hr}Kapela sv. Jurja{:}{:en}Chapel of St. George{:}{:de}St.-Georg-Kapelle{:}{:it}La cappella di San Giorgio{:}{:si}Kapela sv. Jurja{:} - TZO Malinska-Duba\u0161nica","isPartOf":{"@id":"https:\/\/www.visitmalinska.com\/#website"},"primaryImageOfPage":{"@id":"https:\/\/www.visitmalinska.com\/en\/cultural-heritage\/chapel-of-st-george\/#primaryimage"},"image":{"@id":"https:\/\/www.visitmalinska.com\/en\/cultural-heritage\/chapel-of-st-george\/#primaryimage"},"thumbnailUrl":"https:\/\/www.visitmalinska.com\/wp-content\/uploads\/2021\/01\/tabela-021.jpg","datePublished":"2021-01-13T15:23:22+00:00","dateModified":"2021-01-13T15:27:29+00:00","breadcrumb":{"@id":"https:\/\/www.visitmalinska.com\/en\/cultural-heritage\/chapel-of-st-george\/#breadcrumb"},"inLanguage":"de-DE","potentialAction":[{"@type":"ReadAction","target":["https:\/\/www.visitmalinska.com\/en\/cultural-heritage\/chapel-of-st-george\/"]}]},{"@type":"ImageObject","inLanguage":"de-DE","@id":"https:\/\/www.visitmalinska.com\/en\/cultural-heritage\/chapel-of-st-george\/#primaryimage","url":"https:\/\/www.visitmalinska.com\/wp-content\/uploads\/2021\/01\/tabela-021.jpg","contentUrl":"https:\/\/www.visitmalinska.com\/wp-content\/uploads\/2021\/01\/tabela-021.jpg","width":1920,"height":700},{"@type":"BreadcrumbList","@id":"https:\/\/www.visitmalinska.com\/en\/cultural-heritage\/chapel-of-st-george\/#breadcrumb","itemListElement":[{"@type":"ListItem","position":1,"name":"Po\u010detna stranica","item":"https:\/\/www.visitmalinska.com\/"},{"@type":"ListItem","position":2,"name":"Kulturno povijesne znamenitosti","item":"https:\/\/www.visitmalinska.com\/kulturno-povijesne-znamenitosti\/"},{"@type":"ListItem","position":3,"name":"Chapel of St. George"}]},{"@type":"WebSite","@id":"https:\/\/www.visitmalinska.com\/#website","url":"https:\/\/www.visitmalinska.com\/","name":"TZO Malinska-Duba\u0161nica","description":"","publisher":{"@id":"https:\/\/www.visitmalinska.com\/#organization"},"potentialAction":[{"@type":"SearchAction","target":{"@type":"EntryPoint","urlTemplate":"https:\/\/www.visitmalinska.com\/?s={search_term_string}"},"query-input":{"@type":"PropertyValueSpecification","valueRequired":true,"valueName":"search_term_string"}}],"inLanguage":"de-DE"},{"@type":"Organization","@id":"https:\/\/www.visitmalinska.com\/#organization","name":"TZO Malinska - Duba\u0161nica","url":"https:\/\/www.visitmalinska.com\/","logo":{"@type":"ImageObject","inLanguage":"de-DE","@id":"https:\/\/www.visitmalinska.com\/#\/schema\/logo\/image\/","url":"https:\/\/www.visitmalinska.com\/wp-content\/uploads\/2019\/03\/malinska-logo-240.png","contentUrl":"https:\/\/www.visitmalinska.com\/wp-content\/uploads\/2019\/03\/malinska-logo-240.png","width":1188,"height":241,"caption":"TZO Malinska - Duba\u0161nica"},"image":{"@id":"https:\/\/www.visitmalinska.com\/#\/schema\/logo\/image\/"},"sameAs":["https:\/\/www.facebook.com\/Malinska.Island.Krk\/","https:\/\/www.instagram.com\/visitmalinska\/"]}]}},"_links":{"self":[{"href":"https:\/\/www.visitmalinska.com\/de\/wp-json\/wp\/v2\/pages\/34737","targetHints":{"allow":["GET"]}}],"collection":[{"href":"https:\/\/www.visitmalinska.com\/de\/wp-json\/wp\/v2\/pages"}],"about":[{"href":"https:\/\/www.visitmalinska.com\/de\/wp-json\/wp\/v2\/types\/page"}],"author":[{"embeddable":true,"href":"https:\/\/www.visitmalinska.com\/de\/wp-json\/wp\/v2\/users\/1"}],"replies":[{"embeddable":true,"href":"https:\/\/www.visitmalinska.com\/de\/wp-json\/wp\/v2\/comments?post=34737"}],"version-history":[{"count":7,"href":"https:\/\/www.visitmalinska.com\/de\/wp-json\/wp\/v2\/pages\/34737\/revisions"}],"predecessor-version":[{"id":34744,"href":"https:\/\/www.visitmalinska.com\/de\/wp-json\/wp\/v2\/pages\/34737\/revisions\/34744"}],"up":[{"embeddable":true,"href":"https:\/\/www.visitmalinska.com\/de\/wp-json\/wp\/v2\/pages\/30185"}],"wp:featuredmedia":[{"embeddable":true,"href":"https:\/\/www.visitmalinska.com\/de\/wp-json\/wp\/v2\/media\/34704"}],"wp:attachment":[{"href":"https:\/\/www.visitmalinska.com\/de\/wp-json\/wp\/v2\/media?parent=34737"}],"curies":[{"name":"wp","href":"https:\/\/api.w.org\/{rel}","templated":true}]}}