{"id":31054,"date":"2019-04-17T14:11:33","date_gmt":"2019-04-17T13:11:33","guid":{"rendered":"http:\/\/www.visitmalinska.com\/?page_id=31054"},"modified":"2019-12-02T13:59:00","modified_gmt":"2019-12-02T11:59:00","slug":"konferencije-i-teambuilding","status":"publish","type":"page","link":"https:\/\/www.visitmalinska.com\/de\/malinska-fur-alle\/konferenzen-und-teambuilding\/","title":{"rendered":"Konferenzen und Teambuilding"},"content":{"rendered":"<p>[vc_row][vc_column][vc_column_text]Sind Sie auf der Suche nach R\u00e4umlichkeiten f\u00fcr Ihre Kongressveranstaltung oder ein Teambuilding f\u00fcr Ihre Firma \u2013 dann sind Sie in Malinska genau richtig, denn hier erwarten Sie eine ausgezeichnete Unterkunft und sehr gutes Essen, Wellness und wundersch\u00f6ne Str\u00e4nde und andere Angebote.<\/p>\n<p>Die gute Verkehrsanbindung zu den nahegelegenen Gro\u00dfst\u00e4dten, die frische Inselluft, das saubere Meer und hervorragende Unterkunftsm\u00f6glichkeiten mit Konferenzs\u00e4len bieten alles, was Sie ben\u00f6tigen.<\/p>\n<p>&nbsp;<\/p>\n<p><strong><img loading=\"lazy\" decoding=\"async\" class=\"responsive aligncenter wp-image-31581 size-full\" src=\"http:\/\/www.visitmalinska.com\/wp-content\/uploads\/2019\/07\/konferencije-hotel-malin.jpg\" alt=\"\" width=\"1280\" height=\"720\" srcset=\"https:\/\/www.visitmalinska.com\/wp-content\/uploads\/2019\/07\/konferencije-hotel-malin.jpg 1280w, https:\/\/www.visitmalinska.com\/wp-content\/uploads\/2019\/07\/konferencije-hotel-malin-300x169.jpg 300w, https:\/\/www.visitmalinska.com\/wp-content\/uploads\/2019\/07\/konferencije-hotel-malin-768x432.jpg 768w, https:\/\/www.visitmalinska.com\/wp-content\/uploads\/2019\/07\/konferencije-hotel-malin-1024x576.jpg 1024w\" sizes=\"auto, (max-width: 1280px) 100vw, 1280px\" \/><\/strong><\/p>\n<h4>HOTEL MALIN<\/h4>\n<p><strong>Hotel Malin<\/strong> verf\u00fcgt \u00fcber ein eigenes Kongresszentrum mit vier S\u00e4len:<\/p>\n<ul>\n<li>Der Saal Emilia ist 400 m2 gro\u00df und ist f\u00fcr 350 Personen geeignet. Er ist mit einer modernen Beleuchtung ausgestattet und verf\u00fcgt \u00fcber Audio- und Videoeinrichtungen (Projektor, LCD Projektor, Videorekorder, DVD, Flipchart, Projektionsfl\u00e4che, Lautsprecher).<\/li>\n<li>Der Saal Katarina umfasst bis zu 45 Personen. Er ist mit einer Audio- und Videoeinrichtung ausgestattet und f\u00fcr Meetings, Schulungen und Pressekonferenzen geeignet.<\/li>\n<li>Der Saal Andrina ist f\u00fcr maximal 20 Personen geeignet und mit einer Audio- und Videoeinrichtung ausgestattet. Dieser ist ideal f\u00fcr Gesch\u00e4ftstreffen und Meetings.<\/li>\n<li>Der Saal Adriatic \u2013 ist mit einer Audio- und Videoeinrichtung f\u00fcr kleinere Kurse und Gesch\u00e4ftstreffen f\u00fcr bis zu 15 Personen ausgestattet.<\/li>\n<\/ul>\n<p>&nbsp;<\/p>\n<h4><img loading=\"lazy\" decoding=\"async\" class=\"responsive aligncenter wp-image-31584 size-full\" src=\"http:\/\/www.visitmalinska.com\/wp-content\/uploads\/2019\/07\/konferencije-hotel-pinia.jpg\" alt=\"\" width=\"1280\" height=\"720\" srcset=\"https:\/\/www.visitmalinska.com\/wp-content\/uploads\/2019\/07\/konferencije-hotel-pinia.jpg 1280w, https:\/\/www.visitmalinska.com\/wp-content\/uploads\/2019\/07\/konferencije-hotel-pinia-300x169.jpg 300w, https:\/\/www.visitmalinska.com\/wp-content\/uploads\/2019\/07\/konferencije-hotel-pinia-768x432.jpg 768w, https:\/\/www.visitmalinska.com\/wp-content\/uploads\/2019\/07\/konferencije-hotel-pinia-1024x576.jpg 1024w\" sizes=\"auto, (max-width: 1280px) 100vw, 1280px\" \/><\/h4>\n<h4>HOTEL PINIA<\/h4>\n<p>Das <strong>Hotel Pinia<\/strong> verf\u00fcgt \u00fcber einen Kongresssaal mit einer modernen Ausstattung<br \/>\nJe nach Veranstaltung ist dieser f\u00fcr 48 bis 72 Personen geeignet und ist eine gute Wahl f\u00fcr verschiedene Seminare, Gesch\u00e4ftstreffen und Teambuildings.<\/p>\n<p>&nbsp;<\/p>\n<h4><img loading=\"lazy\" decoding=\"async\" class=\"responsive aligncenter wp-image-31586 size-full\" src=\"http:\/\/www.visitmalinska.com\/wp-content\/uploads\/2019\/07\/konferencije-blue-waves-resort.jpg\" alt=\"\" width=\"1280\" height=\"720\" srcset=\"https:\/\/www.visitmalinska.com\/wp-content\/uploads\/2019\/07\/konferencije-blue-waves-resort.jpg 1280w, https:\/\/www.visitmalinska.com\/wp-content\/uploads\/2019\/07\/konferencije-blue-waves-resort-300x169.jpg 300w, https:\/\/www.visitmalinska.com\/wp-content\/uploads\/2019\/07\/konferencije-blue-waves-resort-768x432.jpg 768w, https:\/\/www.visitmalinska.com\/wp-content\/uploads\/2019\/07\/konferencije-blue-waves-resort-1024x576.jpg 1024w\" sizes=\"auto, (max-width: 1280px) 100vw, 1280px\" \/><\/h4>\n<h4>BLUE WAVES RESORT<\/h4>\n<p>Das <strong>Blue Waves Resort<\/strong> verf\u00fcgt \u00fcber einen Kongresssaal mit einer Fl\u00e4che von 72 m2, der f\u00fcr verschiedene Veranstaltungen hergerichtet werden kann. Je nach Veranstaltung ist dieser f\u00fcr 35 bis 120 Personen geeignet.<\/p>\n<p>&nbsp;<\/p>\n<h4>HOTEL VILA ROVA<\/h4>\n<p>Das <strong>Hotel Vila Rova<\/strong> hat einen eigenen 60 m2 gro\u00dfen Konferenzsaal f\u00fcr bis zu 30 Personen und er ist f\u00fcr verschiedene Veranstaltungen geeignet.<\/p>\n<p>&nbsp;<\/p>\n<h4>HOTEL RIVA<\/h4>\n<p>Das <strong>Hotel Riva<\/strong> verf\u00fcgt \u00fcber einen Kongresssaal mit einer Fl\u00e4che von 85 m2. Dieser ist f\u00fcr h\u00f6chstens 50 Personen geeignet.[\/vc_column_text][\/vc_column][\/vc_row]<\/p>\n","protected":false},"excerpt":{"rendered":"<p>Sind Sie auf der Suche nach R\u00e4umlichkeiten f\u00fcr Ihre Kongressveranstaltung oder ein Teambuilding f\u00fcr Ihre Firma?<\/p>\n","protected":false},"author":1,"featured_media":30477,"parent":30090,"menu_order":0,"comment_status":"closed","ping_status":"closed","template":"","meta":{"footnotes":""},"class_list":["post-31054","page","type-page","status-publish","has-post-thumbnail"],"acf":[],"yoast_head":"<!-- This site is optimized with the Yoast SEO plugin v23.5 - https:\/\/yoast.com\/wordpress\/plugins\/seo\/ -->\n<title>Konferenzen und Teambuilding - TZO Malinska-Duba\u0161nica<\/title>\n<meta name=\"description\" content=\"Bilo da tra\u017eite prostor za va\u0161 kongres ili team building iskustvo za va\u0161u tvrtku \u2013 u Malinskoj vas \u010dekaju vrhunski smje\u0161taj i hrana.\" \/>\n<meta name=\"robots\" content=\"index, follow, max-snippet:-1, max-image-preview:large, max-video-preview:-1\" \/>\n<link rel=\"canonical\" href=\"https:\/\/www.visitmalinska.com\/malinska-za-sve\/konferencije-i-teambuilding\/\" \/>\n<meta property=\"og:locale\" content=\"de_DE\" \/>\n<meta property=\"og:type\" content=\"article\" \/>\n<meta property=\"og:title\" content=\"{:hr}Konferencije i teambuilding{:}{:en}Conferences and teambuilding{:}{:de}Konferenzen und Teambuilding{:}{:it}Conferenze e team building{:}{:si}Konference in team building{:} - TZO Malinska-Duba\u0161nica\" \/>\n<meta property=\"og:description\" content=\"{:hr}Bilo da tra\u017eite prostor za va\u0161 kongres ili team building iskustvo za va\u0161u tvrtku \u2013 u Malinskoj vas \u010dekaju vrhunski smje\u0161taj i hrana.{:}{:en}Whether looking for a location to host your company\u2019s conference or a teambuilding experience, Malinska welcomes you with excellent accommodations.{:}\" \/>\n<meta property=\"og:url\" content=\"https:\/\/www.visitmalinska.com\/malinska-za-sve\/konferencije-i-teambuilding\/\" \/>\n<meta property=\"og:site_name\" content=\"TZO Malinska-Duba\u0161nica\" \/>\n<meta property=\"article:publisher\" content=\"https:\/\/www.facebook.com\/Malinska.Island.Krk\/\" \/>\n<meta property=\"article:modified_time\" content=\"2019-12-02T11:59:00+00:00\" \/>\n<meta property=\"og:image\" content=\"https:\/\/www.visitmalinska.com\/wp-content\/uploads\/2019\/09\/teambuilding-facebook.jpg\" \/>\n\t<meta property=\"og:image:width\" content=\"1200\" \/>\n\t<meta property=\"og:image:height\" content=\"630\" \/>\n\t<meta property=\"og:image:type\" content=\"image\/jpeg\" \/>\n<meta name=\"twitter:card\" content=\"summary_large_image\" \/>\n<meta name=\"twitter:image\" content=\"https:\/\/www.visitmalinska.com\/wp-content\/uploads\/2019\/09\/teambuilding-twitter.jpg\" \/>\n<meta name=\"twitter:label1\" content=\"Est. reading time\" \/>\n\t<meta name=\"twitter:data1\" content=\"8 minutes\" \/>\n<script type=\"application\/ld+json\" class=\"yoast-schema-graph\">{\"@context\":\"https:\/\/schema.org\",\"@graph\":[{\"@type\":\"WebPage\",\"@id\":\"https:\/\/www.visitmalinska.com\/malinska-za-sve\/konferencije-i-teambuilding\/\",\"url\":\"https:\/\/www.visitmalinska.com\/malinska-za-sve\/konferencije-i-teambuilding\/\",\"name\":\"{:hr}Konferencije i teambuilding{:}{:en}Conferences and teambuilding{:}{:de}Konferenzen und Teambuilding{:}{:it}Conferenze e team building{:}{:si}Konference in team building{:} - TZO Malinska-Duba\u0161nica\",\"isPartOf\":{\"@id\":\"https:\/\/www.visitmalinska.com\/#website\"},\"primaryImageOfPage\":{\"@id\":\"https:\/\/www.visitmalinska.com\/malinska-za-sve\/konferencije-i-teambuilding\/#primaryimage\"},\"image\":{\"@id\":\"https:\/\/www.visitmalinska.com\/malinska-za-sve\/konferencije-i-teambuilding\/#primaryimage\"},\"thumbnailUrl\":\"https:\/\/www.visitmalinska.com\/wp-content\/uploads\/2019\/03\/008-teambuilding-clean.jpg\",\"datePublished\":\"2019-04-17T13:11:33+00:00\",\"dateModified\":\"2019-12-02T11:59:00+00:00\",\"description\":\"{:hr}Bilo da tra\u017eite prostor za va\u0161 kongres ili team building iskustvo za va\u0161u tvrtku \u2013 u Malinskoj vas \u010dekaju vrhunski smje\u0161taj i hrana.{:}{:en}Whether looking for a location to host your company\u2019s conference or a teambuilding experience, Malinska welcomes you with excellent accommodations.{:}\",\"breadcrumb\":{\"@id\":\"https:\/\/www.visitmalinska.com\/malinska-za-sve\/konferencije-i-teambuilding\/#breadcrumb\"},\"inLanguage\":\"de-DE\",\"potentialAction\":[{\"@type\":\"ReadAction\",\"target\":[\"https:\/\/www.visitmalinska.com\/malinska-za-sve\/konferencije-i-teambuilding\/\"]}]},{\"@type\":\"ImageObject\",\"inLanguage\":\"de-DE\",\"@id\":\"https:\/\/www.visitmalinska.com\/malinska-za-sve\/konferencije-i-teambuilding\/#primaryimage\",\"url\":\"https:\/\/www.visitmalinska.com\/wp-content\/uploads\/2019\/03\/008-teambuilding-clean.jpg\",\"contentUrl\":\"https:\/\/www.visitmalinska.com\/wp-content\/uploads\/2019\/03\/008-teambuilding-clean.jpg\",\"width\":1000,\"height\":1000},{\"@type\":\"BreadcrumbList\",\"@id\":\"https:\/\/www.visitmalinska.com\/malinska-za-sve\/konferencije-i-teambuilding\/#breadcrumb\",\"itemListElement\":[{\"@type\":\"ListItem\",\"position\":1,\"name\":\"Po\u010detna stranica\",\"item\":\"https:\/\/www.visitmalinska.com\/\"},{\"@type\":\"ListItem\",\"position\":2,\"name\":\"Malinska za sve\",\"item\":\"https:\/\/www.visitmalinska.com\/malinska-za-sve\/\"},{\"@type\":\"ListItem\",\"position\":3,\"name\":\"Konferencije i teambuilding\"}]},{\"@type\":\"WebSite\",\"@id\":\"https:\/\/www.visitmalinska.com\/#website\",\"url\":\"https:\/\/www.visitmalinska.com\/\",\"name\":\"TZO Malinska-Duba\u0161nica\",\"description\":\"\",\"publisher\":{\"@id\":\"https:\/\/www.visitmalinska.com\/#organization\"},\"potentialAction\":[{\"@type\":\"SearchAction\",\"target\":{\"@type\":\"EntryPoint\",\"urlTemplate\":\"https:\/\/www.visitmalinska.com\/?s={search_term_string}\"},\"query-input\":{\"@type\":\"PropertyValueSpecification\",\"valueRequired\":true,\"valueName\":\"search_term_string\"}}],\"inLanguage\":\"de-DE\"},{\"@type\":\"Organization\",\"@id\":\"https:\/\/www.visitmalinska.com\/#organization\",\"name\":\"TZO Malinska - Duba\u0161nica\",\"url\":\"https:\/\/www.visitmalinska.com\/\",\"logo\":{\"@type\":\"ImageObject\",\"inLanguage\":\"de-DE\",\"@id\":\"https:\/\/www.visitmalinska.com\/#\/schema\/logo\/image\/\",\"url\":\"https:\/\/www.visitmalinska.com\/wp-content\/uploads\/2019\/03\/malinska-logo-240.png\",\"contentUrl\":\"https:\/\/www.visitmalinska.com\/wp-content\/uploads\/2019\/03\/malinska-logo-240.png\",\"width\":1188,\"height\":241,\"caption\":\"TZO Malinska - Duba\u0161nica\"},\"image\":{\"@id\":\"https:\/\/www.visitmalinska.com\/#\/schema\/logo\/image\/\"},\"sameAs\":[\"https:\/\/www.facebook.com\/Malinska.Island.Krk\/\",\"https:\/\/www.instagram.com\/visitmalinska\/\"]}]}<\/script>\n<!-- \/ Yoast SEO plugin. -->","yoast_head_json":{"title":"Konferenzen und Teambuilding - TZO Malinska-Duba\u0161nica","description":"Bilo da tra\u017eite prostor za va\u0161 kongres ili team building iskustvo za va\u0161u tvrtku \u2013 u Malinskoj vas \u010dekaju vrhunski smje\u0161taj i hrana.","robots":{"index":"index","follow":"follow","max-snippet":"max-snippet:-1","max-image-preview":"max-image-preview:large","max-video-preview":"max-video-preview:-1"},"canonical":"https:\/\/www.visitmalinska.com\/malinska-za-sve\/konferencije-i-teambuilding\/","og_locale":"de_DE","og_type":"article","og_title":"{:hr}Konferencije i teambuilding{:}{:en}Conferences and teambuilding{:}{:de}Konferenzen und Teambuilding{:}{:it}Conferenze e team building{:}{:si}Konference in team building{:} - TZO Malinska-Duba\u0161nica","og_description":"{:hr}Bilo da tra\u017eite prostor za va\u0161 kongres ili team building iskustvo za va\u0161u tvrtku \u2013 u Malinskoj vas \u010dekaju vrhunski smje\u0161taj i hrana.{:}{:en}Whether looking for a location to host your company\u2019s conference or a teambuilding experience, Malinska welcomes you with excellent accommodations.{:}","og_url":"https:\/\/www.visitmalinska.com\/malinska-za-sve\/konferencije-i-teambuilding\/","og_site_name":"TZO Malinska-Duba\u0161nica","article_publisher":"https:\/\/www.facebook.com\/Malinska.Island.Krk\/","article_modified_time":"2019-12-02T11:59:00+00:00","og_image":[{"width":1200,"height":630,"url":"https:\/\/www.visitmalinska.com\/wp-content\/uploads\/2019\/09\/teambuilding-facebook.jpg","type":"image\/jpeg"}],"twitter_card":"summary_large_image","twitter_image":"https:\/\/www.visitmalinska.com\/wp-content\/uploads\/2019\/09\/teambuilding-twitter.jpg","twitter_misc":{"Est. reading time":"8 minutes"},"schema":{"@context":"https:\/\/schema.org","@graph":[{"@type":"WebPage","@id":"https:\/\/www.visitmalinska.com\/malinska-za-sve\/konferencije-i-teambuilding\/","url":"https:\/\/www.visitmalinska.com\/malinska-za-sve\/konferencije-i-teambuilding\/","name":"{:hr}Konferencije i teambuilding{:}{:en}Conferences and teambuilding{:}{:de}Konferenzen und Teambuilding{:}{:it}Conferenze e team building{:}{:si}Konference in team building{:} - TZO Malinska-Duba\u0161nica","isPartOf":{"@id":"https:\/\/www.visitmalinska.com\/#website"},"primaryImageOfPage":{"@id":"https:\/\/www.visitmalinska.com\/malinska-za-sve\/konferencije-i-teambuilding\/#primaryimage"},"image":{"@id":"https:\/\/www.visitmalinska.com\/malinska-za-sve\/konferencije-i-teambuilding\/#primaryimage"},"thumbnailUrl":"https:\/\/www.visitmalinska.com\/wp-content\/uploads\/2019\/03\/008-teambuilding-clean.jpg","datePublished":"2019-04-17T13:11:33+00:00","dateModified":"2019-12-02T11:59:00+00:00","description":"{:hr}Bilo da tra\u017eite prostor za va\u0161 kongres ili team building iskustvo za va\u0161u tvrtku \u2013 u Malinskoj vas \u010dekaju vrhunski smje\u0161taj i hrana.{:}{:en}Whether looking for a location to host your company\u2019s conference or a teambuilding experience, Malinska welcomes you with excellent accommodations.{:}","breadcrumb":{"@id":"https:\/\/www.visitmalinska.com\/malinska-za-sve\/konferencije-i-teambuilding\/#breadcrumb"},"inLanguage":"de-DE","potentialAction":[{"@type":"ReadAction","target":["https:\/\/www.visitmalinska.com\/malinska-za-sve\/konferencije-i-teambuilding\/"]}]},{"@type":"ImageObject","inLanguage":"de-DE","@id":"https:\/\/www.visitmalinska.com\/malinska-za-sve\/konferencije-i-teambuilding\/#primaryimage","url":"https:\/\/www.visitmalinska.com\/wp-content\/uploads\/2019\/03\/008-teambuilding-clean.jpg","contentUrl":"https:\/\/www.visitmalinska.com\/wp-content\/uploads\/2019\/03\/008-teambuilding-clean.jpg","width":1000,"height":1000},{"@type":"BreadcrumbList","@id":"https:\/\/www.visitmalinska.com\/malinska-za-sve\/konferencije-i-teambuilding\/#breadcrumb","itemListElement":[{"@type":"ListItem","position":1,"name":"Po\u010detna stranica","item":"https:\/\/www.visitmalinska.com\/"},{"@type":"ListItem","position":2,"name":"Malinska za sve","item":"https:\/\/www.visitmalinska.com\/malinska-za-sve\/"},{"@type":"ListItem","position":3,"name":"Konferencije i teambuilding"}]},{"@type":"WebSite","@id":"https:\/\/www.visitmalinska.com\/#website","url":"https:\/\/www.visitmalinska.com\/","name":"TZO Malinska-Duba\u0161nica","description":"","publisher":{"@id":"https:\/\/www.visitmalinska.com\/#organization"},"potentialAction":[{"@type":"SearchAction","target":{"@type":"EntryPoint","urlTemplate":"https:\/\/www.visitmalinska.com\/?s={search_term_string}"},"query-input":{"@type":"PropertyValueSpecification","valueRequired":true,"valueName":"search_term_string"}}],"inLanguage":"de-DE"},{"@type":"Organization","@id":"https:\/\/www.visitmalinska.com\/#organization","name":"TZO Malinska - Duba\u0161nica","url":"https:\/\/www.visitmalinska.com\/","logo":{"@type":"ImageObject","inLanguage":"de-DE","@id":"https:\/\/www.visitmalinska.com\/#\/schema\/logo\/image\/","url":"https:\/\/www.visitmalinska.com\/wp-content\/uploads\/2019\/03\/malinska-logo-240.png","contentUrl":"https:\/\/www.visitmalinska.com\/wp-content\/uploads\/2019\/03\/malinska-logo-240.png","width":1188,"height":241,"caption":"TZO Malinska - Duba\u0161nica"},"image":{"@id":"https:\/\/www.visitmalinska.com\/#\/schema\/logo\/image\/"},"sameAs":["https:\/\/www.facebook.com\/Malinska.Island.Krk\/","https:\/\/www.instagram.com\/visitmalinska\/"]}]}},"_links":{"self":[{"href":"https:\/\/www.visitmalinska.com\/de\/wp-json\/wp\/v2\/pages\/31054","targetHints":{"allow":["GET"]}}],"collection":[{"href":"https:\/\/www.visitmalinska.com\/de\/wp-json\/wp\/v2\/pages"}],"about":[{"href":"https:\/\/www.visitmalinska.com\/de\/wp-json\/wp\/v2\/types\/page"}],"author":[{"embeddable":true,"href":"https:\/\/www.visitmalinska.com\/de\/wp-json\/wp\/v2\/users\/1"}],"replies":[{"embeddable":true,"href":"https:\/\/www.visitmalinska.com\/de\/wp-json\/wp\/v2\/comments?post=31054"}],"version-history":[{"count":19,"href":"https:\/\/www.visitmalinska.com\/de\/wp-json\/wp\/v2\/pages\/31054\/revisions"}],"predecessor-version":[{"id":33158,"href":"https:\/\/www.visitmalinska.com\/de\/wp-json\/wp\/v2\/pages\/31054\/revisions\/33158"}],"up":[{"embeddable":true,"href":"https:\/\/www.visitmalinska.com\/de\/wp-json\/wp\/v2\/pages\/30090"}],"wp:featuredmedia":[{"embeddable":true,"href":"https:\/\/www.visitmalinska.com\/de\/wp-json\/wp\/v2\/media\/30477"}],"wp:attachment":[{"href":"https:\/\/www.visitmalinska.com\/de\/wp-json\/wp\/v2\/media?parent=31054"}],"curies":[{"name":"wp","href":"https:\/\/api.w.org\/{rel}","templated":true}]}}